{"id":8174,"date":"2020-08-19T07:32:59","date_gmt":"2020-08-19T07:32:59","guid":{"rendered":"https:\/\/equilibreazur.fr\/azur\/?page_id=8174"},"modified":"2026-03-25T17:11:32","modified_gmt":"2026-03-25T17:11:32","slug":"eric-savalli","status":"publish","type":"page","link":"https:\/\/equilibreazur.fr\/azur\/eric-savalli\/","title":{"rendered":"Eric Savalli"},"content":{"rendered":"<div class=\"su-quote su-quote-style-default su-quote-has-cite\"><div class=\"su-quote-inner su-u-clearfix su-u-trim\">Pratiquer avec humanit\u00e9, se remettre en permanence en question, garder l&rsquo;esprit du d\u00e9butant, \u00eatre curieux et surtout ouvert afin de progresser.<span class=\"su-quote-cite\">Eric Savalli<\/span><\/div><\/div>\n\n\n<div style=\"text-align: right;\">\n<h2 style=\"text-align: left;\"><span style=\"color: #ffa913; font-family: Cardo, serif; font-size: 31px; font-weight: bold; text-transform: capitalize;\">Eric Savalli &#8211; Instructeur d&rsquo;Aikido &#8211; cours Adultes et Enfants<\/span><\/h2>\n<\/div>\n<h3>5e Dan Dento Aikido &#8211; Iwama Shinshin Aiki Shurenkai &#8211; SAITO HITOHIRA<\/h3>\n<h3>6e Dan Fundamental Aikido &#8211; Daniel Toutain<br \/>4e Dan Aikikai de Tokyo<br \/>4e Dan CSDGE Aikido UFA<br \/>Certifi\u00e9 PSC1 (Pr\u00e9vention et Secours Civiques Niveau 1)<\/h3>\n<p>Eric est l&rsquo;enseignant principal du club -dojocho-. Il est second\u00e9 par les \u00e9l\u00e8ves les plus avanc\u00e9s du dojo.<br \/>Tous les enseignants de l&rsquo;association sont des b\u00e9n\u00e9voles.<\/p>\n<p>Eric a suivi l&rsquo;enseignement de <a title=\"Daniel Toutain Sensei, \u00e9l\u00e8ve de Morihiro Saito Shihan\" href=\"http:\/\/aikidoblog.net\/fr\/aikido\/sensei\/daniel-toutain\/\" target=\"_blank\" rel=\"noopener noreferrer\">Daniel TOUTAIN Sensei<\/a> de 1988 \u00e0 2021 (date \u00e0 laquelle il suit une direction diff\u00e9rente avec le wanomichi\u00ae).<br \/>Depuis 1992 (lors d&rsquo;un stage \u00e0 Paris organis\u00e9), il est \u00e9l\u00e8ve de <a title=\"Hitohira Saito Sensei, Fils de Morihiro Saito Sensei\" href=\"http:\/\/aikidoblog.net\/fr\/aikido\/sensei\/hitohiro-saito-sensei\/\" target=\"_blank\" rel=\"noopener noreferrer\">SAITO Hitohira Sensei<\/a>. <br \/>Tous deux furent \u00e9l\u00e8ves de feu <a title=\"SAITO Morihiro Sensei\" href=\"http:\/\/aikidoblog.net\/fr\/aikido\/sensei\/morihiro-saito-sensei\/\" target=\"_blank\" rel=\"noopener noreferrer\">Ma\u00eetre Morihiro SAITO<\/a> qui fut le successeur du fondateur de l&rsquo;Aikido \u00e0 Iwama (Japon) dont il a \u00e9galement suivi l&rsquo;enseignement et a pu \u00eatre \u00eatre assistant lors de quelques stages internationaux.<\/p>\n<div class=\"su-quote su-quote-style-default su-quote-has-cite\"><div class=\"su-quote-inner su-u-clearfix su-u-trim\">La rigidit\u00e9 est le chemin de la mort, La fluidit\u00e9 celui de la vie. <span class=\"su-quote-cite\">Miyamoto Musashi (1584-1645)<\/span><\/div><\/div>\n<p>Ses\u00a0s\u00e9ances d&rsquo;entrainements d\u00e9butent et se terminent par une petite pratique de postures\u00a0de <strong>Yoga<\/strong>, Eric Savalli pratique le Yoga depuis 2006 (favorisant des moments de <strong>pleine-pr\u00e9sence<\/strong> pour l&rsquo;esprit et d&rsquo;assouplissement pour le corps). Il est \u00e9l\u00e8ve de Nathalie<strong>\u00a0<\/strong>MOULIS [<a href=\"http:\/\/yoganath.net\" target=\"_blank\" rel=\"noopener noreferrer\">lien<\/a>] (2007 &#8211; Atha Yoga). &#8211; Il est dipl\u00f4me de l&rsquo;Institut Fran\u00e7ais du Yoga et enseigne le Yoga &#8211; Plus d&rsquo;infos&nbsp;: <a href=\"https:\/\/yogaazur.fr\" target=\"_blank\" rel=\"noopener noreferrer\">YogaAzur.fr<\/a><\/p>\n<p>Par ailleurs, il pratique\u00a0la <strong>m\u00e9ditation<\/strong> de fa\u00e7on quotidienne depuis 2009.<\/p>\n<p><!--more--><\/p>\n<h3>D\u00e9but en Aikido et rencontre avec Daniel TOUTAIN Sensei<\/h3>\n<p>Eric a d\u00e9but\u00e9 l&rsquo;Aikido, en 1988 au dojo FFAB de Lannion, alors dirig\u00e9 par Jo\u00ebl\u00a0CARUANA (aujourd&rsquo;hui il se consacre au Jazz au [<a href=\"http:\/\/www.ville-lannion.fr\/fiche_associations.html?id=320&amp;req=1&amp;article_lie_01=320\">Tempo Jazz<\/a>]), Gilles\u00a0PRIGENT [<a title=\"Association Aouen\" href=\"https:\/\/sites.google.com\/site\/aouenaikido\/\" target=\"_blank\" rel=\"noopener noreferrer\">Association Aouen<\/a>] et Jean-Yves\u00a0MENEZ\u00a0[le <a title=\"Jean-Yves Menez\" href=\"http:\/\/www.jymenez.com\/\" target=\"_blank\" rel=\"noopener noreferrer\">fameux sculpteur<\/a> du bateau en granit]. Les \u00e9l\u00e8ves du dojo se rendaient mensuellement au Dojo Rennais de Daniel TOUTAIN situ\u00e9 quai d&rsquo;Iles et Rance. L&rsquo;ann\u00e9e qui suivit, il s&rsquo;installa \u00e0 Rennes pour \u00eatre\u00a0 \u00e9l\u00e8ve de\u00a0<a href=\"http:\/\/aikidoblog.net\/fr\/aikido\/sensei\/daniel-toutain\/\">Daniel TOUTAIN Sensei<\/a>, \u00e9l\u00e8ve de feu <a href=\"http:\/\/aikidoblog.net\/fr\/aikido\/sensei\/morihiro-saito-sensei\/\">Ma\u00eetre SAITO Morihiro<\/a> et qui fut son repr\u00e9sentant en France et qui lui d\u00e9cerna le grade de 6<sup>\u00e8me<\/sup> Dan. De nombreux enseignants fran\u00e7ais et \u00e9trangers suivent aujourd&rsquo;hui l\u2019enseignement de Daniel TOUTAIN (directeur technique <del>Fundamental Aikido Association (05\/2012)<\/del>\u00a0[maj 04\/2018] Wanomichi).<\/p>\n\n\n<p><strong>D\u00e9monstration&nbsp;: Eric Savalli et ses \u00e9l\u00e8ves<\/strong> lors d&rsquo;une d\u00e9monstration d&rsquo;Aikido en publique (Opio-2014)&nbsp;:<\/p>\n\n\n\n<figure class=\"wp-block-embed is-type-video is-provider-youtube wp-block-embed-youtube wp-embed-aspect-16-9 wp-has-aspect-ratio\"><div class=\"wp-block-embed__wrapper\">\n<iframe loading=\"lazy\" title=\"2014 09 D\u00e9monstration Aikido - Iwama Aikido Opio French Riviera - Eric Savalli &amp; students\" width=\"1200\" height=\"675\" src=\"https:\/\/www.youtube.com\/embed\/aMLLfXXBD0Q?feature=oembed\" frameborder=\"0\" allow=\"accelerometer; autoplay; clipboard-write; encrypted-media; gyroscope; picture-in-picture; web-share\" allowfullscreen><\/iframe>\n<\/div><\/figure>\n\n\n\n<p>Voir \u00e9galement la <a href=\"http:\/\/aikidoblog.net\/fr\/videos\/aikido-video-3d\/\" target=\"_blank\" rel=\"noreferrer noopener\">vid\u00e9o d&rsquo;aikido en 3D<\/a> r\u00e9alis\u00e9e avec St\u00e9phane HLAVACEK, enseignant \u00e0 Aikido3f [<a href=\"http:\/\/www.aikido3f.com\" target=\"_blank\" rel=\"noreferrer noopener\">lien<\/a>] et les <a href=\"https:\/\/equilibreazur.fr\/azur\/videos\/\">autres vid\u00e9os du dojo<\/a>.<\/p>\n\n\n\n<p>Eric poursuit son perfectionnement aupr\u00e8s de son professeur \u00e0 l&rsquo;occasion de stages internationaux en France et \u00e0 l&rsquo;\u00e9tranger&nbsp;: Rennes, Lannion, Auray, Marseille, Grasse, Houlgate, Draguignan, Toulouse, St Remy de Provence, Perpignan, Montpellier, Liffr\u00e9, Loctudy, Ajaccio, Caldes d&rsquo;Estrac, Liege, Istanboul, Edinbourgh, Cambridge, Stevenage, Oran, Queretaro.<\/p>\n\n\n\n<h3 class=\"wp-block-heading\">El\u00e8ve de SAITO Hitohira Sensei<\/h3>\n\n\n\n<div class=\"wp-block-media-text alignwide is-stacked-on-mobile is-vertically-aligned-top\" style=\"grid-template-columns:15% auto\"><figure class=\"wp-block-media-text__media\"><img alt=\"\" loading=\"lazy\" decoding=\"async\" width=\"280\" height=\"248\" src=\"https:\/\/equilibreazur.fr\/azur\/wp-content\/uploads\/2013\/12\/logo-iwama-shinshin-aiki-shurenkai.gif\" alt=\"\" class=\"wp-image-5668 size-full\"\/><\/figure><div class=\"wp-block-media-text__content\">\n<p>Il a suivi \u00e9galement l&rsquo;enseignement de Ma\u00eetre&nbsp;SAITO et maintenant de son fils <a href=\"http:\/\/aikidoblog.net\/fr\/aikido\/sensei\/hitohiro-saito-sensei\/\" target=\"_blank\" rel=\"noreferrer noopener\">SAITO Hitohira Sensei<\/a>&nbsp;lors de stages internationaux en Europe (Paris, Rennes, Augsburg, Berlin, Stuttgart, Copenhague, Bath, Istanboul, Lisbonne, Modena, Rome, Sacile, Serramazzoni, Lignano Sabbiadoro, Citta di Castello, Sevilla, Turin, Bratislava) et en ayant effectu\u00e9 trois s\u00e9jours dans le fameux&nbsp;<a href=\"http:\/\/aikido-france.net\/iwama\/\">dojo du fondateur \u00e0 Iwama<\/a> en tant qu&rsquo;Uchi Deshi (\u00e9l\u00e8ve interne) sous la directive de SAITO Morihiro Sensei.<\/p>\n<\/div><\/div>\n\n\n\n<h3 class=\"wp-block-heading\">Galerie photos<\/h3>\n\n\n<figure class=\"wp-block-post-featured-image\"><img loading=\"lazy\" decoding=\"async\" width=\"1200\" height=\"800\" src=\"https:\/\/equilibreazur.fr\/azur\/wp-content\/uploads\/2023\/03\/Seminar-with-SAITO-Hitohira-Sensei-Rennes-11-2016.jpg\" class=\"attachment-post-thumbnail size-post-thumbnail wp-post-image\" alt=\"\" style=\"object-fit:cover;\" srcset=\"https:\/\/equilibreazur.fr\/azur\/wp-content\/uploads\/2023\/03\/Seminar-with-SAITO-Hitohira-Sensei-Rennes-11-2016.jpg 1200w, https:\/\/equilibreazur.fr\/azur\/wp-content\/uploads\/2023\/03\/Seminar-with-SAITO-Hitohira-Sensei-Rennes-11-2016-370x247.jpg 370w, https:\/\/equilibreazur.fr\/azur\/wp-content\/uploads\/2023\/03\/Seminar-with-SAITO-Hitohira-Sensei-Rennes-11-2016-738x492.jpg 738w\" sizes=\"auto, (max-width: 1200px) 100vw, 1200px\" \/><\/figure>\n\n\n<figure class=\"wp-block-gallery has-nested-images columns-default is-cropped wp-block-gallery-1 is-layout-flex wp-block-gallery-is-layout-flex\">\n<figure class=\"wp-block-image size-large\"><img loading=\"lazy\" decoding=\"async\" width=\"738\" height=\"554\" data-id=\"7971\" src=\"https:\/\/equilibreazur.fr\/azur\/wp-content\/uploads\/2019\/10\/2019-01-26-13.07.33-wanomichi.fr-photo-Caterina-Suzzi-Collage_Fotor-738x554.jpg\" alt=\"Daniel Toutain - Nice 2019 (uke&nbsp;: Eric Savalli)\" class=\"wp-image-7971\" srcset=\"https:\/\/equilibreazur.fr\/azur\/wp-content\/uploads\/2019\/10\/2019-01-26-13.07.33-wanomichi.fr-photo-Caterina-Suzzi-Collage_Fotor-738x554.jpg 738w, https:\/\/equilibreazur.fr\/azur\/wp-content\/uploads\/2019\/10\/2019-01-26-13.07.33-wanomichi.fr-photo-Caterina-Suzzi-Collage_Fotor-370x278.jpg 370w, https:\/\/equilibreazur.fr\/azur\/wp-content\/uploads\/2019\/10\/2019-01-26-13.07.33-wanomichi.fr-photo-Caterina-Suzzi-Collage_Fotor.jpg 1024w\" sizes=\"auto, (max-width: 738px) 100vw, 738px\" \/><figcaption class=\"wp-element-caption\">Daniel Toutain &#8211; Nice 2019 (uke&nbsp;: Eric Savalli)<\/figcaption><\/figure>\n\n\n\n<figure class=\"wp-block-image size-large\"><img loading=\"lazy\" decoding=\"async\" width=\"675\" height=\"675\" data-id=\"7970\" src=\"https:\/\/equilibreazur.fr\/azur\/wp-content\/uploads\/2019\/10\/2019-01-26-13.12.51-wanomichi.fr-photo-Caterina-Suzzi-675x675.jpg\" alt=\"Daniel Toutain - Nice 2019 (uke&nbsp;: Eric Savalli)\" class=\"wp-image-7970\" srcset=\"https:\/\/equilibreazur.fr\/azur\/wp-content\/uploads\/2019\/10\/2019-01-26-13.12.51-wanomichi.fr-photo-Caterina-Suzzi-675x675.jpg 675w, https:\/\/equilibreazur.fr\/azur\/wp-content\/uploads\/2019\/10\/2019-01-26-13.12.51-wanomichi.fr-photo-Caterina-Suzzi-370x370.jpg 370w, https:\/\/equilibreazur.fr\/azur\/wp-content\/uploads\/2019\/10\/2019-01-26-13.12.51-wanomichi.fr-photo-Caterina-Suzzi-200x200.jpg 200w, https:\/\/equilibreazur.fr\/azur\/wp-content\/uploads\/2019\/10\/2019-01-26-13.12.51-wanomichi.fr-photo-Caterina-Suzzi.jpg 1024w\" sizes=\"auto, (max-width: 675px) 100vw, 675px\" \/><figcaption class=\"wp-element-caption\">Daniel Toutain &#8211; Nice 2019 (uke&nbsp;: Eric Savalli)<\/figcaption><\/figure>\n\n\n\n<figure class=\"wp-block-image size-large\"><img loading=\"lazy\" decoding=\"async\" width=\"300\" height=\"300\" data-id=\"7992\" src=\"https:\/\/equilibreazur.fr\/azur\/wp-content\/uploads\/2019\/10\/Eric-Savalli-2019.jpg\" alt=\"Eric-Savalli\" class=\"wp-image-7992\" srcset=\"https:\/\/equilibreazur.fr\/azur\/wp-content\/uploads\/2019\/10\/Eric-Savalli-2019.jpg 300w, https:\/\/equilibreazur.fr\/azur\/wp-content\/uploads\/2019\/10\/Eric-Savalli-2019-200x200.jpg 200w\" sizes=\"auto, (max-width: 300px) 100vw, 300px\" \/><figcaption class=\"wp-element-caption\">Eric-Savalli<\/figcaption><\/figure>\n\n\n\n<figure class=\"wp-block-image size-large\"><img alt=\"\" loading=\"lazy\" decoding=\"async\" width=\"738\" height=\"491\" data-id=\"7832\" src=\"https:\/\/equilibreazur.fr\/azur\/wp-content\/uploads\/2019\/03\/2018-01-26-wanomichi.fr-photo-Caterina-Suzzi-738x491.jpg\" alt=\"\" class=\"wp-image-7832\" srcset=\"https:\/\/equilibreazur.fr\/azur\/wp-content\/uploads\/2019\/03\/2018-01-26-wanomichi.fr-photo-Caterina-Suzzi-738x491.jpg 738w, https:\/\/equilibreazur.fr\/azur\/wp-content\/uploads\/2019\/03\/2018-01-26-wanomichi.fr-photo-Caterina-Suzzi-370x246.jpg 370w, https:\/\/equilibreazur.fr\/azur\/wp-content\/uploads\/2019\/03\/2018-01-26-wanomichi.fr-photo-Caterina-Suzzi-600x399.jpg 600w, https:\/\/equilibreazur.fr\/azur\/wp-content\/uploads\/2019\/03\/2018-01-26-wanomichi.fr-photo-Caterina-Suzzi.jpg 1024w\" sizes=\"auto, (max-width: 738px) 100vw, 738px\" \/><figcaption class=\"wp-element-caption\">2019-01 Wanomichi Seminar &#8211; photo: Caterina Suzzi<\/figcaption><\/figure>\n\n\n\n<figure class=\"wp-block-image size-large\"><img alt=\"\" loading=\"lazy\" decoding=\"async\" width=\"738\" height=\"492\" data-id=\"7062\" src=\"https:\/\/equilibreazur.fr\/azur\/wp-content\/uploads\/2016\/12\/Aikido-3f-stage-2017-01-14-16.42.37-738x492.jpg\" alt=\"\" class=\"wp-image-7062\" srcset=\"https:\/\/equilibreazur.fr\/azur\/wp-content\/uploads\/2016\/12\/Aikido-3f-stage-2017-01-14-16.42.37-738x492.jpg 738w, https:\/\/equilibreazur.fr\/azur\/wp-content\/uploads\/2016\/12\/Aikido-3f-stage-2017-01-14-16.42.37-370x247.jpg 370w, https:\/\/equilibreazur.fr\/azur\/wp-content\/uploads\/2016\/12\/Aikido-3f-stage-2017-01-14-16.42.37-600x400.jpg 600w, https:\/\/equilibreazur.fr\/azur\/wp-content\/uploads\/2016\/12\/Aikido-3f-stage-2017-01-14-16.42.37.jpg 960w\" sizes=\"auto, (max-width: 738px) 100vw, 738px\" \/><figcaption class=\"wp-element-caption\">Stage E. Savalli &#8211; Aikidoo3f  01\/2017<\/figcaption><\/figure>\n\n\n\n<figure class=\"wp-block-image size-large\"><img loading=\"lazy\" decoding=\"async\" width=\"738\" height=\"492\" data-id=\"7065\" src=\"https:\/\/equilibreazur.fr\/azur\/wp-content\/uploads\/2016\/12\/Aikido-3f-stage-2017-01-14-15.58.06-738x492.jpg\" alt=\"Stage E. Savalli - Aikidoo3f\" class=\"wp-image-7065\" srcset=\"https:\/\/equilibreazur.fr\/azur\/wp-content\/uploads\/2016\/12\/Aikido-3f-stage-2017-01-14-15.58.06-738x492.jpg 738w, https:\/\/equilibreazur.fr\/azur\/wp-content\/uploads\/2016\/12\/Aikido-3f-stage-2017-01-14-15.58.06-370x247.jpg 370w, https:\/\/equilibreazur.fr\/azur\/wp-content\/uploads\/2016\/12\/Aikido-3f-stage-2017-01-14-15.58.06-600x400.jpg 600w, https:\/\/equilibreazur.fr\/azur\/wp-content\/uploads\/2016\/12\/Aikido-3f-stage-2017-01-14-15.58.06.jpg 960w\" sizes=\"auto, (max-width: 738px) 100vw, 738px\" \/><figcaption class=\"wp-element-caption\">Stage E. Savalli &#8211; Aikidoo3f  01\/2017<\/figcaption><\/figure>\n\n\n\n<figure class=\"wp-block-image size-large\"><img alt=\"\" loading=\"lazy\" decoding=\"async\" width=\"738\" height=\"492\" data-id=\"7059\" src=\"https:\/\/equilibreazur.fr\/azur\/wp-content\/uploads\/2016\/12\/Aikido-3f-stage-2017-01-15-13.31.30-738x492.jpg\" alt=\"\" class=\"wp-image-7059\" srcset=\"https:\/\/equilibreazur.fr\/azur\/wp-content\/uploads\/2016\/12\/Aikido-3f-stage-2017-01-15-13.31.30-738x492.jpg 738w, https:\/\/equilibreazur.fr\/azur\/wp-content\/uploads\/2016\/12\/Aikido-3f-stage-2017-01-15-13.31.30-370x247.jpg 370w, https:\/\/equilibreazur.fr\/azur\/wp-content\/uploads\/2016\/12\/Aikido-3f-stage-2017-01-15-13.31.30-600x400.jpg 600w, https:\/\/equilibreazur.fr\/azur\/wp-content\/uploads\/2016\/12\/Aikido-3f-stage-2017-01-15-13.31.30.jpg 960w\" sizes=\"auto, (max-width: 738px) 100vw, 738px\" \/><figcaption class=\"wp-element-caption\">Stage E. Savalli &#8211; Aikidoo3f  01\/2017<\/figcaption><\/figure>\n\n\n\n<figure class=\"wp-block-image size-large\"><img alt=\"\" loading=\"lazy\" decoding=\"async\" width=\"738\" height=\"492\" data-id=\"7058\" src=\"https:\/\/equilibreazur.fr\/azur\/wp-content\/uploads\/2016\/12\/Aikido-3f-stage-2017-01-14-15.56.36-738x492.jpg\" alt=\"\" class=\"wp-image-7058\" srcset=\"https:\/\/equilibreazur.fr\/azur\/wp-content\/uploads\/2016\/12\/Aikido-3f-stage-2017-01-14-15.56.36-738x492.jpg 738w, https:\/\/equilibreazur.fr\/azur\/wp-content\/uploads\/2016\/12\/Aikido-3f-stage-2017-01-14-15.56.36-370x247.jpg 370w, https:\/\/equilibreazur.fr\/azur\/wp-content\/uploads\/2016\/12\/Aikido-3f-stage-2017-01-14-15.56.36-600x400.jpg 600w, https:\/\/equilibreazur.fr\/azur\/wp-content\/uploads\/2016\/12\/Aikido-3f-stage-2017-01-14-15.56.36.jpg 960w\" sizes=\"auto, (max-width: 738px) 100vw, 738px\" \/><figcaption class=\"wp-element-caption\">Stage E. Savalli &#8211; Aikidoo3f  01\/2017<\/figcaption><\/figure>\n\n\n\n<figure class=\"wp-block-image size-large\"><img alt=\"\" loading=\"lazy\" decoding=\"async\" width=\"738\" height=\"415\" data-id=\"6579\" src=\"https:\/\/equilibreazur.fr\/azur\/wp-content\/uploads\/2016\/03\/2015-11-Eric-Savalli-Franck-Barbotin-738x415.jpg\" alt=\"\" class=\"wp-image-6579\" srcset=\"https:\/\/equilibreazur.fr\/azur\/wp-content\/uploads\/2016\/03\/2015-11-Eric-Savalli-Franck-Barbotin-738x415.jpg 738w, https:\/\/equilibreazur.fr\/azur\/wp-content\/uploads\/2016\/03\/2015-11-Eric-Savalli-Franck-Barbotin-370x208.jpg 370w, https:\/\/equilibreazur.fr\/azur\/wp-content\/uploads\/2016\/03\/2015-11-Eric-Savalli-Franck-Barbotin-768x432.jpg 768w, https:\/\/equilibreazur.fr\/azur\/wp-content\/uploads\/2016\/03\/2015-11-Eric-Savalli-Franck-Barbotin-600x338.jpg 600w, https:\/\/equilibreazur.fr\/azur\/wp-content\/uploads\/2016\/03\/2015-11-Eric-Savalli-Franck-Barbotin.jpg 960w\" sizes=\"auto, (max-width: 738px) 100vw, 738px\" \/><\/figure>\n\n\n\n<figure class=\"wp-block-image size-large\"><img alt=\"\" loading=\"lazy\" decoding=\"async\" width=\"640\" height=\"275\" data-id=\"6452\" src=\"https:\/\/equilibreazur.fr\/azur\/wp-content\/uploads\/2015\/12\/2013-02-09-KoshukaiAiacciu_26_cStefBravin.jpg\" alt=\"\" class=\"wp-image-6452\" srcset=\"https:\/\/equilibreazur.fr\/azur\/wp-content\/uploads\/2015\/12\/2013-02-09-KoshukaiAiacciu_26_cStefBravin.jpg 640w, https:\/\/equilibreazur.fr\/azur\/wp-content\/uploads\/2015\/12\/2013-02-09-KoshukaiAiacciu_26_cStefBravin-370x159.jpg 370w, https:\/\/equilibreazur.fr\/azur\/wp-content\/uploads\/2015\/12\/2013-02-09-KoshukaiAiacciu_26_cStefBravin-600x258.jpg 600w\" sizes=\"auto, (max-width: 640px) 100vw, 640px\" \/><figcaption class=\"wp-element-caption\">Stage Aikido &#8211; Ajaccio 02\/2013<\/figcaption><\/figure>\n\n\n\n<figure class=\"wp-block-image size-large\"><img alt=\"\" loading=\"lazy\" decoding=\"async\" width=\"449\" height=\"675\" data-id=\"6294\" src=\"https:\/\/equilibreazur.fr\/azur\/wp-content\/uploads\/2015\/11\/2015-09-26-15-15-13-aiki-dojo-fr-tristao-da-cunha-51-449x675.jpg\" alt=\"\" class=\"wp-image-6294\" srcset=\"https:\/\/equilibreazur.fr\/azur\/wp-content\/uploads\/2015\/11\/2015-09-26-15-15-13-aiki-dojo-fr-tristao-da-cunha-51-449x675.jpg 449w, https:\/\/equilibreazur.fr\/azur\/wp-content\/uploads\/2015\/11\/2015-09-26-15-15-13-aiki-dojo-fr-tristao-da-cunha-51-246x370.jpg 246w, https:\/\/equilibreazur.fr\/azur\/wp-content\/uploads\/2015\/11\/2015-09-26-15-15-13-aiki-dojo-fr-tristao-da-cunha-51-600x901.jpg 600w, https:\/\/equilibreazur.fr\/azur\/wp-content\/uploads\/2015\/11\/2015-09-26-15-15-13-aiki-dojo-fr-tristao-da-cunha-51.jpg 639w\" sizes=\"auto, (max-width: 449px) 100vw, 449px\" \/><figcaption class=\"wp-element-caption\">Seminar directed by Tristao Da Cunha Sensei &#8211; 09\/2015 &#8211; Organized by Aiki Dojo Azur \/ Eric Savalli<\/figcaption><\/figure>\n\n\n\n<figure class=\"wp-block-image size-large\"><img alt=\"\" loading=\"lazy\" decoding=\"async\" width=\"738\" height=\"492\" data-id=\"6635\" src=\"https:\/\/equilibreazur.fr\/azur\/wp-content\/uploads\/2016\/04\/2016-04-Mussidan-stage-4-738x492.jpg\" alt=\"\" class=\"wp-image-6635\" srcset=\"https:\/\/equilibreazur.fr\/azur\/wp-content\/uploads\/2016\/04\/2016-04-Mussidan-stage-4-738x492.jpg 738w, https:\/\/equilibreazur.fr\/azur\/wp-content\/uploads\/2016\/04\/2016-04-Mussidan-stage-4-370x247.jpg 370w, https:\/\/equilibreazur.fr\/azur\/wp-content\/uploads\/2016\/04\/2016-04-Mussidan-stage-4-600x400.jpg 600w, https:\/\/equilibreazur.fr\/azur\/wp-content\/uploads\/2016\/04\/2016-04-Mussidan-stage-4.jpg 960w\" sizes=\"auto, (max-width: 738px) 100vw, 738px\" \/><figcaption class=\"wp-element-caption\">Stage Aikido \u00e0 Mussidan 04\/2016 avec Eric Savalli<\/figcaption><\/figure>\n\n\n\n<figure class=\"wp-block-image size-large\"><img alt=\"\" loading=\"lazy\" decoding=\"async\" width=\"738\" height=\"492\" data-id=\"6759\" src=\"https:\/\/equilibreazur.fr\/azur\/wp-content\/uploads\/2016\/07\/2016-06-19-13.39.53-aikido-Lewis-De-Quiros-Nice-738x492.jpg\" alt=\"\" class=\"wp-image-6759\" srcset=\"https:\/\/equilibreazur.fr\/azur\/wp-content\/uploads\/2016\/07\/2016-06-19-13.39.53-aikido-Lewis-De-Quiros-Nice-738x492.jpg 738w, https:\/\/equilibreazur.fr\/azur\/wp-content\/uploads\/2016\/07\/2016-06-19-13.39.53-aikido-Lewis-De-Quiros-Nice-370x247.jpg 370w, https:\/\/equilibreazur.fr\/azur\/wp-content\/uploads\/2016\/07\/2016-06-19-13.39.53-aikido-Lewis-De-Quiros-Nice-600x400.jpg 600w, https:\/\/equilibreazur.fr\/azur\/wp-content\/uploads\/2016\/07\/2016-06-19-13.39.53-aikido-Lewis-De-Quiros-Nice.jpg 960w\" sizes=\"auto, (max-width: 738px) 100vw, 738px\" \/><figcaption class=\"wp-element-caption\">Aikido &#8211; Lewis de Quiros &#8211; 06\/2016<\/figcaption><\/figure>\n\n\n\n<figure class=\"wp-block-image size-large\"><img alt=\"\" loading=\"lazy\" decoding=\"async\" width=\"738\" height=\"554\" data-id=\"6516\" src=\"https:\/\/equilibreazur.fr\/azur\/wp-content\/uploads\/2016\/02\/2016-01-kagami-biraki-15-738x554.jpg\" alt=\"\" class=\"wp-image-6516\" srcset=\"https:\/\/equilibreazur.fr\/azur\/wp-content\/uploads\/2016\/02\/2016-01-kagami-biraki-15-738x554.jpg 738w, https:\/\/equilibreazur.fr\/azur\/wp-content\/uploads\/2016\/02\/2016-01-kagami-biraki-15-370x278.jpg 370w, https:\/\/equilibreazur.fr\/azur\/wp-content\/uploads\/2016\/02\/2016-01-kagami-biraki-15-768x576.jpg 768w, https:\/\/equilibreazur.fr\/azur\/wp-content\/uploads\/2016\/02\/2016-01-kagami-biraki-15-600x450.jpg 600w, https:\/\/equilibreazur.fr\/azur\/wp-content\/uploads\/2016\/02\/2016-01-kagami-biraki-15.jpg 960w\" sizes=\"auto, (max-width: 738px) 100vw, 738px\" \/><\/figure>\n\n\n\n<figure class=\"wp-block-image size-large\"><img alt=\"\" loading=\"lazy\" decoding=\"async\" width=\"738\" height=\"554\" data-id=\"6505\" src=\"https:\/\/equilibreazur.fr\/azur\/wp-content\/uploads\/2016\/02\/2016-01-kagami-biraki-4-738x554.jpg\" alt=\"\" class=\"wp-image-6505\" srcset=\"https:\/\/equilibreazur.fr\/azur\/wp-content\/uploads\/2016\/02\/2016-01-kagami-biraki-4-738x554.jpg 738w, https:\/\/equilibreazur.fr\/azur\/wp-content\/uploads\/2016\/02\/2016-01-kagami-biraki-4-370x278.jpg 370w, https:\/\/equilibreazur.fr\/azur\/wp-content\/uploads\/2016\/02\/2016-01-kagami-biraki-4-768x576.jpg 768w, https:\/\/equilibreazur.fr\/azur\/wp-content\/uploads\/2016\/02\/2016-01-kagami-biraki-4-600x450.jpg 600w, https:\/\/equilibreazur.fr\/azur\/wp-content\/uploads\/2016\/02\/2016-01-kagami-biraki-4.jpg 960w\" sizes=\"auto, (max-width: 738px) 100vw, 738px\" \/><\/figure>\n<\/figure>\n\n\n\n<figure class=\"wp-block-image size-large\"><a href=\"https:\/\/www.flickr.com\/photos\/aiki-dojo-azur\/with\/3282126602\/\" target=\"_blank\" rel=\"noopener\"><img alt=\"\" loading=\"lazy\" decoding=\"async\" width=\"738\" height=\"506\" src=\"https:\/\/equilibreazur.fr\/azur\/wp-content\/uploads\/2021\/02\/eric-savalli-aikido-wanomichi-takemusu-738x506.jpg\" alt=\"\" class=\"wp-image-8654\" srcset=\"https:\/\/equilibreazur.fr\/azur\/wp-content\/uploads\/2021\/02\/eric-savalli-aikido-wanomichi-takemusu-738x506.jpg 738w, https:\/\/equilibreazur.fr\/azur\/wp-content\/uploads\/2021\/02\/eric-savalli-aikido-wanomichi-takemusu-370x254.jpg 370w, https:\/\/equilibreazur.fr\/azur\/wp-content\/uploads\/2021\/02\/eric-savalli-aikido-wanomichi-takemusu-1536x1054.jpg 1536w, https:\/\/equilibreazur.fr\/azur\/wp-content\/uploads\/2021\/02\/eric-savalli-aikido-wanomichi-takemusu.jpg 2048w\" sizes=\"auto, (max-width: 738px) 100vw, 738px\" \/><\/a><figcaption class=\"wp-element-caption\">Eric Savalli- Dojocho<\/figcaption><\/figure>\n\n\n\n<h3 class=\"wp-block-heading\">Dojocho<\/h3>\n\n\n\n<p>Avant d&rsquo;avoir cr\u00e9\u00e9 et enseign\u00e9 \u00e0 l&rsquo;AIKI DOJO AZUR, il a cr\u00e9\u00e9 en 1999 \u00e0 Lannion (22) le club <a href=\"http:\/\/aikido-france.net\/club\/lannion\/\" target=\"_blank\" rel=\"noreferrer noopener\">AIKIDO TREGOR<\/a> (actuellement dirig\u00e9 pour son ami et ancien \u00e9l\u00e8ve Franck Rousseau) et avant cela il a enseign\u00e9 dans divers dojos en banlieue de Rennes (35)&nbsp;: Cesson S\u00e9vign\u00e9 (avec <a href=\"http:\/\/aikidoblog.net\/dojo\/s-maniey\/\" target=\"_blank\" rel=\"noreferrer noopener\">Serge&nbsp;MANIEY<\/a>), St Jacques de la Lande, Chartres de Bretagne. Il a \u00e9galement enseign\u00e9 l&rsquo;Aikido au sein de l&rsquo;association Aouen \u00e0 Perros-Guirrec en 1999.<\/p>\n\n\n\n<h3 class=\"wp-block-heading\">Stages dispens\u00e9s<\/h3>\n\n\n\n<p>Eric a dispens\u00e9 et dispense \u00e9galement des stages d&rsquo;Aikido \u00e0 l&rsquo;Aiki Dojo Azur, mais \u00e9galement \u00e0 l&rsquo;invitation de dojocho en France &#8211; 2A-Ajaccio, 13-Marseille, 22-Lannion,&nbsp;24-Mussidan, 26-Buis-les-Baronnies, 26-Vaison-la-Romaine, 31-Toulouse, 54-Herserange, 54-Haucourt St Charles, 54-Champigneulles, 59-Marchiennes, et \u00e0 l&rsquo;\u00e9tranger &nbsp;&#8211; Li\u00e8ge (BE), Aywaille (BE), Santander (ES) (voir le <a href=\"https:\/\/equilibreazur.fr\/azur\/stages-aikido\/\">calendrier des stages d&rsquo;aikido<\/a>)<\/p>\n\n\n\n<h3 class=\"wp-block-heading\">Internet et DVD&#8230;<\/h3>\n\n\n\n<p>Eric Savalli maintient \u00e9galement le blog <a href=\"http:\/\/AikidoBlog.net\" target=\"_blank\" rel=\"noreferrer noopener\">AikidoBlog.net<\/a>, et est \u00e9galement le webmestre des sites <a href=\"http:\/\/aikidojo.fr\">Aikidojo.fr<\/a>, <a href=\"http:\/\/aikidojo.fr\">Aiki-dojo.fr<\/a>, <a href=\"http:\/\/web.archive.org\/web\/20190814100032\/http:\/\/aikido-france.net\/aikido\/\" target=\"_blank\" rel=\"noreferrer noopener\">Aikido-France.net<\/a> (2001-2020) et <del>AikidoIwama.com<\/del>&nbsp;anciennement&nbsp;<a href=\"http:\/\/aikido-france.net\/academy-faa\/\" target=\"_blank\" rel=\"noreferrer noopener\">FAA<\/a>. Il&nbsp;a film\u00e9 et particip\u00e9 aux <a href=\"http:\/\/aikidoblog.net\/fr\/videos\/extraits-14dvd-toutain\/\">DVDs de Daniel Toutain Sensei pour Iwama Ryu International Academy<\/a>&#8230; Autant de fa\u00e7ons pour lui de partager sa passion pour cet art martial exceptionnel.<\/p>\n\n\n\n<h3 class=\"wp-block-heading\">Autres disciplines pratiqu\u00e9es<\/h3>\n\n\n\n<p>Eric a pratiqu\u00e9 une ann\u00e9e ou deux le <em><strong>Wing chun<\/strong><\/em> avec Sifu Nino BERNADO qui avait fond\u00e9e une \u00e9cole \u00e0 Londres et avait \u00e9t\u00e9 invit\u00e9 par Daniel TOUTAIN \u00e0 Rennes. Il a \u00e9galement pratiqu\u00e9 le <em><strong>Judo<\/strong><\/em> durant son adolescence, et quelques cours ou stages de Tai-Chi et de Qi-Gong.<\/p>\n\n\n\n<p>En 2018 \u00e0 Lyon il s&rsquo;initie \u00e0 l&rsquo;<strong>Aunkai<\/strong> <strong>Bujutsu<\/strong> aupr\u00e8s de son fondateur AKYZAWA Minoru Sensei et de son \u00e9l\u00e8ve-instructeur WATANABE Manabu qu&rsquo;il invente pour donner <a href=\"https:\/\/equilibreazur.fr\/azur\/stages-calendrier\/2019-06-aunkai-nice-manabu-watanabe\/\" target=\"_blank\" rel=\"noreferrer noopener\">un stage en 2019<\/a> en r\u00e9gion de Nice. <br>Il d\u00e9couvre \u00e9galement le <strong>Systema<\/strong> avec <a href=\"https:\/\/equilibreazur.fr\/azur\/stages-calendrier\/2019-systema-wanomichi-nice\/\" target=\"_blank\" rel=\"noreferrer noopener\">Ben Hemmer en 2019<\/a>.<\/p>\n\n\n\n<figure class=\"wp-block-image size-full is-resized\"><img alt=\"\" loading=\"lazy\" decoding=\"async\" width=\"1028\" height=\"1543\" src=\"https:\/\/equilibreazur.fr\/azur\/wp-content\/uploads\/2023\/03\/O-sensei-ueshiba-renshu.jpg\" alt=\"\" class=\"wp-image-9513\" style=\"width:726px;height:1089px\" srcset=\"https:\/\/equilibreazur.fr\/azur\/wp-content\/uploads\/2023\/03\/O-sensei-ueshiba-renshu.jpg 1028w, https:\/\/equilibreazur.fr\/azur\/wp-content\/uploads\/2023\/03\/O-sensei-ueshiba-renshu-247x370.jpg 247w, https:\/\/equilibreazur.fr\/azur\/wp-content\/uploads\/2023\/03\/O-sensei-ueshiba-renshu-450x675.jpg 450w, https:\/\/equilibreazur.fr\/azur\/wp-content\/uploads\/2023\/03\/O-sensei-ueshiba-renshu-1023x1536.jpg 1023w\" sizes=\"auto, (max-width: 1028px) 100vw, 1028px\" \/><\/figure>\n\n\n\n<figure class=\"wp-block-image size-large\"><img alt=\"\" loading=\"lazy\" decoding=\"async\" width=\"738\" height=\"491\" src=\"https:\/\/equilibreazur.fr\/azur\/wp-content\/uploads\/2023\/03\/23592199_1492970127407123_3998575387233043423_o-738x491.jpg\" alt=\"\" class=\"wp-image-9484\" srcset=\"https:\/\/equilibreazur.fr\/azur\/wp-content\/uploads\/2023\/03\/23592199_1492970127407123_3998575387233043423_o-738x491.jpg 738w, https:\/\/equilibreazur.fr\/azur\/wp-content\/uploads\/2023\/03\/23592199_1492970127407123_3998575387233043423_o-370x246.jpg 370w, https:\/\/equilibreazur.fr\/azur\/wp-content\/uploads\/2023\/03\/23592199_1492970127407123_3998575387233043423_o.jpg 1200w\" sizes=\"auto, (max-width: 738px) 100vw, 738px\" \/><\/figure>\n","protected":false},"excerpt":{"rendered":"<p>Eric Savalli &#8211; Instructeur d&rsquo;Aikido &#8211; cours Adultes et Enfants 5e Dan Dento Aikido &#8211; Iwama Shinshin Aiki Shurenkai &#8211; SAITO HITOHIRA 6e Dan Fundamental Aikido &#8211; Daniel Toutain4e Dan Aikikai de Tokyo4e Dan CSDGE Aikido UFACertifi\u00e9 PSC1 (Pr\u00e9vention et &#8230; <a title=\"Eric Savalli\" class=\"read-more\" href=\"https:\/\/equilibreazur.fr\/azur\/eric-savalli\/\" aria-label=\"En savoir plus sur Eric Savalli\">Voir plus&#8230;<\/a><\/p>\n","protected":false},"author":2,"featured_media":9488,"parent":0,"menu_order":0,"comment_status":"closed","ping_status":"closed","template":"","meta":{"_acf_changed":false,"_seopress_robots_primary_cat":"","_seopress_titles_title":"","_seopress_titles_desc":"Parcours dans les disciplines martiales et associ\u00e9es d'Eric Savalli, enseignant, cours et stages d'Aikido au sein de l'Aiki Dojo Azur - proximit\u00e9 Grasse \/ Antibes \/ Valbonne,","_seopress_robots_index":"","generate_page_header":"","footnotes":""},"class_list":{"0":"post-8174","1":"page","2":"type-page","3":"status-publish","4":"has-post-thumbnail","6":"infinite-scroll-item"},"acf":[],"_links":{"self":[{"href":"https:\/\/equilibreazur.fr\/azur\/wp-json\/wp\/v2\/pages\/8174","targetHints":{"allow":["GET"]}}],"collection":[{"href":"https:\/\/equilibreazur.fr\/azur\/wp-json\/wp\/v2\/pages"}],"about":[{"href":"https:\/\/equilibreazur.fr\/azur\/wp-json\/wp\/v2\/types\/page"}],"author":[{"embeddable":true,"href":"https:\/\/equilibreazur.fr\/azur\/wp-json\/wp\/v2\/users\/2"}],"replies":[{"embeddable":true,"href":"https:\/\/equilibreazur.fr\/azur\/wp-json\/wp\/v2\/comments?post=8174"}],"version-history":[{"count":6,"href":"https:\/\/equilibreazur.fr\/azur\/wp-json\/wp\/v2\/pages\/8174\/revisions"}],"predecessor-version":[{"id":10849,"href":"https:\/\/equilibreazur.fr\/azur\/wp-json\/wp\/v2\/pages\/8174\/revisions\/10849"}],"wp:featuredmedia":[{"embeddable":true,"href":"https:\/\/equilibreazur.fr\/azur\/wp-json\/wp\/v2\/media\/9488"}],"wp:attachment":[{"href":"https:\/\/equilibreazur.fr\/azur\/wp-json\/wp\/v2\/media?parent=8174"}],"curies":[{"name":"wp","href":"https:\/\/api.w.org\/{rel}","templated":true}]}}