{"id":8167,"date":"2020-08-19T08:25:22","date_gmt":"2020-08-19T08:25:22","guid":{"rendered":"https:\/\/equilibreazur.fr\/azur\/?page_id=8167"},"modified":"2026-03-25T17:10:24","modified_gmt":"2026-03-25T17:10:24","slug":"aikido-dojo","status":"publish","type":"page","link":"https:\/\/equilibreazur.fr\/azur\/aikido-dojo\/","title":{"rendered":"Pratique et enseignement de l&rsquo;Aikido traditionnel (Japon)"},"content":{"rendered":"\n<h2 class=\"wp-block-heading\">Cours Adultes, Ado, Enfants (8+ ans)<\/h2>\n\n\n\n<h3 class=\"wp-block-heading\"><strong>AIKI DOJO AZUR<\/strong> &#8211; \u5408\u6c23 \u9053\u5834 \u30a2\u30ba\uff0d\u30eb<\/h3>\n\n\n\n<p class=\"has-text-align-center\"><br><span class=\"su-highlight\" style=\"background:#ddff99;color:#000000\">&nbsp;Reprise des cours&nbsp;: <strong>lundi 08 septembre 2025<\/strong>&nbsp;<\/span>\n\n\n\n<p class=\"has-drop-cap\">D\u00e9couvrez une discipline martiale venue d&rsquo;Orient, pr\u00f4nant la non-violence et la connaissance de soi via le corps et le souffle, sous la direction d&rsquo;une \u00e9quipe de passionn\u00e9s et d&rsquo;exp\u00e9riment\u00e9s.<\/p>\n\n\n<div class=\"gb-container gb-container-e855f6f0\">\n<div class=\"gb-container gb-container-9554ef45\">\n\n<figure class=\"wp-block-pullquote has-small-font-size\" style=\"border-radius:0px\"><blockquote><p>Une bonne pratique de l&rsquo;Aikido est une pratique bienveillante,<br>que vous pouvez exercer tout au long de votre vie<br>et vous transforme profond\u00e9ment.<\/p><cite>\u2014 Eric Savalli<\/cite><\/blockquote><\/figure>\n\n<\/div>\n<\/div>\n\n\n<p><\/p>\n\n\n\n<figure class=\"wp-block-image alignwide size-large\"><img loading=\"lazy\" decoding=\"async\" width=\"675\" height=\"675\" src=\"https:\/\/equilibreazur.fr\/azur\/wp-content\/uploads\/2025\/09\/2025-Aikido-square-reprise-675x675.jpg\" alt=\"Reprise des cours aikido&nbsp;: 8\/09\/2025\" class=\"wp-image-10509\" srcset=\"https:\/\/equilibreazur.fr\/azur\/wp-content\/uploads\/2025\/09\/2025-Aikido-square-reprise-675x675.jpg 675w, https:\/\/equilibreazur.fr\/azur\/wp-content\/uploads\/2025\/09\/2025-Aikido-square-reprise-370x370.jpg 370w, https:\/\/equilibreazur.fr\/azur\/wp-content\/uploads\/2025\/09\/2025-Aikido-square-reprise-200x200.jpg 200w, https:\/\/equilibreazur.fr\/azur\/wp-content\/uploads\/2025\/09\/2025-Aikido-square-reprise.jpg 1200w\" sizes=\"auto, (max-width: 675px) 100vw, 675px\" \/><\/figure>\n\n\n\n<figure class=\"wp-block-image size-large\"><a href=\"https:\/\/equilibreazur.fr\/azur\/wp-content\/uploads\/2023\/03\/Seminar-with-SAITO-Hitohira-Sensei-Rennes-11-2016.jpg\"><img alt=\"\" loading=\"lazy\" decoding=\"async\" width=\"738\" height=\"492\" src=\"https:\/\/equilibreazur.fr\/azur\/wp-content\/uploads\/2023\/03\/Seminar-with-SAITO-Hitohira-Sensei-Rennes-11-2016-738x492.jpg\" alt=\"\" class=\"wp-image-9488\" srcset=\"https:\/\/equilibreazur.fr\/azur\/wp-content\/uploads\/2023\/03\/Seminar-with-SAITO-Hitohira-Sensei-Rennes-11-2016-738x492.jpg 738w, https:\/\/equilibreazur.fr\/azur\/wp-content\/uploads\/2023\/03\/Seminar-with-SAITO-Hitohira-Sensei-Rennes-11-2016-370x247.jpg 370w, https:\/\/equilibreazur.fr\/azur\/wp-content\/uploads\/2023\/03\/Seminar-with-SAITO-Hitohira-Sensei-Rennes-11-2016.jpg 1200w\" sizes=\"auto, (max-width: 738px) 100vw, 738px\" \/><\/a><figcaption class=\"wp-element-caption\">Seminar with SAITO Hitohira Sensei &#8211; Rennes 11\/2016<\/figcaption><\/figure>\n\n\n\n<h2 class=\"wp-block-heading\">La voie de la paix<\/h2>\n\n\n\n<div class=\"wp-block-group\"><div class=\"wp-block-group__inner-container is-layout-constrained wp-block-group-is-layout-constrained\">\n<div class=\"wp-block-media-text alignwide is-stacked-on-mobile is-vertically-aligned-top\" style=\"grid-template-columns:15% auto\"><figure class=\"wp-block-media-text__media\"><img alt=\"\" loading=\"lazy\" decoding=\"async\" width=\"280\" height=\"248\" src=\"https:\/\/equilibreazur.fr\/azur\/wp-content\/uploads\/2013\/12\/logo-iwama-shinshin-aiki-shurenkai.gif\" alt=\"\" class=\"wp-image-5668 size-full\"\/><\/figure><div class=\"wp-block-media-text__content\">\n<p>L&rsquo;association est affili\u00e9e \u00e0 la \u2794 <strong><a href=\"https:\/\/www.ffabaikido.fr\/fr\/\">FFAB<\/a><\/strong> (F\u00e9d\u00e9ration Fran\u00e7aise d&rsquo;Aikido et de Budo) et rattach\u00e9e \u00e0 la Section \u2794<strong> <a href=\"https:\/\/iwama-ryu.fr\/\">Dento Iwama Ryu France<\/a><\/strong> (courant Dento Iwama Ryu &#8211; Branche fran\u00e7aise de SAITO Sensei et de son fils SAITO Hitohira Sensei).<\/p>\n<\/div><\/div>\n<\/div><\/div>\n\n\n\n<p class=\"has-drop-cap\"><strong>L&rsquo;Aikido&nbsp;<\/strong>\u00ab art de la paix&nbsp;\u00bb, est issu de l\u2019<strong><a href=\"https:\/\/equilibreazur.fr\/azur\/aikido-iwama-ryu\/\">A\u00efkido Iwama Ryu<\/a>&nbsp;<\/strong>(art martial japonais). Sans comp\u00e9tition, aucune comp\u00e9tence n\u2019est requise&nbsp;: il s\u2019adresse \u00e0 tous, jeunes et adultes, hommes et femmes, de tous \u00e2ges. Il inclut <strong>exercices d\u2019assouplissement et de tonicit\u00e9<\/strong> dans le respect des possibilit\u00e9s de chacun qui sont, en partie, issus du Yoga.<\/p>\n\n\n\n<p>Les pratiques incluent techniques \u00e0&nbsp;<strong>mains nues&nbsp;<\/strong>(taijutsu) et techniques d&rsquo;<strong>armes&nbsp;<\/strong>(bukiwaza)&nbsp;: sabre bois (boken), b\u00e2ton (Jo), poignard bois (tanto). La pratique d\u00e9bouche sur un&nbsp;<strong>v\u00e9ritable art de vivre&nbsp;<\/strong>d\u00e9veloppant tonicit\u00e9 et souplesse, sant\u00e9 et connaissance de soi.<br>Cours pour&nbsp;<strong>adultes<\/strong>, femmes et hommes et pour&nbsp;<strong>enfants&nbsp;<\/strong>accessibles \u00e0 partir de l\u2019\u00e2ge de 8 ans.<\/p>\n\n\n\n<h2 class=\"wp-block-heading\">Horaires et Lieux des cours<\/h2>\n\n\n\n<div class=\"su-note\"  style=\"border-color:#e1dac3;border-radius:3px;-moz-border-radius:3px;-webkit-border-radius:3px;\"><div class=\"su-note-inner su-u-clearfix su-u-trim\" style=\"background-color:#fbf4dd;border-color:#ffffff;color:#333333;border-radius:3px;-moz-border-radius:3px;-webkit-border-radius:3px;\">\n\n\n\n<ul class=\"wp-block-list\">\n<li>Les sessions <strong>Adultes<\/strong> ont lieu le&nbsp;<strong>soir<\/strong>&#8230;\n<ul class=\"wp-block-list\">\n<li><strong>Lundi<\/strong> \u2014&nbsp;<strong>19h30<\/strong> (Roquefort-les-pins)<\/li>\n\n\n\n<li><strong>Jeudi<\/strong> \u2014&nbsp;<strong>19h30<\/strong> (Chateauneuf \/ Le Rouret)<\/li>\n<\/ul>\n<\/li>\n<\/ul>\n\n\n\n<ul class=\"wp-block-list\">\n<li>Les cours <strong>Enfants<\/strong> le <strong>mercredi<\/strong> (Roquefort-les-pins)&#8230;\n<ul class=\"wp-block-list\">\n<li><strong>15h30<\/strong> (\u00e0 16h30) pour les <strong>11 &#8211; 13\/14 ans<\/strong>.<\/li>\n\n\n\n<li><strong>16h30<\/strong> (\u00e0 17h30) pour les <strong>08 &#8211; 10\/11 ans<\/strong>.<\/li>\n<\/ul>\n<\/li>\n<\/ul>\n\n\n\n<ul class=\"wp-block-list\">\n<li>Entra\u00eenements possibles en plein-air \u00e0 <strong>Sophia-Antipolis<\/strong> entre midi et deux &#8211; Se renseigner.<\/li>\n<\/ul>\n\n\n\n<\/div><\/div>\n\n\n  <!-- Feuille de style Leaflet -->\n  <link rel=\"stylesheet\" href=\"https:\/\/unpkg.com\/leaflet@1.9.4\/dist\/leaflet.css\" \/>\n  <script src=\"https:\/\/unpkg.com\/leaflet@1.9.4\/dist\/leaflet.js\"><\/script>\n\n  <div id=\"map-custom-69f2a9c2b7937\" style=\"height: 450px; margin-bottom: 2em;\"><\/div>\n\n  <script>\n    document.addEventListener(\"DOMContentLoaded\", function () {\n      var map = L.map('map-custom-69f2a9c2b7937').setView([43.67383, 7.02181], 12);\n\n      L.tileLayer('https:\/\/server.arcgisonline.com\/ArcGIS\/rest\/services\/World_Street_Map\/MapServer\/tile\/{z}\/{y}\/{x}', {\n        attribution: '&copy; Esri &mdash; Sources: Esri, HERE, Garmin, FAO, NOAA, USGS',\n        maxZoom: 16\n      }).addTo(map);\n\n      \/\/ Liste des marqueurs selon la carte\n      var id = \"aikido\";\n\n      if (id === 'antibes') {\n        L.marker([43.564203, 7.124215]).addTo(map).bindPopup('ANTIBES - Villa Thuret');\n        L.marker([43.595980, 7.121480]).addTo(map).bindPopup('ANTIBES - Salle Aqueduc');\n      } else if (id === 'roquefort') {\n        L.marker([43.667963, 7.046836]).addTo(map).bindPopup('ROQUEFORT-LES-PINS - Dojo');\n        L.marker([43.666125, 7.049996]).addTo(map).bindPopup('ROQUEFORT-LES-PINS - Charvet 1');\n      } else if (id === 'rouret') {\n        L.marker([43.670801, 7.016611]).addTo(map).bindPopup('LE ROURET - Clamarquier');\n      } else if (id === 'chateauneuf') {\n        L.marker([43.675843, 6.973762]).addTo(map).bindPopup('CHATEAUNEUF - Plantier');\n      } else if (id === 'qigong') {\n\t\t L.marker([43.673742, 6.992787]).addTo(map).bindPopup('LE ROURET \/ CHATEAUNEUF - Gymnase\u00a0St\u00a0Jeaume');\n      } else if (id === 'aikido') {\n         L.marker([43.667963, 7.046836]).addTo(map).bindPopup('ROQUEFORT-LES-PINS - Dojo');\n\t\t L.marker([43.673742, 6.992787]).addTo(map).bindPopup('LE ROURET \/ CHATEAUNEUF - Gymnase\u00a0St\u00a0Jeaume');\n      } else if (id === 'yogaCH9LRTRLP') {\n        L.marker([43.675843, 6.973762]).addTo(map).bindPopup('CHATEAUNEUF - Plantier');\n        L.marker([43.670801, 7.016611]).addTo(map).bindPopup('LE ROURET - Clamarquier');\n        L.marker([43.667963, 7.046836]).addTo(map).bindPopup('ROQUEFORT-LES-PINS - Dojo');\n        L.marker([43.666125, 7.049996]).addTo(map).bindPopup('ROQUEFORT-LES-PINS - Charvet 1');\n      } else if (id === 'yoga') {\n        L.marker([43.675843, 6.973762]).addTo(map).bindPopup('CHATEAUNEUF - Plantier');\n        L.marker([43.670801, 7.016611]).addTo(map).bindPopup('LE ROURET - Clamarquier');\n        L.marker([43.667963, 7.046836]).addTo(map).bindPopup('ROQUEFORT-LES-PINS - Dojo');\n        L.marker([43.666125, 7.049996]).addTo(map).bindPopup('ROQUEFORT-LES-PINS - Charvet 1');\n        L.marker([43.564203, 7.124215]).addTo(map).bindPopup('ANTIBES - Villa Thuret');\n        L.marker([43.595980, 7.121480]).addTo(map).bindPopup('ANTIBES - Salle Aqueduc');\n\t  } else {\n        \/\/ Tous les marqueurs (par d\u00e9faut)\n        L.marker([43.675843, 6.973762]).addTo(map).bindPopup('CHATEAUNEUF - Plantier');\n        L.marker([43.670801, 7.016611]).addTo(map).bindPopup('LE ROURET - Clamarquier');\n        L.marker([43.667963, 7.046836]).addTo(map).bindPopup('ROQUEFORT-LES-PINS - Dojo');\n        L.marker([43.666125, 7.049996]).addTo(map).bindPopup('ROQUEFORT-LES-PINS - Charvet 1');\n        L.marker([43.564203, 7.124215]).addTo(map).bindPopup('ANTIBES - Villa Thuret');\n        L.marker([43.595980, 7.121480]).addTo(map).bindPopup('ANTIBES - Salle Aqueduc');\n      }\n    });\n  <\/script>\n  \n\n\n\n<p><\/p>\n\n\n\n<div class=\"wp-block-columns is-layout-flex wp-container-core-columns-is-layout-9d6595d7 wp-block-columns-is-layout-flex\">\n<div class=\"wp-block-column is-layout-flow wp-block-column-is-layout-flow\">\n<p><strong>LUNDI <\/strong>\u2192&nbsp;&nbsp;<strong>ROQUEFORT LES PINS<\/strong><br>Nouveau dojo<br>(Nouveau Centre village, \u00e0 c\u00f4t\u00e9 du fleuriste Roni<br>Place du March\u00e9<br>78, Traverse du Lavoir &#8211; Le Parc<br>06330 <strong>ROQUEFORT LES PINS<\/strong><\/p>\n<\/div>\n\n\n\n<div class=\"wp-block-column is-vertically-aligned-top is-layout-flow wp-block-column-is-layout-flow\">\n<p><strong>JEUDI<\/strong>\u2192&nbsp;&nbsp;<strong>GYMNASE du COLLEGE LE&nbsp;ROURET&nbsp;\/&nbsp;CHATEAUNEUF<\/strong><br>Salle du Bois de Saint Jeaume<br>Chemin de Barnarac<br>Coll\u00e8ge du pr\u00e9 des roures<br>06650 <strong>CHATEAUNEUF \/ LE ROURET<\/strong><\/p>\n<\/div>\n<\/div>\n\n\n\n<h2 class=\"wp-block-heading\">Cours et Tarifs 2025-2026<\/h2>\n\n\n\n<h4 class=\"wp-block-heading\">R\u00e9ductions et facilit\u00e9 de paiement<\/h4>\n\n\n\n<ul class=\"wp-block-list\">\n<li>\ud83e\udd41<strong>R\u00e9duction famille<\/strong>&nbsp;: <strong>-50%<\/strong> (\u00e0 partir de la deuxi\u00e8me personne)<\/li>\n\n\n\n<li>\ud83e\udd41R\u00e9duction 2e discipline (Qi-Gong ou Yoga)&nbsp;: &#8211;<strong>30%<\/strong> sur l&rsquo;ensemble<\/li>\n\n\n\n<li>\ud83e\udd41Possibilit\u00e9 de paiement en <strong>2 ou 3 fois<\/strong> par ch\u00e8ques&nbsp;: <strong>+5\u20ac<\/strong> pour frais de dossiers<\/li>\n<\/ul>\n\n\n\n<h4 class=\"wp-block-heading\">Adh\u00e9sion \/ Licence \/ Assurance<\/h4>\n\n\n\n<p>La licence concerne l&rsquo;adh\u00e9sion \u00e0 la f\u00e9d\u00e9ration nationale d&rsquo;Aikido \u2014&nbsp;FFAB \u2014 et comprend l&rsquo;assurance (l&rsquo;adh\u00e9sion \u00e0 l&rsquo;association&nbsp;\u00ab\u00a0\u00c9quilibre Azur\u00a0\u00bb est gratuite).<\/p>\n\n\n\n<ul class=\"wp-block-list\">\n<li>Pour les 13 ans et plus, l&rsquo;adh\u00e9sion pour la saison est de <strong>36\u20ac<\/strong>.<\/li>\n\n\n\n<li>Pour les moins de 13 ans (au 1er septembre)&nbsp;: <strong>26<\/strong>\u20ac.<\/li>\n<\/ul>\n\n\n\n<h4 class=\"wp-block-heading\">Cours<\/h4>\n\n\n\n<ul class=\"wp-block-list\">\n<li><strong>Adultes (soirs)<\/strong>&nbsp;: 1 ou 2 cours par semaine&nbsp;: <strong>340\u20ac<\/strong><\/li>\n\n\n\n<li><strong>Enfants\/Jeunes (mercredi)&nbsp;: 220\u20ac<\/strong><\/li>\n\n\n\n<li><strong>Enfants\/Jeunes (mercredi+soir)&nbsp;: 250\u20ac<\/strong><\/li>\n\n\n\n<li>En aucun cas les difficult\u00e9s financi\u00e8res ne doivent \u00eatre un frein aux bienfaits Corps\/Esprit que peut vous apporter l&rsquo;Aiki-Do. Veuillez contacter l&rsquo;enseignant si n\u00e9cessaire.<\/li>\n<\/ul>\n\n\n\n<ul class=\"wp-block-list\">\n<li>1 Cours d&rsquo;<strong>essai<\/strong>&nbsp;: <strong>gratuit<\/strong> en pr\u00e9sence d&rsquo;Eric Savalli.<\/li>\n<\/ul>\n\n\n\n<h2 class=\"wp-block-heading\">Contact \/ Demande d&rsquo;informations<\/h2>\n\n\n\n<p><strong>\u00c9ric<\/strong><br><strong><a href=\"tel:+33-6-60-42-26-32\">06 60 42 26 32<\/a>\u202c<\/strong><br><a href=\"mailto:eric@aikidojo.fr\">eric@aikidojo.fr<\/a><\/p>\n\n\n\n<h2 class=\"wp-block-heading wp-embed-aspect-4-3 wp-has-aspect-ratio\">Les stages et \u00e9v\u00e9nements de la saison<\/h2>\n\n\n\n<p class=\"wp-embed-aspect-4-3 wp-has-aspect-ratio\">Voici la liste des <strong>stages d&rsquo;Aikido<\/strong> Iwama Ryu pour la saison, ayant lieu en r\u00e9gion PACA &#8211; Provence Alpes Maritimes 06, en France ou \u00e0 l&rsquo;\u00e9tranger, et organis\u00e9s par&nbsp;<a href=\"https:\/\/equilibreazur.fr\/azur\">Aiki Dojo Azur<\/a>&nbsp;ou dirig\u00e9s (ou co-dirig\u00e9s) par <strong>Eric&nbsp;Savalli<\/strong>.<\/p>\n\n\n\n<p class=\"wp-embed-aspect-4-3 wp-has-aspect-ratio\">Attention, <strong>cette liste peut \u00e9voluer rapidement<\/strong>. Nous vous conseillons de nous <a href=\"mail:contact@aikido-azur.net\">contacter<\/a> &#8211; afin d&rsquo;\u00eatre <strong>tenu au courant par e-mail<\/strong> des \u00e9volutions des dates des stages<br>MERCI DE VOUS INSCRIRE \u00c0 NOTRE LETTRE D&rsquo;INFORMATION (NEWSLETTER)<\/p>\n\n\n\n<p><strong>Dates de reprise et de fin<\/strong>&nbsp;:<br> \u2022 D\u00e9but&nbsp;: Lundi 08 septembre 2025<br> \u2022 Fin&nbsp;: Lundi 29 juin 2026<br> \u2022 Pas de cours durant les p\u00e9riodes de vacances scolaires&nbsp;: soit <strong>34 semaines de cours<\/strong>.<br> <br> <strong>Dates des forums des associations<\/strong>&nbsp;:<br> \u2022 Sam 6\/09 <strong>Roquefort-les-pins<\/strong> (9h30-13h)<br> \u2022 Sam 6\/09 <strong>Le Rouret<\/strong> (9h-15h)<br> \u2022 Dim 7\/09 Bar sur Loup \/ <strong>Chateauneuf<\/strong> \/ Opio (9h30-14h30)<br> <br> Voici une <strong>\u00e9bauche du calendrier des stages<\/strong> organis\u00e9s lors de la saison 2025-2026&nbsp;:<br>\u2022 Stage AIKIDO CID, avec Anne-Laure GAILLARD et Eric SAVALLI \u2013 Dim. 26 octobre 2025 <br>\u2022 Stage AIKIDO national DIRAF, avec Olivier Eberhart, St\u00e9phane HLAVACEK, Eric SAVALLI \u2013 11-12 avril 2026 <br><\/p>\n\n\n<table width=\"100%\"><tr height=90 valign='top'><td width=30%><a href=\"https:\/\/equilibreazur.fr\/azur\/stages-calendrier\/2025-10-stage-aikido\/\" title=\"1er Stage&nbsp;\u00ab\u00a0Aikika\u00ef &#8211; DIRAF\u00a0\u00bb &#8211; 26 Octobre 2025\">26\/10\/2025<\/a><br \/>(Dim)<\/td><td width=45%>Gymnase LE ROURET<br \/><strong>Stage FFAB+DIRAF<\/strong><br \/><a href=\"https:\/\/equilibreazur.fr\/azur\/stages-calendrier\/2025-10-stage-aikido\/\" title=\"1er Stage&nbsp;\u00ab\u00a0Aikika\u00ef &#8211; DIRAF\u00a0\u00bb &#8211; 26 Octobre 2025\">Plus d'info...<\/a><\/td><td width=25%>\u2605 Anne-Laure Gaillard \/ Eric SAVALLI<\/td><\/td><tr height=90 valign='top'><td width=30%><a href=\"https:\/\/equilibreazur.fr\/azur\/stages-calendrier\/2025-12-aikido-iwama-ryu-seminar\/\" title=\"2025-12&nbsp;: Grand stage national Aikido &#8211; Nice \/ Chateauneuf\">13\/12\/2025<\/a><br \/>(sam+dim)<\/td><td width=45%>\u2605 FRANCE - NICE\/GRASSE<br \/><strong>Stage International Exceptionnel<\/strong><br \/><a href=\"https:\/\/equilibreazur.fr\/azur\/stages-calendrier\/2025-12-aikido-iwama-ryu-seminar\/\" title=\"2025-12&nbsp;: Grand stage national Aikido &#8211; Nice \/ Chateauneuf\">Plus d'info...<\/a><\/td><td width=25%><strong>V. HOCWALD<\/strong><\/td><\/td><tr height=90 valign='top'><td width=30%><a href=\"https:\/\/equilibreazur.fr\/azur\/stages-calendrier\/2026-01-stage-aikido\/\" title=\"Stage Aikido&nbsp;\u00ab\u00a0mediterranean friendship seminar\u00a0\u00bb &#8211; 25 Jan 2026\">25\/01\/2026<\/a><br \/>(Dim)<\/td><td width=45%>Gymnase LE ROURET<br \/><strong>Stage \"Friendship\" <\/strong><br \/><a href=\"https:\/\/equilibreazur.fr\/azur\/stages-calendrier\/2026-01-stage-aikido\/\" title=\"Stage Aikido&nbsp;\u00ab\u00a0mediterranean friendship seminar\u00a0\u00bb &#8211; 25 Jan 2026\">Plus d'info...<\/a><\/td><td width=25%>Fabio RAMAZZIN \/ Serge LONG \/ Eric SAVALLI<\/td><\/td><tr height=90 valign='top'><td width=30%><a href=\"https:\/\/equilibreazur.fr\/azur\/news\/2026-03-stage-aikido-kitsune-aikidojo\/\" title=\"3e stage aikido &#8211; kitsune-aikidojo &#8211; Prades &#8211; 07-08 mars 2026\">07\/03\/2026<\/a><br \/>(Sam+Dimanche)<\/td><td width=45%>\u2605 PRADES (66) -ANNUL\u00c9-<br \/><strong>Stage exceptionnel \u2694\ufe0f -ANNUL\u00c9-<\/strong><br \/><a href=\"https:\/\/equilibreazur.fr\/azur\/news\/2026-03-stage-aikido-kitsune-aikidojo\/\" title=\"3e stage aikido &#8211; kitsune-aikidojo &#8211; Prades &#8211; 07-08 mars 2026\">Plus d'info...<\/a><\/td><td width=25%>Eric SAVALLI<\/td><\/td><tr height=90 valign='top'><td width=30%><a href=\"https:\/\/equilibreazur.fr\/azur\/stages-calendrier\/2026-03-aikido-seminar-aboglio-nizza\/\" title=\"Stage Aikido&nbsp;\u00ab\u00a0Alberto Boglio Shihan\u00a0\u00bb &#8211; 22 Mars 2026\">22\/03\/2026<\/a><br \/>(Dim)<\/td><td width=45%>\u2605 FRANCE - NICE\/GRASSE<br \/><strong>Stage international exceptionnel<\/strong><br \/><a href=\"https:\/\/equilibreazur.fr\/azur\/stages-calendrier\/2026-03-aikido-seminar-aboglio-nizza\/\" title=\"Stage Aikido&nbsp;\u00ab\u00a0Alberto Boglio Shihan\u00a0\u00bb &#8211; 22 Mars 2026\">Plus d'info...<\/a><\/td><td width=25%><strong>Alberto BOGLIO<\/strong><\/td><\/td><tr height=90 valign='top'><td width=30%><a href=\"https:\/\/equilibreazur.fr\/azur\/news\/2026-stage-olivier-eberhartd-nice\/\" title=\"04\/2026 &#8211; 3e Stage&nbsp;\u00ab\u00a0AIKIDO Iwama Ryu\u00a0\u00bb avec Olivier Eberhardt en r\u00e9gion Ni\u00e7oise\">11\/04\/2026<\/a><br \/>(Sam+Dim)<\/td><td width=45%>CHATEAUNEUF (06)<br \/><strong>Stage annuel<\/strong><br \/><a href=\"https:\/\/equilibreazur.fr\/azur\/news\/2026-stage-olivier-eberhartd-nice\/\" title=\"04\/2026 &#8211; 3e Stage&nbsp;\u00ab\u00a0AIKIDO Iwama Ryu\u00a0\u00bb avec Olivier Eberhardt en r\u00e9gion Ni\u00e7oise\">Plus d'info...<\/a><\/td><td width=25%><strong>O. EBERHARDT<\/strong><\/td><\/td><\/table>\n\n\n\n<p class=\"wp-embed-aspect-4-3 wp-has-aspect-ratio\">Vous pouvez retrouvez les anciens stages ici&#8230; <a href=\"https:\/\/equilibreazur.fr\/azur\/stages-calendrier\/\">Archive des stages<\/a>.<\/p>\n\n\n\n<h2 class=\"wp-block-heading\">Galerie de photos<\/h2>\n\n\n\n<p>Voici quelques photographies issues de cours et de stages&#8230;<\/p>\n\n\n\n<figure class=\"wp-block-gallery has-nested-images columns-default is-cropped wp-block-gallery-1 is-layout-flex wp-block-gallery-is-layout-flex\">\n<figure class=\"wp-block-image size-large\"><img loading=\"lazy\" decoding=\"async\" width=\"738\" height=\"492\" data-id=\"7065\" src=\"https:\/\/equilibreazur.fr\/azur\/wp-content\/uploads\/2016\/12\/Aikido-3f-stage-2017-01-14-15.58.06-738x492.jpg\" alt=\"Stage E. Savalli - Aikidoo3f\" class=\"wp-image-7065\" srcset=\"https:\/\/equilibreazur.fr\/azur\/wp-content\/uploads\/2016\/12\/Aikido-3f-stage-2017-01-14-15.58.06-738x492.jpg 738w, https:\/\/equilibreazur.fr\/azur\/wp-content\/uploads\/2016\/12\/Aikido-3f-stage-2017-01-14-15.58.06-370x247.jpg 370w, https:\/\/equilibreazur.fr\/azur\/wp-content\/uploads\/2016\/12\/Aikido-3f-stage-2017-01-14-15.58.06-600x400.jpg 600w, https:\/\/equilibreazur.fr\/azur\/wp-content\/uploads\/2016\/12\/Aikido-3f-stage-2017-01-14-15.58.06.jpg 960w\" sizes=\"auto, (max-width: 738px) 100vw, 738px\" \/><figcaption class=\"wp-element-caption\">Stage E. Savalli &#8211; Aikidoo3f  01\/2017<\/figcaption><\/figure>\n\n\n\n<figure class=\"wp-block-image size-large\"><img alt=\"\" loading=\"lazy\" decoding=\"async\" width=\"738\" height=\"492\" data-id=\"6758\" src=\"https:\/\/equilibreazur.fr\/azur\/wp-content\/uploads\/2016\/07\/2016-06-19-12.39.42-aikido-Lewis-De-Quiros-Nice-738x492.jpg\" alt=\"\" class=\"wp-image-6758\" srcset=\"https:\/\/equilibreazur.fr\/azur\/wp-content\/uploads\/2016\/07\/2016-06-19-12.39.42-aikido-Lewis-De-Quiros-Nice-738x492.jpg 738w, https:\/\/equilibreazur.fr\/azur\/wp-content\/uploads\/2016\/07\/2016-06-19-12.39.42-aikido-Lewis-De-Quiros-Nice-370x247.jpg 370w, https:\/\/equilibreazur.fr\/azur\/wp-content\/uploads\/2016\/07\/2016-06-19-12.39.42-aikido-Lewis-De-Quiros-Nice-600x400.jpg 600w, https:\/\/equilibreazur.fr\/azur\/wp-content\/uploads\/2016\/07\/2016-06-19-12.39.42-aikido-Lewis-De-Quiros-Nice.jpg 960w\" sizes=\"auto, (max-width: 738px) 100vw, 738px\" \/><figcaption class=\"wp-element-caption\">Aikido &#8211; Lewis de Quiros &#8211; 06\/2016<\/figcaption><\/figure>\n\n\n\n<figure class=\"wp-block-image size-large\"><img alt=\"\" loading=\"lazy\" decoding=\"async\" width=\"675\" height=\"675\" data-id=\"6703\" src=\"https:\/\/equilibreazur.fr\/azur\/wp-content\/uploads\/2016\/04\/2016-05-29-08.24.32-aikido-serge-maniey-675x675.jpg\" alt=\"\" class=\"wp-image-6703\" srcset=\"https:\/\/equilibreazur.fr\/azur\/wp-content\/uploads\/2016\/04\/2016-05-29-08.24.32-aikido-serge-maniey-675x675.jpg 675w, https:\/\/equilibreazur.fr\/azur\/wp-content\/uploads\/2016\/04\/2016-05-29-08.24.32-aikido-serge-maniey-200x200.jpg 200w, https:\/\/equilibreazur.fr\/azur\/wp-content\/uploads\/2016\/04\/2016-05-29-08.24.32-aikido-serge-maniey-370x370.jpg 370w, https:\/\/equilibreazur.fr\/azur\/wp-content\/uploads\/2016\/04\/2016-05-29-08.24.32-aikido-serge-maniey-600x600.jpg 600w, https:\/\/equilibreazur.fr\/azur\/wp-content\/uploads\/2016\/04\/2016-05-29-08.24.32-aikido-serge-maniey.jpg 960w\" sizes=\"auto, (max-width: 675px) 100vw, 675px\" \/><figcaption class=\"wp-element-caption\">Stage Aikido avec Serge Maniey &#8211; 05\/2016<\/figcaption><\/figure>\n\n\n\n<figure class=\"wp-block-image size-large\"><img alt=\"\" loading=\"lazy\" decoding=\"async\" width=\"738\" height=\"492\" data-id=\"6555\" src=\"https:\/\/equilibreazur.fr\/azur\/wp-content\/uploads\/2016\/02\/2016-02-Aikido-Nice-Toutain-75-738x492.jpg\" alt=\"\" class=\"wp-image-6555\" srcset=\"https:\/\/equilibreazur.fr\/azur\/wp-content\/uploads\/2016\/02\/2016-02-Aikido-Nice-Toutain-75-738x492.jpg 738w, https:\/\/equilibreazur.fr\/azur\/wp-content\/uploads\/2016\/02\/2016-02-Aikido-Nice-Toutain-75-370x247.jpg 370w, https:\/\/equilibreazur.fr\/azur\/wp-content\/uploads\/2016\/02\/2016-02-Aikido-Nice-Toutain-75-768x512.jpg 768w, https:\/\/equilibreazur.fr\/azur\/wp-content\/uploads\/2016\/02\/2016-02-Aikido-Nice-Toutain-75-600x400.jpg 600w, https:\/\/equilibreazur.fr\/azur\/wp-content\/uploads\/2016\/02\/2016-02-Aikido-Nice-Toutain-75.jpg 960w\" sizes=\"auto, (max-width: 738px) 100vw, 738px\" \/><figcaption class=\"wp-element-caption\">Seminar with Daniel Toutain and Sonia Tomioka-Toutain<\/figcaption><\/figure>\n\n\n\n<figure class=\"wp-block-image size-large\"><img alt=\"\" loading=\"lazy\" decoding=\"async\" width=\"738\" height=\"415\" data-id=\"6541\" src=\"https:\/\/equilibreazur.fr\/azur\/wp-content\/uploads\/2016\/02\/2016-02-Aikido-Nice-Toutain-22-738x415.jpg\" alt=\"\" class=\"wp-image-6541\" srcset=\"https:\/\/equilibreazur.fr\/azur\/wp-content\/uploads\/2016\/02\/2016-02-Aikido-Nice-Toutain-22-738x415.jpg 738w, https:\/\/equilibreazur.fr\/azur\/wp-content\/uploads\/2016\/02\/2016-02-Aikido-Nice-Toutain-22-370x208.jpg 370w, https:\/\/equilibreazur.fr\/azur\/wp-content\/uploads\/2016\/02\/2016-02-Aikido-Nice-Toutain-22-768x432.jpg 768w, https:\/\/equilibreazur.fr\/azur\/wp-content\/uploads\/2016\/02\/2016-02-Aikido-Nice-Toutain-22-600x338.jpg 600w, https:\/\/equilibreazur.fr\/azur\/wp-content\/uploads\/2016\/02\/2016-02-Aikido-Nice-Toutain-22.jpg 960w\" sizes=\"auto, (max-width: 738px) 100vw, 738px\" \/><figcaption class=\"wp-element-caption\">Seminar with Daniel Toutain and Sonia Tomioka-Toutain<\/figcaption><\/figure>\n\n\n\n<figure class=\"wp-block-image size-large\"><img alt=\"\" loading=\"lazy\" decoding=\"async\" width=\"675\" height=\"675\" data-id=\"6499\" src=\"https:\/\/equilibreazur.fr\/azur\/wp-content\/uploads\/2013\/12\/XSMY2021-675x675.jpg\" alt=\"\" class=\"wp-image-6499\" srcset=\"https:\/\/equilibreazur.fr\/azur\/wp-content\/uploads\/2013\/12\/XSMY2021-675x675.jpg 675w, https:\/\/equilibreazur.fr\/azur\/wp-content\/uploads\/2013\/12\/XSMY2021-200x200.jpg 200w, https:\/\/equilibreazur.fr\/azur\/wp-content\/uploads\/2013\/12\/XSMY2021-370x370.jpg 370w, https:\/\/equilibreazur.fr\/azur\/wp-content\/uploads\/2013\/12\/XSMY2021-768x768.jpg 768w, https:\/\/equilibreazur.fr\/azur\/wp-content\/uploads\/2013\/12\/XSMY2021-600x600.jpg 600w, https:\/\/equilibreazur.fr\/azur\/wp-content\/uploads\/2013\/12\/XSMY2021.jpg 960w\" sizes=\"auto, (max-width: 675px) 100vw, 675px\" \/><\/figure>\n\n\n\n<figure class=\"wp-block-image size-large\"><img alt=\"\" loading=\"lazy\" decoding=\"async\" width=\"640\" height=\"275\" data-id=\"6452\" src=\"https:\/\/equilibreazur.fr\/azur\/wp-content\/uploads\/2015\/12\/2013-02-09-KoshukaiAiacciu_26_cStefBravin.jpg\" alt=\"\" class=\"wp-image-6452\" srcset=\"https:\/\/equilibreazur.fr\/azur\/wp-content\/uploads\/2015\/12\/2013-02-09-KoshukaiAiacciu_26_cStefBravin.jpg 640w, https:\/\/equilibreazur.fr\/azur\/wp-content\/uploads\/2015\/12\/2013-02-09-KoshukaiAiacciu_26_cStefBravin-370x159.jpg 370w, https:\/\/equilibreazur.fr\/azur\/wp-content\/uploads\/2015\/12\/2013-02-09-KoshukaiAiacciu_26_cStefBravin-600x258.jpg 600w\" sizes=\"auto, (max-width: 640px) 100vw, 640px\" \/><figcaption class=\"wp-element-caption\">Stage Aikido &#8211; Ajaccio 02\/2013<\/figcaption><\/figure>\n\n\n\n<figure class=\"wp-block-image size-large\"><img alt=\"\" loading=\"lazy\" decoding=\"async\" width=\"449\" height=\"675\" data-id=\"6294\" src=\"https:\/\/equilibreazur.fr\/azur\/wp-content\/uploads\/2015\/11\/2015-09-26-15-15-13-aiki-dojo-fr-tristao-da-cunha-51-449x675.jpg\" alt=\"\" class=\"wp-image-6294\" srcset=\"https:\/\/equilibreazur.fr\/azur\/wp-content\/uploads\/2015\/11\/2015-09-26-15-15-13-aiki-dojo-fr-tristao-da-cunha-51-449x675.jpg 449w, https:\/\/equilibreazur.fr\/azur\/wp-content\/uploads\/2015\/11\/2015-09-26-15-15-13-aiki-dojo-fr-tristao-da-cunha-51-246x370.jpg 246w, https:\/\/equilibreazur.fr\/azur\/wp-content\/uploads\/2015\/11\/2015-09-26-15-15-13-aiki-dojo-fr-tristao-da-cunha-51-600x901.jpg 600w, https:\/\/equilibreazur.fr\/azur\/wp-content\/uploads\/2015\/11\/2015-09-26-15-15-13-aiki-dojo-fr-tristao-da-cunha-51.jpg 639w\" sizes=\"auto, (max-width: 449px) 100vw, 449px\" \/><figcaption class=\"wp-element-caption\">Seminar directed by Tristao Da Cunha Sensei &#8211; 09\/2015 &#8211; Organized by Aiki Dojo Azur \/ Eric Savalli<\/figcaption><\/figure>\n\n\n\n<figure class=\"wp-block-image size-large\"><img alt=\"\" loading=\"lazy\" decoding=\"async\" width=\"738\" height=\"492\" data-id=\"6281\" src=\"https:\/\/equilibreazur.fr\/azur\/wp-content\/uploads\/2015\/11\/2015-09-26-12-37-31-aiki-dojo-fr-tristao-da-cunha-46-738x492.jpg\" alt=\"\" class=\"wp-image-6281\" srcset=\"https:\/\/equilibreazur.fr\/azur\/wp-content\/uploads\/2015\/11\/2015-09-26-12-37-31-aiki-dojo-fr-tristao-da-cunha-46-738x492.jpg 738w, https:\/\/equilibreazur.fr\/azur\/wp-content\/uploads\/2015\/11\/2015-09-26-12-37-31-aiki-dojo-fr-tristao-da-cunha-46-370x247.jpg 370w, https:\/\/equilibreazur.fr\/azur\/wp-content\/uploads\/2015\/11\/2015-09-26-12-37-31-aiki-dojo-fr-tristao-da-cunha-46-600x400.jpg 600w, https:\/\/equilibreazur.fr\/azur\/wp-content\/uploads\/2015\/11\/2015-09-26-12-37-31-aiki-dojo-fr-tristao-da-cunha-46.jpg 960w\" sizes=\"auto, (max-width: 738px) 100vw, 738px\" \/><figcaption class=\"wp-element-caption\">Seminar directed by Tristao Da Cunha Sensei &#8211; 09\/2015 &#8211; Organized by Aiki Dojo Azur \/ Eric Savalli<\/figcaption><\/figure>\n<\/figure>\n\n\n\n<figure class=\"wp-block-gallery has-nested-images columns-default is-cropped wp-block-gallery-2 is-layout-flex wp-block-gallery-is-layout-flex\">\n<figure class=\"wp-block-image size-large\"><img alt=\"\" loading=\"lazy\" decoding=\"async\" width=\"738\" height=\"415\" data-id=\"8410\" src=\"https:\/\/equilibreazur.fr\/azur\/wp-content\/uploads\/2020\/08\/2019-cours-jeunes-aikido-yoga-738x415.jpg\" alt=\"\" class=\"wp-image-8410\" srcset=\"https:\/\/equilibreazur.fr\/azur\/wp-content\/uploads\/2020\/08\/2019-cours-jeunes-aikido-yoga-738x415.jpg 738w, https:\/\/equilibreazur.fr\/azur\/wp-content\/uploads\/2020\/08\/2019-cours-jeunes-aikido-yoga-370x208.jpg 370w, https:\/\/equilibreazur.fr\/azur\/wp-content\/uploads\/2020\/08\/2019-cours-jeunes-aikido-yoga.jpg 1024w\" sizes=\"auto, (max-width: 738px) 100vw, 738px\" \/><figcaption class=\"wp-element-caption\">Yoga et Aikido avec Aiki Dojo Azur &#8211; Section cours enfants et Jeunes<\/figcaption><\/figure>\n<\/figure>\n\n\n\n<figure class=\"wp-block-image size-large\"><img loading=\"lazy\" decoding=\"async\" width=\"738\" height=\"415\" src=\"https:\/\/equilibreazur.fr\/azur\/wp-content\/uploads\/2023\/07\/aikido-enfants-738x415.jpg\" alt=\"Cours Aikido pour jeunes et enfans\" class=\"wp-image-9638\" srcset=\"https:\/\/equilibreazur.fr\/azur\/wp-content\/uploads\/2023\/07\/aikido-enfants-738x415.jpg 738w, https:\/\/equilibreazur.fr\/azur\/wp-content\/uploads\/2023\/07\/aikido-enfants-370x208.jpg 370w, https:\/\/equilibreazur.fr\/azur\/wp-content\/uploads\/2023\/07\/aikido-enfants-1536x864.jpg 1536w, https:\/\/equilibreazur.fr\/azur\/wp-content\/uploads\/2023\/07\/aikido-enfants.jpg 1600w\" sizes=\"auto, (max-width: 738px) 100vw, 738px\" \/><\/figure>\n\n\n\n<figure class=\"wp-block-gallery has-nested-images columns-default is-cropped wp-block-gallery-3 is-layout-flex wp-block-gallery-is-layout-flex\">\n<figure class=\"wp-block-image size-large\"><img alt=\"\" loading=\"lazy\" decoding=\"async\" width=\"738\" height=\"491\" data-id=\"9484\" src=\"https:\/\/equilibreazur.fr\/azur\/wp-content\/uploads\/2023\/03\/23592199_1492970127407123_3998575387233043423_o-738x491.jpg\" alt=\"\" class=\"wp-image-9484\" srcset=\"https:\/\/equilibreazur.fr\/azur\/wp-content\/uploads\/2023\/03\/23592199_1492970127407123_3998575387233043423_o-738x491.jpg 738w, https:\/\/equilibreazur.fr\/azur\/wp-content\/uploads\/2023\/03\/23592199_1492970127407123_3998575387233043423_o-370x246.jpg 370w, https:\/\/equilibreazur.fr\/azur\/wp-content\/uploads\/2023\/03\/23592199_1492970127407123_3998575387233043423_o.jpg 1200w\" sizes=\"auto, (max-width: 738px) 100vw, 738px\" \/><\/figure>\n\n\n\n<figure class=\"wp-block-image size-large\"><img alt=\"\" loading=\"lazy\" decoding=\"async\" width=\"738\" height=\"491\" data-id=\"9485\" src=\"https:\/\/equilibreazur.fr\/azur\/wp-content\/uploads\/2023\/03\/EmptyName-738x491.jpg\" alt=\"\" class=\"wp-image-9485\" srcset=\"https:\/\/equilibreazur.fr\/azur\/wp-content\/uploads\/2023\/03\/EmptyName-738x491.jpg 738w, https:\/\/equilibreazur.fr\/azur\/wp-content\/uploads\/2023\/03\/EmptyName-370x246.jpg 370w, https:\/\/equilibreazur.fr\/azur\/wp-content\/uploads\/2023\/03\/EmptyName.jpg 1200w\" sizes=\"auto, (max-width: 738px) 100vw, 738px\" \/><\/figure>\n\n\n\n<figure class=\"wp-block-image size-large\"><img alt=\"\" loading=\"lazy\" decoding=\"async\" width=\"738\" height=\"492\" data-id=\"9486\" src=\"https:\/\/equilibreazur.fr\/azur\/wp-content\/uploads\/2023\/03\/EmptyName-1-738x492.jpg\" alt=\"\" class=\"wp-image-9486\" srcset=\"https:\/\/equilibreazur.fr\/azur\/wp-content\/uploads\/2023\/03\/EmptyName-1-738x492.jpg 738w, https:\/\/equilibreazur.fr\/azur\/wp-content\/uploads\/2023\/03\/EmptyName-1-370x247.jpg 370w, https:\/\/equilibreazur.fr\/azur\/wp-content\/uploads\/2023\/03\/EmptyName-1.jpg 1200w\" sizes=\"auto, (max-width: 738px) 100vw, 738px\" \/><\/figure>\n\n\n\n<figure class=\"wp-block-image size-large\"><img alt=\"\" loading=\"lazy\" decoding=\"async\" width=\"738\" height=\"491\" data-id=\"9487\" src=\"https:\/\/equilibreazur.fr\/azur\/wp-content\/uploads\/2023\/03\/2010-05-21-Turino-HS-Web-17-13-56-1-738x491.jpg\" alt=\"\" class=\"wp-image-9487\" srcset=\"https:\/\/equilibreazur.fr\/azur\/wp-content\/uploads\/2023\/03\/2010-05-21-Turino-HS-Web-17-13-56-1-738x491.jpg 738w, https:\/\/equilibreazur.fr\/azur\/wp-content\/uploads\/2023\/03\/2010-05-21-Turino-HS-Web-17-13-56-1-370x246.jpg 370w, https:\/\/equilibreazur.fr\/azur\/wp-content\/uploads\/2023\/03\/2010-05-21-Turino-HS-Web-17-13-56-1.jpg 1200w\" sizes=\"auto, (max-width: 738px) 100vw, 738px\" \/><\/figure>\n\n\n\n<figure class=\"wp-block-image size-large\"><img alt=\"\" loading=\"lazy\" decoding=\"async\" width=\"738\" height=\"492\" data-id=\"9488\" src=\"https:\/\/equilibreazur.fr\/azur\/wp-content\/uploads\/2023\/03\/Seminar-with-SAITO-Hitohira-Sensei-Rennes-11-2016-738x492.jpg\" alt=\"\" class=\"wp-image-9488\" srcset=\"https:\/\/equilibreazur.fr\/azur\/wp-content\/uploads\/2023\/03\/Seminar-with-SAITO-Hitohira-Sensei-Rennes-11-2016-738x492.jpg 738w, https:\/\/equilibreazur.fr\/azur\/wp-content\/uploads\/2023\/03\/Seminar-with-SAITO-Hitohira-Sensei-Rennes-11-2016-370x247.jpg 370w, https:\/\/equilibreazur.fr\/azur\/wp-content\/uploads\/2023\/03\/Seminar-with-SAITO-Hitohira-Sensei-Rennes-11-2016.jpg 1200w\" sizes=\"auto, (max-width: 738px) 100vw, 738px\" \/><figcaption class=\"wp-element-caption\">Seminar with SAITO Hitohira Sensei &#8211; Rennes 11\/2016<\/figcaption><\/figure>\n\n\n\n<figure class=\"wp-block-image size-large\"><img alt=\"\" loading=\"lazy\" decoding=\"async\" width=\"738\" height=\"493\" data-id=\"9489\" src=\"https:\/\/equilibreazur.fr\/azur\/wp-content\/uploads\/2023\/03\/DSC3999-738x493.jpg\" alt=\"\" class=\"wp-image-9489\" srcset=\"https:\/\/equilibreazur.fr\/azur\/wp-content\/uploads\/2023\/03\/DSC3999-738x493.jpg 738w, https:\/\/equilibreazur.fr\/azur\/wp-content\/uploads\/2023\/03\/DSC3999-370x247.jpg 370w, https:\/\/equilibreazur.fr\/azur\/wp-content\/uploads\/2023\/03\/DSC3999.jpg 1200w\" sizes=\"auto, (max-width: 738px) 100vw, 738px\" \/><figcaption class=\"wp-element-caption\">Seminar with SAITO Hitohira Sensei &#8211; Aiki Shuren Dojo Modena &#8211; Fabio Luppi<\/figcaption><\/figure>\n\n\n\n<figure class=\"wp-block-image size-large\"><img alt=\"\" loading=\"lazy\" decoding=\"async\" width=\"738\" height=\"493\" data-id=\"9490\" src=\"https:\/\/equilibreazur.fr\/azur\/wp-content\/uploads\/2023\/03\/DSC4004-738x493.jpg\" alt=\"\" class=\"wp-image-9490\" srcset=\"https:\/\/equilibreazur.fr\/azur\/wp-content\/uploads\/2023\/03\/DSC4004-738x493.jpg 738w, https:\/\/equilibreazur.fr\/azur\/wp-content\/uploads\/2023\/03\/DSC4004-370x247.jpg 370w, https:\/\/equilibreazur.fr\/azur\/wp-content\/uploads\/2023\/03\/DSC4004.jpg 1200w\" sizes=\"auto, (max-width: 738px) 100vw, 738px\" \/><figcaption class=\"wp-element-caption\">Seminar with SAITO Hitohira Sensei &#8211; Aiki Shuren Dojo Modena &#8211; Fabio Luppi<\/figcaption><\/figure>\n\n\n\n<figure class=\"wp-block-image size-large\"><img alt=\"\" loading=\"lazy\" decoding=\"async\" width=\"738\" height=\"553\" data-id=\"9491\" src=\"https:\/\/equilibreazur.fr\/azur\/wp-content\/uploads\/2023\/03\/060623_105235-738x553.jpg\" alt=\"\" class=\"wp-image-9491\" srcset=\"https:\/\/equilibreazur.fr\/azur\/wp-content\/uploads\/2023\/03\/060623_105235-738x553.jpg 738w, https:\/\/equilibreazur.fr\/azur\/wp-content\/uploads\/2023\/03\/060623_105235-370x277.jpg 370w, https:\/\/equilibreazur.fr\/azur\/wp-content\/uploads\/2023\/03\/060623_105235.jpg 1200w\" sizes=\"auto, (max-width: 738px) 100vw, 738px\" \/><figcaption class=\"wp-element-caption\">2006-06-23-Trieste-Italy Saito Hitohira Sensei<\/figcaption><\/figure>\n\n\n\n<figure class=\"wp-block-image size-large\"><img alt=\"\" loading=\"lazy\" decoding=\"async\" width=\"738\" height=\"554\" data-id=\"9492\" src=\"https:\/\/equilibreazur.fr\/azur\/wp-content\/uploads\/2023\/03\/060623_103145-738x554.jpg\" alt=\"\" class=\"wp-image-9492\" srcset=\"https:\/\/equilibreazur.fr\/azur\/wp-content\/uploads\/2023\/03\/060623_103145-738x554.jpg 738w, https:\/\/equilibreazur.fr\/azur\/wp-content\/uploads\/2023\/03\/060623_103145-370x278.jpg 370w, https:\/\/equilibreazur.fr\/azur\/wp-content\/uploads\/2023\/03\/060623_103145.jpg 1200w\" sizes=\"auto, (max-width: 738px) 100vw, 738px\" \/><figcaption class=\"wp-element-caption\">2006-06-23-Trieste-Italy Saito Hitohira Sensei<\/figcaption><\/figure>\n\n\n\n<figure class=\"wp-block-image size-large\"><img alt=\"\" loading=\"lazy\" decoding=\"async\" width=\"738\" height=\"415\" data-id=\"9493\" src=\"https:\/\/equilibreazur.fr\/azur\/wp-content\/uploads\/2023\/03\/2017-06-Chateaunneuf-AT-17-06-04-13-46-06-738x415.jpg\" alt=\"\" class=\"wp-image-9493\" srcset=\"https:\/\/equilibreazur.fr\/azur\/wp-content\/uploads\/2023\/03\/2017-06-Chateaunneuf-AT-17-06-04-13-46-06-738x415.jpg 738w, https:\/\/equilibreazur.fr\/azur\/wp-content\/uploads\/2023\/03\/2017-06-Chateaunneuf-AT-17-06-04-13-46-06-370x208.jpg 370w, https:\/\/equilibreazur.fr\/azur\/wp-content\/uploads\/2023\/03\/2017-06-Chateaunneuf-AT-17-06-04-13-46-06.jpg 1200w\" sizes=\"auto, (max-width: 738px) 100vw, 738px\" \/><figcaption class=\"wp-element-caption\">2017-06 Aikido Seminar w\/ Alessandro Tittarelli &#8211; Aiki Dojo Azur<\/figcaption><\/figure>\n\n\n\n<figure class=\"wp-block-image size-large\"><img alt=\"\" loading=\"lazy\" decoding=\"async\" width=\"738\" height=\"493\" data-id=\"9496\" src=\"https:\/\/equilibreazur.fr\/azur\/wp-content\/uploads\/2023\/03\/1995-05-006-738x493.jpg\" alt=\"\" class=\"wp-image-9496\" srcset=\"https:\/\/equilibreazur.fr\/azur\/wp-content\/uploads\/2023\/03\/1995-05-006-738x493.jpg 738w, https:\/\/equilibreazur.fr\/azur\/wp-content\/uploads\/2023\/03\/1995-05-006-370x247.jpg 370w, https:\/\/equilibreazur.fr\/azur\/wp-content\/uploads\/2023\/03\/1995-05-006.jpg 1200w\" sizes=\"auto, (max-width: 738px) 100vw, 738px\" \/><\/figure>\n\n\n\n<figure class=\"wp-block-image size-large\"><img alt=\"\" loading=\"lazy\" decoding=\"async\" width=\"738\" height=\"488\" data-id=\"9494\" src=\"https:\/\/equilibreazur.fr\/azur\/wp-content\/uploads\/2023\/03\/1998-05-iwama-042-738x488.jpg\" alt=\"\" class=\"wp-image-9494\" srcset=\"https:\/\/equilibreazur.fr\/azur\/wp-content\/uploads\/2023\/03\/1998-05-iwama-042-738x488.jpg 738w, https:\/\/equilibreazur.fr\/azur\/wp-content\/uploads\/2023\/03\/1998-05-iwama-042-370x245.jpg 370w, https:\/\/equilibreazur.fr\/azur\/wp-content\/uploads\/2023\/03\/1998-05-iwama-042.jpg 1200w\" sizes=\"auto, (max-width: 738px) 100vw, 738px\" \/><\/figure>\n\n\n\n<figure class=\"wp-block-image size-large\"><img alt=\"\" loading=\"lazy\" decoding=\"async\" width=\"738\" height=\"493\" data-id=\"9495\" src=\"https:\/\/equilibreazur.fr\/azur\/wp-content\/uploads\/2023\/03\/1995-05-012-IWAMAc-738x493.jpg\" alt=\"\" class=\"wp-image-9495\" srcset=\"https:\/\/equilibreazur.fr\/azur\/wp-content\/uploads\/2023\/03\/1995-05-012-IWAMAc-738x493.jpg 738w, https:\/\/equilibreazur.fr\/azur\/wp-content\/uploads\/2023\/03\/1995-05-012-IWAMAc-370x247.jpg 370w, https:\/\/equilibreazur.fr\/azur\/wp-content\/uploads\/2023\/03\/1995-05-012-IWAMAc.jpg 1200w\" sizes=\"auto, (max-width: 738px) 100vw, 738px\" \/><\/figure>\n<\/figure>\n\n\n\n<figure class=\"wp-block-image alignwide size-large\"><img alt=\"\" loading=\"lazy\" decoding=\"async\" width=\"450\" height=\"675\" src=\"https:\/\/equilibreazur.fr\/azur\/wp-content\/uploads\/2023\/03\/O-sensei-ueshiba-renshu-450x675.jpg\" alt=\"\" class=\"wp-image-9513\" srcset=\"https:\/\/equilibreazur.fr\/azur\/wp-content\/uploads\/2023\/03\/O-sensei-ueshiba-renshu-450x675.jpg 450w, https:\/\/equilibreazur.fr\/azur\/wp-content\/uploads\/2023\/03\/O-sensei-ueshiba-renshu-247x370.jpg 247w, https:\/\/equilibreazur.fr\/azur\/wp-content\/uploads\/2023\/03\/O-sensei-ueshiba-renshu-1023x1536.jpg 1023w, https:\/\/equilibreazur.fr\/azur\/wp-content\/uploads\/2023\/03\/O-sensei-ueshiba-renshu.jpg 1028w\" sizes=\"auto, (max-width: 450px) 100vw, 450px\" \/><\/figure>\n\n\n\n<p>Vous pouvez visualiser de bien nombreuses photos prises lors d&rsquo;\u00e9v\u00e9nements sp\u00e9cifiques ici&#8230;<\/p>\n\n\n\n<div class=\"wp-block-buttons is-layout-flex wp-block-buttons-is-layout-flex\">\n<div class=\"wp-block-button\"><a class=\"wp-block-button__link has-black-color has-luminous-vivid-amber-background-color has-text-color has-background wp-element-button\" href=\"https:\/\/equilibreazur.fr\/azur\/cle\/photo\/\" target=\"_blank\" rel=\"noreferrer noopener\">Voir les articles de photos<\/a><\/div>\n<\/div>\n\n\n\n<h2 class=\"wp-block-heading\">Galerie vid\u00e9os<\/h2>\n\n\n\n<div class=\"wp-block-columns is-layout-flex wp-container-core-columns-is-layout-9d6595d7 wp-block-columns-is-layout-flex\">\n<div class=\"wp-block-column is-layout-flow wp-block-column-is-layout-flow\">\n<h3 class=\"wp-block-heading\">D\u00e9monstration Aikido<br>Forum 09\/2014<\/h3>\n\n\n\n<figure class=\"wp-block-embed is-type-video is-provider-youtube wp-block-embed-youtube wp-embed-aspect-16-9 wp-has-aspect-ratio\"><div class=\"wp-block-embed__wrapper\">\n<iframe loading=\"lazy\" title=\"2014 09 D\u00e9monstration Aikido - Iwama Aikido Opio French Riviera - Eric Savalli &amp; students\" width=\"1200\" height=\"675\" src=\"https:\/\/www.youtube.com\/embed\/aMLLfXXBD0Q?feature=oembed\" frameborder=\"0\" allow=\"accelerometer; autoplay; clipboard-write; encrypted-media; gyroscope; picture-in-picture; web-share\" referrerpolicy=\"strict-origin-when-cross-origin\" allowfullscreen><\/iframe>\n<\/div><figcaption class=\"wp-element-caption\">Vid\u00e9o de d\u00e9monstration d\u2019Aikido r\u00e9alis\u00e9e par AIKI DOJO AZUR lors du forum des association de Opio (06) \u00e0 c\u00f4t\u00e9 de la ville de Grasse en Septembre 2014<\/figcaption><\/figure>\n<\/div>\n\n\n\n<div class=\"wp-block-column is-layout-flow wp-block-column-is-layout-flow\">\n<h3 class=\"wp-block-heading\">D\u00e9monstration Aikido<br>Olympiades 06\/2012<\/h3>\n\n\n\n<figure class=\"wp-block-embed is-type-video is-provider-youtube wp-block-embed-youtube wp-embed-aspect-16-9 wp-has-aspect-ratio\"><div class=\"wp-block-embed__wrapper\">\n<iframe loading=\"lazy\" title=\"D\u00e9monstration Aiki Dojo Azur - Olympiades 2012\" width=\"1200\" height=\"675\" src=\"https:\/\/www.youtube.com\/embed\/oHn3oE3Mnt0?feature=oembed\" frameborder=\"0\" allow=\"accelerometer; autoplay; clipboard-write; encrypted-media; gyroscope; picture-in-picture; web-share\" referrerpolicy=\"strict-origin-when-cross-origin\" allowfullscreen><\/iframe>\n<\/div><figcaption class=\"wp-element-caption\">Compilation de la d\u00e9monstration r\u00e9alis\u00e9e par les \u00e9l\u00e8ves d\u2019Eric SAVALLI, lors des Olympiades 2012 de Chateauneuf de Grasse (06) en Juin 2012. Eric Savalli \u00e9tait alors en stage en Italie.<\/figcaption><\/figure>\n<\/div>\n<\/div>\n\n\n\n<div class=\"wp-block-columns is-layout-flex wp-container-core-columns-is-layout-9d6595d7 wp-block-columns-is-layout-flex\">\n<div class=\"wp-block-column is-layout-flow wp-block-column-is-layout-flow\">\n<h3 class=\"wp-block-heading\">D\u00e9monstration Aikido<br>Forum 09\/2011<\/h3>\n\n\n\n<figure class=\"wp-block-embed is-type-video is-provider-youtube wp-block-embed-youtube wp-embed-aspect-16-9 wp-has-aspect-ratio\"><div class=\"wp-block-embed__wrapper\">\n<iframe loading=\"lazy\" title=\"2011 09 Aiki Dojo Azur -  D\u00e9monstration Aikido Iwama Ryu - Forum des associations Chateauneuf\" width=\"1200\" height=\"675\" src=\"https:\/\/www.youtube.com\/embed\/yPAwR-N69NM?feature=oembed\" frameborder=\"0\" allow=\"accelerometer; autoplay; clipboard-write; encrypted-media; gyroscope; picture-in-picture; web-share\" referrerpolicy=\"strict-origin-when-cross-origin\" allowfullscreen><\/iframe>\n<\/div><figcaption class=\"wp-element-caption\">Compilation de la d\u00e9monstration r\u00e9alis\u00e9e par Eric SAVALLI et ses \u00e9l\u00e8ves, lors du forum des associations d\u2019Opio (06) en septembre 2011. Cette ann\u00e9e, quelques explications orales \u00e9taient donn\u00e9es pendant la d\u00e9monstration\u2026<\/figcaption><\/figure>\n<\/div>\n\n\n\n<div class=\"wp-block-column is-layout-flow wp-block-column-is-layout-flow\">\n<h3 class=\"wp-block-heading\">D\u00e9monstration Aikido<br>Forum 09\/2010<\/h3>\n\n\n\n<figure class=\"wp-block-embed is-type-video is-provider-youtube wp-block-embed-youtube wp-embed-aspect-16-9 wp-has-aspect-ratio\"><div class=\"wp-block-embed__wrapper\">\n<iframe loading=\"lazy\" title=\"2010-09-05 Demo Aiki Dojo Azur\" width=\"1200\" height=\"675\" src=\"https:\/\/www.youtube.com\/embed\/vXSxRQrXRW4?feature=oembed\" frameborder=\"0\" allow=\"accelerometer; autoplay; clipboard-write; encrypted-media; gyroscope; picture-in-picture; web-share\" referrerpolicy=\"strict-origin-when-cross-origin\" allowfullscreen><\/iframe>\n<\/div><figcaption class=\"wp-element-caption\">Yoan CHATELAIN, ancien \u00e9l\u00e8ve de Yann Besan\u00e7on, et St\u00e9phane BRAVIN, \u00e9l\u00e8ve de Eric Savalli, lors du forum des associations \u00e0 Chateauneuf de Grasse (06). (montage&nbsp;: Yoan Chatelain)<br><\/figcaption><\/figure>\n<\/div>\n<\/div>\n\n\n\n<div class=\"wp-block-columns is-layout-flex wp-container-core-columns-is-layout-9d6595d7 wp-block-columns-is-layout-flex\">\n<div class=\"wp-block-column is-layout-flow wp-block-column-is-layout-flow\">\n<h3 class=\"wp-block-heading\">D\u00e9monstration Aikido<br>Forum 09\/2009<\/h3>\n\n\n\n<figure class=\"wp-block-embed is-type-video is-provider-youtube wp-block-embed-youtube wp-embed-aspect-4-3 wp-has-aspect-ratio\"><div class=\"wp-block-embed__wrapper\">\n<iframe loading=\"lazy\" title=\"D\u00e9monstration Aikido \u00e0 Le Bar sur Loup (09\/2009) avec Aiki Dojo Azur - Eric Savalli\" width=\"1200\" height=\"900\" src=\"https:\/\/www.youtube.com\/embed\/0ghzuHeA7QM?feature=oembed\" frameborder=\"0\" allow=\"accelerometer; autoplay; clipboard-write; encrypted-media; gyroscope; picture-in-picture; web-share\" referrerpolicy=\"strict-origin-when-cross-origin\" allowfullscreen><\/iframe>\n<\/div><figcaption class=\"wp-element-caption\">D\u00e9monstration r\u00e9alis\u00e9e en septembre 2009 lors du forum des associations \u00e0 Le Bar Sur Loup (06). Les tatamis \u00e9taient brulants en raison du plein soleil \ud83d\ude42<\/figcaption><\/figure>\n<\/div>\n\n\n\n<div class=\"wp-block-column is-layout-flow wp-block-column-is-layout-flow\">\n<h3 class=\"wp-block-heading\">D\u00e9monstration Palais M\u00e9diterran\u00e9e<br>Nice 2006<\/h3>\n\n\n\n<figure class=\"wp-block-embed is-type-video is-provider-youtube wp-block-embed-youtube wp-embed-aspect-4-3 wp-has-aspect-ratio\"><div class=\"wp-block-embed__wrapper\">\n<iframe loading=\"lazy\" title=\"D\u00e9monstration Aikido Iwama AikiDojoAzur 02\/2006 au Palais de la M\u00e9diterran\u00e9e \u00e0 Nice\" width=\"1200\" height=\"900\" src=\"https:\/\/www.youtube.com\/embed\/PIoxQUCsPGg?feature=oembed\" frameborder=\"0\" allow=\"accelerometer; autoplay; clipboard-write; encrypted-media; gyroscope; picture-in-picture; web-share\" referrerpolicy=\"strict-origin-when-cross-origin\" allowfullscreen><\/iframe>\n<\/div><figcaption class=\"wp-element-caption\">Eric SAVALLI et ses \u00e9l\u00e8ves lors d\u2019une d\u00e9monstration d\u2019Aikido au Palais de M\u00e9diterran\u00e9e \u00e0 Nice en 2006 pour une \u0153uvre caritative<br><\/figcaption><\/figure>\n<\/div>\n<\/div>\n\n\n\n<div class=\"wp-block-columns is-layout-flex wp-container-core-columns-is-layout-9d6595d7 wp-block-columns-is-layout-flex\">\n<div class=\"wp-block-column is-layout-flow wp-block-column-is-layout-flow\">\n<h3 class=\"wp-block-heading\">Entrainement en ext\u00e9rieur<br>Cours 21\/09\/2010<\/h3>\n\n\n\n<figure class=\"wp-block-embed is-type-video is-provider-youtube wp-block-embed-youtube wp-embed-aspect-16-9 wp-has-aspect-ratio\"><div class=\"wp-block-embed__wrapper\">\n<iframe loading=\"lazy\" title=\"2010-09-21 Aikido Iwama Ryu - Entrainement \u00e0 l&#039;ext\u00e9rieur\" width=\"1200\" height=\"675\" src=\"https:\/\/www.youtube.com\/embed\/PlOZTI74KxY?feature=oembed\" frameborder=\"0\" allow=\"accelerometer; autoplay; clipboard-write; encrypted-media; gyroscope; picture-in-picture; web-share\" referrerpolicy=\"strict-origin-when-cross-origin\" allowfullscreen><\/iframe>\n<\/div><figcaption class=\"wp-element-caption\">Petit extrait de cours d&rsquo;armes&nbsp;:&nbsp;\u00ab\u00a0iwama ryu bukiwaza\u00a0\u00bb en plein-air \u00e0 Sophia-Antipolis \/ La Valmasque<\/figcaption><\/figure>\n<\/div>\n\n\n\n<div class=\"wp-block-column is-layout-flow wp-block-column-is-layout-flow\">\n<h3 class=\"wp-block-heading\">Aiki Dojo Azur- Kinen des 10 ans<br>Stage 05\/2013<\/h3>\n\n\n\n<figure class=\"wp-block-embed is-type-video is-provider-youtube wp-block-embed-youtube wp-embed-aspect-16-9 wp-has-aspect-ratio\"><div class=\"wp-block-embed__wrapper\">\n<iframe loading=\"lazy\" title=\"2013-05 Aiki Dojo Azur - Kinen 10 ans (video clip) - Aikido\" width=\"1200\" height=\"675\" src=\"https:\/\/www.youtube.com\/embed\/IvDHUKCLJ9U?feature=oembed\" frameborder=\"0\" allow=\"accelerometer; autoplay; clipboard-write; encrypted-media; gyroscope; picture-in-picture; web-share\" referrerpolicy=\"strict-origin-when-cross-origin\" allowfullscreen><\/iframe>\n<\/div><figcaption class=\"wp-element-caption\">Vid\u00e9o-clip du stage&nbsp;\u00ab\u00a0Kinen 10 ans\u00a0\u00bb c\u00e9l\u00e9brant l&rsquo;anniversaire des 10 ans d&rsquo;AIKI DOJO AZUR&nbsp;!<br><\/figcaption><\/figure>\n<\/div>\n<\/div>\n\n\n\n<div class=\"wp-block-columns is-layout-flex wp-container-core-columns-is-layout-9d6595d7 wp-block-columns-is-layout-flex\">\n<div class=\"wp-block-column is-layout-flow wp-block-column-is-layout-flow\">\n<h3 class=\"wp-block-heading\">Aikido pour les jeunes<br>FFAB<\/h3>\n\n\n\n<figure class=\"wp-block-embed is-type-video is-provider-youtube wp-block-embed-youtube wp-embed-aspect-16-9 wp-has-aspect-ratio\"><div class=\"wp-block-embed__wrapper\">\n<iframe loading=\"lazy\" title=\"L&#039;a\u00efkido un art martial adapt\u00e9 aux jeunes\" width=\"1200\" height=\"675\" src=\"https:\/\/www.youtube.com\/embed\/h_2TpUiYUDs?feature=oembed\" frameborder=\"0\" allow=\"accelerometer; autoplay; clipboard-write; encrypted-media; gyroscope; picture-in-picture; web-share\" referrerpolicy=\"strict-origin-when-cross-origin\" allowfullscreen><\/iframe>\n<\/div><figcaption class=\"wp-element-caption\">Aikido pour les jeunes &#8211; Video clip de la f\u00e9d\u00e9ration FFAB<\/figcaption><\/figure>\n<\/div>\n\n\n\n<div class=\"wp-block-column is-layout-flow wp-block-column-is-layout-flow\">\n<h3 class=\"wp-block-heading\">Aiki Dojo Azur- Kinen des 10 ans<br>Stage 05\/2013<\/h3>\n\n\n\n<figure class=\"wp-block-embed is-type-video is-provider-youtube wp-block-embed-youtube wp-embed-aspect-16-9 wp-has-aspect-ratio\"><div class=\"wp-block-embed__wrapper\">\n<iframe loading=\"lazy\" title=\"2013-05 Aiki Dojo Azur - Kinen 10 ans (video clip) - Aikido\" width=\"1200\" height=\"675\" src=\"https:\/\/www.youtube.com\/embed\/IvDHUKCLJ9U?feature=oembed\" frameborder=\"0\" allow=\"accelerometer; autoplay; clipboard-write; encrypted-media; gyroscope; picture-in-picture; web-share\" referrerpolicy=\"strict-origin-when-cross-origin\" allowfullscreen><\/iframe>\n<\/div><figcaption class=\"wp-element-caption\">Vid\u00e9o-clip du stage&nbsp;\u00ab\u00a0Kinen 10 ans\u00a0\u00bb c\u00e9l\u00e9brant l&rsquo;anniversaire des 10 ans d&rsquo;AIKI DOJO AZUR&nbsp;!<br><\/figcaption><\/figure>\n\n\n\n<p><\/p>\n<\/div>\n<\/div>\n\n\n\n<h2 class=\"wp-block-heading\">L&rsquo;\u00e9quipe enseignante<\/h2>\n\n\n\n<p>Eric Savallli est le&nbsp;\u00ab\u00a0<em>dojocho<\/em>\u00ab\u00a0, l\u2019enseignant principal du dojo qui assure la direction technique. Il est second\u00e9 par les&nbsp;\u00ab\u00a0<em>senpa\u00ef<\/em>-s\u00a0\u00bb, \u00e9l\u00e8ves-enseignants les plus avanc\u00e9s du dojo.<br>Tous les enseignants Aikido de l\u2019association sont des <strong>b\u00e9n\u00e9voles dipl\u00f4m\u00e9s et passionn\u00e9s<\/strong>.<\/p>\n\n\n\n<div class=\"wp-block-media-text is-stacked-on-mobile is-vertically-aligned-top\" style=\"grid-template-columns:25% auto\"><figure class=\"wp-block-media-text__media\"><img alt=\"Eric Savalli\" loading=\"lazy\" decoding=\"async\" width=\"555\" height=\"555\" src=\"https:\/\/equilibreazur.fr\/azur\/wp-content\/uploads\/2025\/08\/eric-savalli-portrait.jpg\" alt=\"\" class=\"wp-image-8197 size-full\" srcset=\"https:\/\/equilibreazur.fr\/azur\/wp-content\/uploads\/2025\/08\/eric-savalli-portrait.jpg 555w, https:\/\/equilibreazur.fr\/azur\/wp-content\/uploads\/2025\/08\/eric-savalli-portrait-370x370.jpg 370w, https:\/\/equilibreazur.fr\/azur\/wp-content\/uploads\/2025\/08\/eric-savalli-portrait-200x200.jpg 200w\" sizes=\"auto, (max-width: 555px) 100vw, 555px\" \/><\/figure><div class=\"wp-block-media-text__content\">\n<h3 class=\"wp-block-heading\">Eric Savalli<\/h3>\n\n\n\n<ul class=\"wp-block-list\">\n<li><em>5e Dan Japon &#8211; Iwama Shinshin Aiki Shurenkai &#8211; SAITO Soke<\/em><\/li>\n\n\n\n<li><em><em>6e Dan Fundamental Aikido &#8211; Daniel Toutain<\/em><\/em><\/li>\n\n\n\n<li><em>4e Dan Aikikai de Tokyo<\/em><\/li>\n\n\n\n<li><em>4e Dan CSDGE Aikido UFA<\/em><\/li>\n\n\n\n<li><em>Brevet f\u00e9d\u00e9ral Aikido<\/em><\/li>\n\n\n\n<li><em>Certifi\u00e9 PSC1 (Pr\u00e9vention et Secours Civiques Niveau 1)<\/em><\/li>\n<\/ul>\n\n\n\n<p>\u00c9ric a d\u00e9but\u00e9 l&rsquo;Aikido en 1988. Il pratique l&rsquo;enseignement de l&rsquo;Aikido de la famille SAITO (Iwama Ryu) depuis 1992.<br>Eric a suivi l\u2019enseignement de Daniel TOUTAIN Sensei de 1988 \u00e0 2021 (date \u00e0 laquelle ce dernier suit une direction diff\u00e9rente avec le WanoMichi&nbsp;\u00ae). <br>Il a \u00e9galement \u00e9t\u00e9 \u00e9l\u00e8ve de feu Morihiro SAITO, au Japon, en France et \u00e0 l&rsquo;\u00e9tranger, et fut son uke (partenaire de d\u00e9monstration) lors de stages internationaux.<\/p>\n\n\n\n<div class=\"wp-block-buttons is-layout-flex wp-block-buttons-is-layout-flex\">\n<div class=\"wp-block-button\"><a class=\"wp-block-button__link has-black-color has-luminous-vivid-amber-background-color has-text-color has-background wp-element-button\" href=\"https:\/\/equilibreazur.fr\/azur\/eric-savalli\/\">Plus d&rsquo;infos<\/a><\/div>\n<\/div>\n<\/div><\/div>\n\n\n\n<div class=\"wp-block-columns is-layout-flex wp-container-core-columns-is-layout-9d6595d7 wp-block-columns-is-layout-flex\">\n<div class=\"wp-block-column is-layout-flow wp-block-column-is-layout-flow\">\n<h3 class=\"wp-block-heading\">Luca Marchetti<\/h3>\n\n\n\n<div class=\"wp-block-media-text is-stacked-on-mobile is-vertically-aligned-top\"><figure class=\"wp-block-media-text__media\"><img loading=\"lazy\" decoding=\"async\" width=\"555\" height=\"555\" src=\"https:\/\/equilibreazur.fr\/azur\/wp-content\/uploads\/2025\/08\/luca-marchetti-portrait.jpg\" alt=\"Luca Marchetti\" class=\"wp-image-8201 size-full\" srcset=\"https:\/\/equilibreazur.fr\/azur\/wp-content\/uploads\/2025\/08\/luca-marchetti-portrait.jpg 555w, https:\/\/equilibreazur.fr\/azur\/wp-content\/uploads\/2025\/08\/luca-marchetti-portrait-370x370.jpg 370w, https:\/\/equilibreazur.fr\/azur\/wp-content\/uploads\/2025\/08\/luca-marchetti-portrait-200x200.jpg 200w\" sizes=\"auto, (max-width: 555px) 100vw, 555px\" \/><\/figure><div class=\"wp-block-media-text__content\"><\/div><\/div>\n\n\n\n<p><em>3e Dan Japon &#8211; Dento Aikido \u2013 Iwama Shinshin Aiki Shurenkai<\/em><br><em>3e Dan Fundamental Aikido Daniel Toutain<br>2e Dan CSDGE Aikido UFA<\/em><\/p>\n\n\n\n<p>Senpai au sein du dojo (ancien \u00e9l\u00e8ve), Luca enseigne l\u2019Aikido aux adultes. Luca suit l\u2019enseignement de SAITO Hitohira Sensei depuis 2001 et de Daniel TOUTAIN Sensei de 2010 \u00e0 2021.<\/p>\n\n\n\n<div class=\"wp-block-buttons is-layout-flex wp-block-buttons-is-layout-flex\">\n<div class=\"wp-block-button\"><a class=\"wp-block-button__link has-black-color has-luminous-vivid-amber-background-color has-text-color has-background wp-element-button\" href=\"https:\/\/equilibreazur.fr\/azur\/luca-marchetti\/\">Plus d&rsquo;infos<\/a><\/div>\n<\/div>\n<\/div>\n\n\n\n<div class=\"wp-block-column force-2-colonnes is-layout-flow wp-block-column-is-layout-flow\">\n<h3 class=\"wp-block-heading\">Simon\u00e9 Gisoni<\/h3>\n\n\n\n<div class=\"wp-block-media-text is-stacked-on-mobile is-vertically-aligned-top\"><figure class=\"wp-block-media-text__media\"><img loading=\"lazy\" decoding=\"async\" width=\"555\" height=\"555\" src=\"https:\/\/equilibreazur.fr\/azur\/wp-content\/uploads\/2025\/08\/simone-gisoni-portrait2.jpg\" alt=\"Simon\u00e9 Gisoni\" class=\"wp-image-8203 size-full\" srcset=\"https:\/\/equilibreazur.fr\/azur\/wp-content\/uploads\/2025\/08\/simone-gisoni-portrait2.jpg 555w, https:\/\/equilibreazur.fr\/azur\/wp-content\/uploads\/2025\/08\/simone-gisoni-portrait2-370x370.jpg 370w, https:\/\/equilibreazur.fr\/azur\/wp-content\/uploads\/2025\/08\/simone-gisoni-portrait2-200x200.jpg 200w\" sizes=\"auto, (max-width: 555px) 100vw, 555px\" \/><\/figure><div class=\"wp-block-media-text__content\"><\/div><\/div>\n\n\n\n<p><em>1er Dan \u2013 Iwama Shinshin Aiki Shurenkai<br>1er Dan \u2013 FFAB Aikikai de France<br>Brevet f\u00e9d\u00e9ral Aikido<br>Certificat PSC1 (Pr\u00e9vention et Secours Civiques 1)<\/em><\/p>\n\n\n\n<p>Simone assure les cours AIKIDO pour enfants\/ados le mercredi \u00e0 Roquefort-les-pins. Il a initi\u00e9 les plus jeunes (\u00e0 partir de 4&nbsp;ans) au KidsClub de Roquefort-les-pins.<\/p>\n\n\n\n<p>Simone suit l\u2019enseignement d\u2019Eric&nbsp;Savalli&nbsp; depuis 2015. Il participe r\u00e9guli\u00e8rement aux stages organis\u00e9s par les groupes <strong>Dento Iwama Ryu Aikido<\/strong> en France (DIRAF) et en Italie, pour suivre les enseignements de l\u2019\u00e9cole <strong>Iwama Shinshin Aiki Shurenkai<\/strong> de SAITO&nbsp;Hitohira&nbsp;Sensei et de son fils SAITO Yasuhiro (Morihiro Nidaime) Sensei.<\/p>\n\n\n\n<div class=\"wp-block-buttons is-layout-flex wp-block-buttons-is-layout-flex\"><\/div>\n<\/div>\n<\/div>\n\n\n\n<h2 class=\"wp-block-heading\">Dojo-s affili\u00e9s au Hombu-Dojo au Japon<\/h2>\n\n\n\n<p>Voir tous les dojos (iwamaaikido.com) en <a href=\"https:\/\/dojo.iwamaaikido.com\/?s=france\">FRANCE<\/a> et <a href=\"https:\/\/dojo.iwamaaikido.com\/?s=\">DANS LE MONDE<\/a>.<\/p>\n\n\n\n<iframe loading=\"lazy\" src=\"https:\/\/www.google.com\/maps\/d\/embed?mid=1jMgesxKn0LaqS7T6bl61iWMqlMddlQE&#038;ehbc=2E312F\" width=\"640\" height=\"480\"><\/iframe>\n\n\n\n<div class=\"wp-block-columns is-layout-flex wp-container-core-columns-is-layout-9d6595d7 wp-block-columns-is-layout-flex\">\n<div class=\"wp-block-column is-layout-flow wp-block-column-is-layout-flow\">\n<p class=\"has-text-align-right\">Voir toutes les vid\u00e9os publiques sur notre&nbsp;chaine&nbsp;YouTube&#8230;<\/p>\n<\/div>\n\n\n\n<div class=\"wp-block-column is-layout-flow wp-block-column-is-layout-flow\">\n<ul class=\"wp-block-social-links is-layout-flex wp-block-social-links-is-layout-flex\">\n\n\n\n\n\n\n\n<li class=\"wp-social-link wp-social-link-youtube  wp-block-social-link\"><a href=\"https:\/\/www.youtube.com\/user\/AikiDojoFr\/videos\" class=\"wp-block-social-link-anchor\"><svg width=\"24\" height=\"24\" viewBox=\"0 0 24 24\" version=\"1.1\" xmlns=\"http:\/\/www.w3.org\/2000\/svg\" aria-hidden=\"true\" focusable=\"false\"><path d=\"M21.8,8.001c0,0-0.195-1.378-0.795-1.985c-0.76-0.797-1.613-0.801-2.004-0.847c-2.799-0.202-6.997-0.202-6.997-0.202 h-0.009c0,0-4.198,0-6.997,0.202C4.608,5.216,3.756,5.22,2.995,6.016C2.395,6.623,2.2,8.001,2.2,8.001S2,9.62,2,11.238v1.517 c0,1.618,0.2,3.237,0.2,3.237s0.195,1.378,0.795,1.985c0.761,0.797,1.76,0.771,2.205,0.855c1.6,0.153,6.8,0.201,6.8,0.201 s4.203-0.006,7.001-0.209c0.391-0.047,1.243-0.051,2.004-0.847c0.6-0.607,0.795-1.985,0.795-1.985s0.2-1.618,0.2-3.237v-1.517 C22,9.62,21.8,8.001,21.8,8.001z M9.935,14.594l-0.001-5.62l5.404,2.82L9.935,14.594z\"><\/path><\/svg><span class=\"wp-block-social-link-label screen-reader-text\">YouTube<\/span><\/a><\/li><\/ul>\n<\/div>\n<\/div>\n\n\n\n<div class=\"wp-block-cover alignwide is-position-center-center\" style=\"min-height:375px;aspect-ratio:unset;\"><img alt=\"\" loading=\"lazy\" decoding=\"async\" width=\"960\" height=\"640\" class=\"wp-block-cover__image-background wp-image-7089\" alt=\"\" src=\"https:\/\/equilibreazur.fr\/azur\/wp-content\/uploads\/2017\/02\/2016-04-09-aikido-stevenage-bukiwaza.jpg\" style=\"object-position:52% 32%\" data-object-fit=\"cover\" data-object-position=\"52% 32%\" srcset=\"https:\/\/equilibreazur.fr\/azur\/wp-content\/uploads\/2017\/02\/2016-04-09-aikido-stevenage-bukiwaza.jpg 960w, https:\/\/equilibreazur.fr\/azur\/wp-content\/uploads\/2017\/02\/2016-04-09-aikido-stevenage-bukiwaza-370x247.jpg 370w, https:\/\/equilibreazur.fr\/azur\/wp-content\/uploads\/2017\/02\/2016-04-09-aikido-stevenage-bukiwaza-738x492.jpg 738w, https:\/\/equilibreazur.fr\/azur\/wp-content\/uploads\/2017\/02\/2016-04-09-aikido-stevenage-bukiwaza-600x400.jpg 600w\" sizes=\"auto, (max-width: 960px) 100vw, 960px\" \/><span aria-hidden=\"true\" class=\"wp-block-cover__background has-black-background-color has-background-dim-60 has-background-dim\"><\/span><div class=\"wp-block-cover__inner-container is-layout-flow wp-block-cover-is-layout-flow\">\n<p class=\"has-text-align-center has-luminous-vivid-amber-color has-text-color\" style=\"font-size:46px;line-height:1.1\"><strong>Pour plus d&rsquo;informations, n&rsquo;h\u00e9sitez pas \u00e0 nous contacter et \u00e0 venir pratiquer un cours d&rsquo;essai gratuit.<\/strong><\/p>\n\n\n\n<div class=\"wp-block-buttons is-horizontal is-content-justification-center is-layout-flex wp-container-core-buttons-is-layout-499968f5 wp-block-buttons-is-layout-flex\">\n<div class=\"wp-block-button\"><a class=\"wp-block-button__link has-text-color has-background wp-element-button\" href=\"mailto:contact@aikidojo.fr\" style=\"border-radius:3px;color:#00000a;background-color:#fffffa\">email<\/a><\/div>\n\n\n\n<div class=\"wp-block-button is-style-fill\"><a class=\"wp-block-button__link wp-element-button\" href=\"tel:+33-6-60-42-26-32\">t\u00e9l\u00e9phone<\/a><\/div>\n<\/div>\n<\/div><\/div>\n\n\n\n<div class=\"wp-block-cover alignwide is-position-center-center\" style=\"min-height:375px;aspect-ratio:unset;\"><img alt=\"\" loading=\"lazy\" decoding=\"async\" width=\"960\" height=\"640\" class=\"wp-block-cover__image-background wp-image-6538\" alt=\"\" src=\"https:\/\/equilibreazur.fr\/azur\/wp-content\/uploads\/2016\/02\/2016-02-Aikido-Nice-Toutain-17.jpg\" style=\"object-position:41% 51%\" data-object-fit=\"cover\" data-object-position=\"41% 51%\" srcset=\"https:\/\/equilibreazur.fr\/azur\/wp-content\/uploads\/2016\/02\/2016-02-Aikido-Nice-Toutain-17.jpg 960w, https:\/\/equilibreazur.fr\/azur\/wp-content\/uploads\/2016\/02\/2016-02-Aikido-Nice-Toutain-17-370x247.jpg 370w, https:\/\/equilibreazur.fr\/azur\/wp-content\/uploads\/2016\/02\/2016-02-Aikido-Nice-Toutain-17-768x512.jpg 768w, https:\/\/equilibreazur.fr\/azur\/wp-content\/uploads\/2016\/02\/2016-02-Aikido-Nice-Toutain-17-738x492.jpg 738w, https:\/\/equilibreazur.fr\/azur\/wp-content\/uploads\/2016\/02\/2016-02-Aikido-Nice-Toutain-17-600x400.jpg 600w\" sizes=\"auto, (max-width: 960px) 100vw, 960px\" \/><span aria-hidden=\"true\" class=\"wp-block-cover__background has-black-background-color has-background-dim-60 has-background-dim\"><\/span><div class=\"wp-block-cover__inner-container is-layout-flow wp-block-cover-is-layout-flow\">\n<p class=\"has-text-align-center has-text-color\" style=\"color:#fffffa;font-size:46px;line-height:1.1\"><strong><span class=\"has-inline-color has-luminous-vivid-amber-color\">Suivez-nous&nbsp;!<\/span><\/strong><\/p>\n\n\n\n<ul class=\"wp-block-social-links aligncenter is-style-pill-shape is-layout-flex wp-block-social-links-is-layout-flex\"><li class=\"wp-social-link wp-social-link-wordpress  wp-block-social-link\"><a href=\"https:\/\/equilibreazur.fr\/azur\/news\/\" class=\"wp-block-social-link-anchor\"><svg width=\"24\" height=\"24\" viewBox=\"0 0 24 24\" version=\"1.1\" xmlns=\"http:\/\/www.w3.org\/2000\/svg\" aria-hidden=\"true\" focusable=\"false\"><path d=\"M12.158,12.786L9.46,20.625c0.806,0.237,1.657,0.366,2.54,0.366c1.047,0,2.051-0.181,2.986-0.51 c-0.024-0.038-0.046-0.079-0.065-0.124L12.158,12.786z M3.009,12c0,3.559,2.068,6.634,5.067,8.092L3.788,8.341 C3.289,9.459,3.009,10.696,3.009,12z M18.069,11.546c0-1.112-0.399-1.881-0.741-2.48c-0.456-0.741-0.883-1.368-0.883-2.109 c0-0.826,0.627-1.596,1.51-1.596c0.04,0,0.078,0.005,0.116,0.007C16.472,3.904,14.34,3.009,12,3.009 c-3.141,0-5.904,1.612-7.512,4.052c0.211,0.007,0.41,0.011,0.579,0.011c0.94,0,2.396-0.114,2.396-0.114 C7.947,6.93,8.004,7.642,7.52,7.699c0,0-0.487,0.057-1.029,0.085l3.274,9.739l1.968-5.901l-1.401-3.838 C9.848,7.756,9.389,7.699,9.389,7.699C8.904,7.67,8.961,6.93,9.446,6.958c0,0,1.484,0.114,2.368,0.114 c0.94,0,2.397-0.114,2.397-0.114c0.485-0.028,0.542,0.684,0.057,0.741c0,0-0.488,0.057-1.029,0.085l3.249,9.665l0.897-2.996 C17.841,13.284,18.069,12.316,18.069,11.546z M19.889,7.686c0.039,0.286,0.06,0.593,0.06,0.924c0,0.912-0.171,1.938-0.684,3.22 l-2.746,7.94c2.673-1.558,4.47-4.454,4.47-7.771C20.991,10.436,20.591,8.967,19.889,7.686z M12,22C6.486,22,2,17.514,2,12 C2,6.486,6.486,2,12,2c5.514,0,10,4.486,10,10C22,17.514,17.514,22,12,22z\"><\/path><\/svg><span class=\"wp-block-social-link-label screen-reader-text\">WordPress<\/span><\/a><\/li>\n\n<li class=\"wp-social-link wp-social-link-facebook  wp-block-social-link\"><a href=\"https:\/\/www.facebook.com\/AikiDojoAzur\" class=\"wp-block-social-link-anchor\"><svg width=\"24\" height=\"24\" viewBox=\"0 0 24 24\" version=\"1.1\" xmlns=\"http:\/\/www.w3.org\/2000\/svg\" aria-hidden=\"true\" focusable=\"false\"><path d=\"M12 2C6.5 2 2 6.5 2 12c0 5 3.7 9.1 8.4 9.9v-7H7.9V12h2.5V9.8c0-2.5 1.5-3.9 3.8-3.9 1.1 0 2.2.2 2.2.2v2.5h-1.3c-1.2 0-1.6.8-1.6 1.6V12h2.8l-.4 2.9h-2.3v7C18.3 21.1 22 17 22 12c0-5.5-4.5-10-10-10z\"><\/path><\/svg><span class=\"wp-block-social-link-label screen-reader-text\">Facebook<\/span><\/a><\/li>\n\n<li class=\"wp-social-link wp-social-link-instagram  wp-block-social-link\"><a href=\"https:\/\/www.instagram.com\/aikidojoazur\" class=\"wp-block-social-link-anchor\"><svg width=\"24\" height=\"24\" viewBox=\"0 0 24 24\" version=\"1.1\" xmlns=\"http:\/\/www.w3.org\/2000\/svg\" aria-hidden=\"true\" focusable=\"false\"><path d=\"M12,4.622c2.403,0,2.688,0.009,3.637,0.052c0.877,0.04,1.354,0.187,1.671,0.31c0.42,0.163,0.72,0.358,1.035,0.673 c0.315,0.315,0.51,0.615,0.673,1.035c0.123,0.317,0.27,0.794,0.31,1.671c0.043,0.949,0.052,1.234,0.052,3.637 s-0.009,2.688-0.052,3.637c-0.04,0.877-0.187,1.354-0.31,1.671c-0.163,0.42-0.358,0.72-0.673,1.035 c-0.315,0.315-0.615,0.51-1.035,0.673c-0.317,0.123-0.794,0.27-1.671,0.31c-0.949,0.043-1.233,0.052-3.637,0.052 s-2.688-0.009-3.637-0.052c-0.877-0.04-1.354-0.187-1.671-0.31c-0.42-0.163-0.72-0.358-1.035-0.673 c-0.315-0.315-0.51-0.615-0.673-1.035c-0.123-0.317-0.27-0.794-0.31-1.671C4.631,14.688,4.622,14.403,4.622,12 s0.009-2.688,0.052-3.637c0.04-0.877,0.187-1.354,0.31-1.671c0.163-0.42,0.358-0.72,0.673-1.035 c0.315-0.315,0.615-0.51,1.035-0.673c0.317-0.123,0.794-0.27,1.671-0.31C9.312,4.631,9.597,4.622,12,4.622 M12,3 C9.556,3,9.249,3.01,8.289,3.054C7.331,3.098,6.677,3.25,6.105,3.472C5.513,3.702,5.011,4.01,4.511,4.511 c-0.5,0.5-0.808,1.002-1.038,1.594C3.25,6.677,3.098,7.331,3.054,8.289C3.01,9.249,3,9.556,3,12c0,2.444,0.01,2.751,0.054,3.711 c0.044,0.958,0.196,1.612,0.418,2.185c0.23,0.592,0.538,1.094,1.038,1.594c0.5,0.5,1.002,0.808,1.594,1.038 c0.572,0.222,1.227,0.375,2.185,0.418C9.249,20.99,9.556,21,12,21s2.751-0.01,3.711-0.054c0.958-0.044,1.612-0.196,2.185-0.418 c0.592-0.23,1.094-0.538,1.594-1.038c0.5-0.5,0.808-1.002,1.038-1.594c0.222-0.572,0.375-1.227,0.418-2.185 C20.99,14.751,21,14.444,21,12s-0.01-2.751-0.054-3.711c-0.044-0.958-0.196-1.612-0.418-2.185c-0.23-0.592-0.538-1.094-1.038-1.594 c-0.5-0.5-1.002-0.808-1.594-1.038c-0.572-0.222-1.227-0.375-2.185-0.418C14.751,3.01,14.444,3,12,3L12,3z M12,7.378 c-2.552,0-4.622,2.069-4.622,4.622S9.448,16.622,12,16.622s4.622-2.069,4.622-4.622S14.552,7.378,12,7.378z M12,15 c-1.657,0-3-1.343-3-3s1.343-3,3-3s3,1.343,3,3S13.657,15,12,15z M16.804,6.116c-0.596,0-1.08,0.484-1.08,1.08 s0.484,1.08,1.08,1.08c0.596,0,1.08-0.484,1.08-1.08S17.401,6.116,16.804,6.116z\"><\/path><\/svg><span class=\"wp-block-social-link-label screen-reader-text\">Instagram<\/span><\/a><\/li>\n\n<li class=\"wp-social-link wp-social-link-youtube  wp-block-social-link\"><a href=\"https:\/\/www.youtube.com\/user\/AikiDojoFr\/videos\" class=\"wp-block-social-link-anchor\"><svg width=\"24\" height=\"24\" viewBox=\"0 0 24 24\" version=\"1.1\" xmlns=\"http:\/\/www.w3.org\/2000\/svg\" aria-hidden=\"true\" focusable=\"false\"><path d=\"M21.8,8.001c0,0-0.195-1.378-0.795-1.985c-0.76-0.797-1.613-0.801-2.004-0.847c-2.799-0.202-6.997-0.202-6.997-0.202 h-0.009c0,0-4.198,0-6.997,0.202C4.608,5.216,3.756,5.22,2.995,6.016C2.395,6.623,2.2,8.001,2.2,8.001S2,9.62,2,11.238v1.517 c0,1.618,0.2,3.237,0.2,3.237s0.195,1.378,0.795,1.985c0.761,0.797,1.76,0.771,2.205,0.855c1.6,0.153,6.8,0.201,6.8,0.201 s4.203-0.006,7.001-0.209c0.391-0.047,1.243-0.051,2.004-0.847c0.6-0.607,0.795-1.985,0.795-1.985s0.2-1.618,0.2-3.237v-1.517 C22,9.62,21.8,8.001,21.8,8.001z M9.935,14.594l-0.001-5.62l5.404,2.82L9.935,14.594z\"><\/path><\/svg><span class=\"wp-block-social-link-label screen-reader-text\">YouTube<\/span><\/a><\/li><\/ul>\n<\/div><\/div>\n\n\n\n<p><\/p>\n","protected":false},"excerpt":{"rendered":"<p>Cours Adultes, Ado, Enfants (8+ ans) AIKI DOJO AZUR &#8211; \u5408\u6c23 \u9053\u5834 \u30a2\u30ba\uff0d\u30eb D\u00e9couvrez une discipline martiale venue d&rsquo;Orient, pr\u00f4nant la non-violence et la connaissance de soi via le corps et le souffle, sous la direction d&rsquo;une \u00e9quipe de passionn\u00e9s &#8230; <a title=\"04\/2026 &#8211; 3e Stage&nbsp;\u00ab\u00a0AIKIDO Iwama Ryu\u00a0\u00bb avec Olivier Eberhardt en r\u00e9gion Ni\u00e7oise\" class=\"read-more\" href=\"https:\/\/equilibreazur.fr\/azur\/news\/2026-stage-olivier-eberhartd-nice\/\" aria-label=\"En savoir plus sur 04\/2026 &#8211; 3e Stage&nbsp;\u00ab\u00a0AIKIDO Iwama Ryu\u00a0\u00bb avec Olivier Eberhardt en r\u00e9gion Ni\u00e7oise\">Voir plus&#8230;<\/a><\/p>\n","protected":false},"author":2,"featured_media":6329,"parent":0,"menu_order":0,"comment_status":"closed","ping_status":"closed","template":"","meta":{"_acf_changed":false,"_seopress_robots_primary_cat":"","_seopress_titles_title":"","_seopress_titles_desc":"L'Aikido est un Budo n\u00e9 \u00e0 Iwama (Japon - Ibaraki). Bien que fondamentalement non-violent, l'A\u00efkido est avant tout un art de \"self-improvement\", en effet,","_seopress_robots_index":"","generate_page_header":"","footnotes":""},"class_list":["post-8167","page","type-page","status-publish","has-post-thumbnail","hentry","infinite-scroll-item","masonry-post","generate-columns","tablet-grid-50","mobile-grid-100","grid-parent","grid-50"],"acf":[],"_links":{"self":[{"href":"https:\/\/equilibreazur.fr\/azur\/wp-json\/wp\/v2\/pages\/8167","targetHints":{"allow":["GET"]}}],"collection":[{"href":"https:\/\/equilibreazur.fr\/azur\/wp-json\/wp\/v2\/pages"}],"about":[{"href":"https:\/\/equilibreazur.fr\/azur\/wp-json\/wp\/v2\/types\/page"}],"author":[{"embeddable":true,"href":"https:\/\/equilibreazur.fr\/azur\/wp-json\/wp\/v2\/users\/2"}],"replies":[{"embeddable":true,"href":"https:\/\/equilibreazur.fr\/azur\/wp-json\/wp\/v2\/comments?post=8167"}],"version-history":[{"count":6,"href":"https:\/\/equilibreazur.fr\/azur\/wp-json\/wp\/v2\/pages\/8167\/revisions"}],"predecessor-version":[{"id":10848,"href":"https:\/\/equilibreazur.fr\/azur\/wp-json\/wp\/v2\/pages\/8167\/revisions\/10848"}],"wp:featuredmedia":[{"embeddable":true,"href":"https:\/\/equilibreazur.fr\/azur\/wp-json\/wp\/v2\/media\/6329"}],"wp:attachment":[{"href":"https:\/\/equilibreazur.fr\/azur\/wp-json\/wp\/v2\/media?parent=8167"}],"curies":[{"name":"wp","href":"https:\/\/api.w.org\/{rel}","templated":true}]}}