{"id":7303,"date":"2017-08-31T20:33:44","date_gmt":"2017-08-31T20:33:44","guid":{"rendered":"https:\/\/equilibreazur.fr\/azur\/?page_id=7303"},"modified":"2025-08-24T17:31:57","modified_gmt":"2025-08-24T17:31:57","slug":"yoga","status":"publish","type":"page","link":"https:\/\/equilibreazur.fr\/azur\/yoga\/","title":{"rendered":"Cours de Yoga"},"content":{"rendered":"\n<h4 class=\"wp-block-heading\">\u00e0 <strong>LE ROURET<\/strong> \/ <strong>CHATEAUNEUF<\/strong> \/ <strong>ROQUEFORT-LES-PINS<\/strong><br>et \u00e0 <strong>ANTIBES<\/strong><\/h4>\n\n\n\n<p class=\"has-drop-cap\">Dans les communes situ\u00e9es dans le triangle <strong>Chateauneuf de Grasse<\/strong>, <strong>Roquefort-les-pins<\/strong>, <strong>Le Rouret<\/strong>, ou m\u00eame <strong>en ligne<\/strong>, d\u00e9couvrez une discipline ancestrale venue d&rsquo;Orient, aux <strong>multiples vertus<\/strong>, sous la direction d&rsquo;instructeurs passionn\u00e9s\u2026<\/p>\n\n\n\n<p class=\"has-text-align-center\"><br><span class=\"su-highlight\" style=\"background:#ddff99;color:#000000\">&nbsp;Reprise des cours Yoga&nbsp;: lundi <strong>08 septembre (le 16 \u00e0 Antibes)  2025<\/strong>&nbsp;<\/span>\n\n\n\n<figure class=\"wp-block-image size-large\"><a href=\"https:\/\/equilibreazur.fr\/azur\/wp-content\/uploads\/2025\/08\/2025-2026-planning-yogaazur-0105.png\"><img loading=\"lazy\" decoding=\"async\" width=\"1500\" height=\"993\" src=\"https:\/\/equilibreazur.fr\/azur\/wp-content\/uploads\/2025\/08\/2025-2026-planning-yogaazur-0105.png\" alt=\"Planning hebdomadaires des cours de Yoga avec Equilibre Azur - Yoga Azur\" class=\"wp-image-8987\" srcset=\"https:\/\/equilibreazur.fr\/azur\/wp-content\/uploads\/2025\/08\/2025-2026-planning-yogaazur-0105.png 1500w, https:\/\/equilibreazur.fr\/azur\/wp-content\/uploads\/2025\/08\/2025-2026-planning-yogaazur-0105-370x245.png 370w, https:\/\/equilibreazur.fr\/azur\/wp-content\/uploads\/2025\/08\/2025-2026-planning-yogaazur-0105-738x489.png 738w\" sizes=\"auto, (max-width: 1500px) 100vw, 1500px\" \/><\/a><\/figure>\n\n\n\n<div class=\"wp-block-buttons is-content-justification-center is-layout-flex wp-container-core-buttons-is-layout-16018d1d wp-block-buttons-is-layout-flex\">\n<div class=\"wp-block-button\"><a class=\"wp-block-button__link has-black-color has-luminous-vivid-amber-to-luminous-vivid-orange-gradient-background has-text-color has-background wp-element-button\" href=\"https:\/\/equilibreazur.fr\/azur\/wp-content\/uploads\/2025\/08\/2025-2026-planning-yogaazur-0105.png\">Voir en plein \u00e9cran<\/a><\/div>\n<\/div>\n\n\n\n<h2 class=\"wp-block-heading\">Yoga &#8211; Pratique et Sagesse ancestrales<\/h2>\n\n\n\n<p class=\"has-drop-cap\">Originaire de l&rsquo;Inde et de l&rsquo;Himalaya, le Yoga, voie de transformation, est une pratique qui permet de <strong>mettre en relation le corps, la respiration et l&rsquo;esprit<\/strong>.<\/p>\n\n\n\n<p>Le Yoga n&rsquo;est pas simplement la pratique des Asana, il s&rsquo;agit d&rsquo;une <strong>voie d&rsquo;\u00e9panouissement et de r\u00e9alisation<\/strong>.<\/p>\n\n\n\n<div class=\"su-spoiler su-spoiler-style-default su-spoiler-icon-plus su-spoiler-closed\" data-scroll-offset=\"0\" data-anchor-in-url=\"no\"><div class=\"su-spoiler-title\" tabindex=\"0\" role=\"button\"><span class=\"su-spoiler-icon\"><\/span>D\u00e9roulement d'un cours \u27a4 cliquer ici<\/div><div class=\"su-spoiler-content su-u-clearfix su-u-trim\">\n\n\n\n<p>Le cours se d\u00e9roule ainsi&#8230;<\/p>\n\n\n\n<ol class=\"wp-block-list\">\n<li>D\u00e9tente \/ Relaxation,<\/li>\n\n\n\n<li>Pr\u00e9parations aux postures (asana),<\/li>\n\n\n\n<li>Asana proprement dit&nbsp;: s\u00e9rie de postures adapt\u00e9es aux niveaux de chacun et pratique de techniques de respiration,<\/li>\n\n\n\n<li>Int\u00e9gration (moment de qui\u00e9tude)<\/li>\n<\/ol>\n\n\n\n<\/div><\/div>\n\n\n\n<div class=\"su-spoiler su-spoiler-style-default su-spoiler-icon-plus su-spoiler-closed\" data-scroll-offset=\"0\" data-anchor-in-url=\"no\"><div class=\"su-spoiler-title\" tabindex=\"0\" role=\"button\"><span class=\"su-spoiler-icon\"><\/span>Les 8 membres du Yoga \u27a4 cliquer ici<\/div><div class=\"su-spoiler-content su-u-clearfix su-u-trim\">\n\n\n\n<p>Dans son int\u00e9gralit\u00e9, Le Yoga se compose de 8 branches ou membres repr\u00e9sent\u00e9s sur le logo de notre association&#8230;<\/p>\n\n\n\n<div class=\"wp-block-media-text alignwide has-media-on-the-right is-stacked-on-mobile\" style=\"grid-template-columns:auto 31%\"><div class=\"wp-block-media-text__content\">\n<ol id=\"block-b3da5e8a-33d5-4d07-a3d2-280895f69a76\" class=\"wp-block-list\">\n<li>Yama &#8211; Qualit\u00e9 de la <strong>relation avec les autres<\/strong> &nbsp;et le monde<\/li>\n\n\n\n<li>Niyama &#8211; Discipline et <strong>r\u00e8gles de vie<\/strong> personnelles<\/li>\n\n\n\n<li>Asana &#8211; <strong>Pratique posturale<\/strong><\/li>\n\n\n\n<li>Pranayama &#8211; Pratique du <strong>souffle<\/strong><\/li>\n\n\n\n<li>Pratyahara &#8211; Attention et <strong>retrait des sens<\/strong><\/li>\n\n\n\n<li>Dharana &#8211; <strong>Attention<\/strong>, Concentration<\/li>\n\n\n\n<li>Dhyana &#8211; <strong>Stabilit\u00e9 \/ Clart\u00e9 &#8211; M\u00e9ditation<\/strong><\/li>\n\n\n\n<li>Samadhi &#8211; <strong>Contemplation<\/strong><\/li>\n<\/ol>\n<\/div><figure class=\"wp-block-media-text__media\"><img alt=\"\" loading=\"lazy\" decoding=\"async\" width=\"500\" height=\"500\" src=\"https:\/\/equilibreazur.fr\/azur\/wp-content\/uploads\/2017\/11\/asthanga-kamon.jpg\" alt=\"\" class=\"wp-image-7507 size-full\" srcset=\"https:\/\/equilibreazur.fr\/azur\/wp-content\/uploads\/2017\/11\/asthanga-kamon.jpg 500w, https:\/\/equilibreazur.fr\/azur\/wp-content\/uploads\/2017\/11\/asthanga-kamon-200x200.jpg 200w, https:\/\/equilibreazur.fr\/azur\/wp-content\/uploads\/2017\/11\/asthanga-kamon-370x370.jpg 370w\" sizes=\"auto, (max-width: 500px) 100vw, 500px\" \/><\/figure><\/div>\n\n\n\n<\/div><\/div>\n\n\n\n<h2 class=\"wp-block-heading\">\u00c9cole de Yoga dispens\u00e9<\/h2>\n\n\n\n<p class=\"has-drop-cap\">Les cours s&rsquo;adressent \u00e0 tous&nbsp;:<\/p>\n\n\n\n<ul class=\"wp-block-list\">\n<li>les <strong>plus jeunes de 6-10 ans<\/strong> au <a href=\"https:\/\/yogafamilleazur.fr\">Yoga Enfants<\/a> avec Caterina&nbsp;Suzzi.<\/li>\n\n\n\n<li>les <strong>jeunes \u00e0 partir de 8\/9 ans<\/strong> avec les cours Aikido incluant des&nbsp;\u00ab\u00a0moments Yoga\u00a0\u00bb<\/li>\n\n\n\n<li>les <strong>adultes<\/strong> (avec les cours du matin\/midi\/soir et des cours en ligne)<\/li>\n\n\n\n<li>les <strong>s\u00e9niors<\/strong> (avec les cours gym\/yoga le lundi matin et mercredi apr\u00e8s-midi)<\/li>\n\n\n\n<li>des cours sp\u00e9cialement adapt\u00e9s pour les <a href=\"https:\/\/yogaazur.fr\/pressions-discales-et-retraction-des-ischios-jambiers\/\" target=\"_blank\" rel=\"noreferrer noopener\">personnes souffrantes de <strong>lombalgie<\/strong><\/a> sont \u00e9galement propos\u00e9s en ligne avec <a href=\"https:\/\/yogaazur.fr\">Eric Savalli<\/a>.<\/li>\n<\/ul>\n\n\n\n<p>Il existe de tr\u00e8s nombreuses \u00e9coles de Yoga, chacune avec ses sp\u00e9cificit\u00e9s teint\u00e9es par la personnalit\u00e9 de l&rsquo;enseignant. Il est donc important de bien choisir.<\/p>\n\n\n\n<p><\/p>\n\n\n<div class=\"wp-block-image\">\n<figure class=\"alignleft size-thumbnail\"><img loading=\"lazy\" decoding=\"async\" width=\"200\" height=\"200\" src=\"https:\/\/equilibreazur.fr\/azur\/wp-content\/uploads\/2020\/08\/Tirumalai-Krishnamacharya-200x200.jpg\" alt=\"Tirumalai Krishnamacharya\" class=\"wp-image-8313\" srcset=\"https:\/\/equilibreazur.fr\/azur\/wp-content\/uploads\/2020\/08\/Tirumalai-Krishnamacharya-200x200.jpg 200w, https:\/\/equilibreazur.fr\/azur\/wp-content\/uploads\/2020\/08\/Tirumalai-Krishnamacharya-370x370.jpg 370w, https:\/\/equilibreazur.fr\/azur\/wp-content\/uploads\/2020\/08\/Tirumalai-Krishnamacharya-675x675.jpg 675w, https:\/\/equilibreazur.fr\/azur\/wp-content\/uploads\/2020\/08\/Tirumalai-Krishnamacharya.jpg 1024w\" sizes=\"auto, (max-width: 200px) 100vw, 200px\" \/><\/figure>\n<\/div>\n\n\n<div class=\"su-quote su-quote-style-default su-quote-has-cite\"><div class=\"su-quote-inner su-u-clearfix su-u-trim\">D\u00e9barrassez votre corps de ses impuret\u00e9s, ayez une parole vraie et douce, ressentez de la fraternit\u00e9 pour le monde, et, avec humilit\u00e9, recherchez la sant\u00e9 et la sagesse.<span class=\"su-quote-cite\">Tirumalai Krishnamacharya (1888-1989)<\/span><\/div><\/div>\n\n\n\n<p>L&rsquo;association dispense des cours de Hatha Yoga&nbsp;: <strong>accessible \u00e0 tous<\/strong>, soucieux du respect des <strong>cycles travail\/repos<\/strong> et de <strong>l&rsquo;attention port\u00e9e au souffle<\/strong>. L&rsquo;encha\u00eenement et le rythme des postures sont sagement \u00e9tudi\u00e9s afin d&rsquo;ouvrir la pratique \u00e0 tous et de disposer des bienfaits du Yoga, tant d&rsquo;un point de vue physique que mental.<\/p>\n\n\n<div class=\"wp-block-image\">\n<figure class=\"alignleft size-thumbnail\"><img alt=\"\" loading=\"lazy\" decoding=\"async\" width=\"200\" height=\"200\" src=\"https:\/\/equilibreazur.fr\/azur\/wp-content\/uploads\/2025\/08\/2019-nathalie-moulis-yoga-2-200x200.jpg\" alt=\"\" class=\"wp-image-10287\" srcset=\"https:\/\/equilibreazur.fr\/azur\/wp-content\/uploads\/2025\/08\/2019-nathalie-moulis-yoga-2-200x200.jpg 200w, https:\/\/equilibreazur.fr\/azur\/wp-content\/uploads\/2025\/08\/2019-nathalie-moulis-yoga-2-370x370.jpg 370w, https:\/\/equilibreazur.fr\/azur\/wp-content\/uploads\/2025\/08\/2019-nathalie-moulis-yoga-2-675x675.jpg 675w, https:\/\/equilibreazur.fr\/azur\/wp-content\/uploads\/2025\/08\/2019-nathalie-moulis-yoga-2.jpg 1024w\" sizes=\"auto, (max-width: 200px) 100vw, 200px\" \/><\/figure>\n<\/div>\n\n\n<div class=\"su-quote su-quote-style-default su-quote-has-cite\"><div class=\"su-quote-inner su-u-clearfix su-u-trim\">Transmis en Orient depuis l\u2019Antiquit\u00e9, l\u2019h\u00e9ritage du Yoga est toujours d\u2019actualit\u00e9, &nbsp;il offre des r\u00e9ponses pertinentes aux besoins l\u00e9gitimes de notre \u00e9poque actuelle.<span class=\"su-quote-cite\">Nathalie Moulis \u2014&nbsp;Formatrice IFY<\/span><\/div><\/div>\n\n\n\n<p>Quel que soit le cours, une progression est mise en place de semaines en semaines, permettant d&rsquo;aborder progressivement de nouvelles postures et de les assimiler&nbsp;: petit \u00e0 petit, <strong>le pratiquant devient autonome<\/strong> et peut pratiquer chez lui en confiance.<\/p>\n\n\n\n<div class=\"wp-block-cover alignwide is-position-center-center\" style=\"min-height:285px;aspect-ratio:unset;\"><img alt=\"\" loading=\"lazy\" decoding=\"async\" width=\"1280\" height=\"832\" class=\"wp-block-cover__image-background wp-image-8352\" alt=\"\" src=\"https:\/\/equilibreazur.fr\/azur\/wp-content\/uploads\/2020\/08\/ADA-cours-YOGA.jpg\" style=\"object-position:40% 26%\" data-object-fit=\"cover\" data-object-position=\"40% 26%\" srcset=\"https:\/\/equilibreazur.fr\/azur\/wp-content\/uploads\/2020\/08\/ADA-cours-YOGA.jpg 1280w, https:\/\/equilibreazur.fr\/azur\/wp-content\/uploads\/2020\/08\/ADA-cours-YOGA-370x241.jpg 370w, https:\/\/equilibreazur.fr\/azur\/wp-content\/uploads\/2020\/08\/ADA-cours-YOGA-738x480.jpg 738w\" sizes=\"auto, (max-width: 1280px) 100vw, 1280px\" \/><span aria-hidden=\"true\" class=\"wp-block-cover__background has-background-dim-90 has-background-dim wp-block-cover__gradient-background has-background-gradient has-luminous-vivid-amber-to-luminous-vivid-orange-gradient-background\"><\/span><div class=\"wp-block-cover__inner-container is-layout-flow wp-block-cover-is-layout-flow\">\n<p class=\"has-text-align-center has-text-color\" style=\"color:#fffffa;font-size:27px;line-height:1.1\"><br><strong>1 cours d&rsquo;essai 10\u20ac<\/strong>\u2026<br><br>venez essayer le Yoga, et<br>donnez un nouveau souffle \u00e0 votre vie<br><br><strong>prenez en main<\/strong> <br><strong>votre sant\u00e9 et bien-\u00eatre<\/strong><br>pour un \u00e9quilibre <br>physique et mentale <\/p>\n<\/div><\/div>\n\n\n\n<div class=\"progressbcontainer\">    \n<div class=\"progressb progressb-moved\">\nEffort<div class=\"progress-bar50\"><\/div><\/div> \n<div class=\"progressb progressb-moved\">\n\u00c9tirement<div class=\"progress-bar75\"><\/div><\/div> \n<div class=\"progressb progressb-moved\">\nR\u00e9cup\u00e9ration \/ D\u00e9tente <div class=\"progress-bar75\"><\/div><\/div> \n<div class=\"progressb progressb-moved\">\nRespiration \/ Pleine-pr\u00e9sence \/ Bienveillance <div class=\"progress-bar85\"><\/div><\/div>\n<\/div>\n\n\n\n<h2 class=\"wp-block-heading\">Tarifs Adultes 2025-2026<\/h2>\n\n\n\n<p>\u2794 <strong>Adh\u00e9sion \/ Licence \/ Assurance<\/strong><br>Elle concerne uniquement l&rsquo;adh\u00e9sion \u00e0 l&rsquo;association r\u00e9gionale <em><strong>Institut Fran\u00e7ais de Yoga<\/strong> <strong>PACA<\/strong><\/em> (l&rsquo;IFY-PACA est membre de l&rsquo;Institut Fran\u00e7ais de Yoga et de l&rsquo;Union Europ\u00e9enne de Yoga (UEY)) qui comprend la licence f\u00e9d\u00e9rale et l&rsquo;assurance (l&rsquo;adh\u00e9sion \u00e0 l&rsquo;association&nbsp;\u00ab\u00a0\u00c9quilibre Azur\u00a0\u00bb est gratuite).<\/p>\n\n\n\n<ul class=\"wp-block-list\">\n<li>Pour les adultes, l&rsquo;adh\u00e9sion pour la saison est de <strong>18\u20ac<\/strong>. <\/li>\n\n\n\n<li>Pour les moins de 15 ans au 1er septembre&nbsp;: 8\u20ac.<\/li>\n<\/ul>\n\n\n\n<p>\u2794 \u00c0 <strong>LE ROURET<\/strong> \/ <strong>CHATEAUNEUF<\/strong> \/ <strong>ROQUEFORT-LES-PINS<\/strong><\/p>\n\n\n\n<ul class=\"wp-block-list\">\n<li><strong>Cours&nbsp;\u00ab\u00a0Adultes\u00a0\u00bb&nbsp;:<\/strong>\n<ul class=\"wp-block-list\">\n<li><strong>Pass illimit\u00e9 &#8211; Jusqu&rsquo;\u00e0 13 heures<\/strong> de YOGA par semaine&nbsp;: <strong>340\u20ac<\/strong> &#8211; valable <strong>12 mois<\/strong>.<br> (inclut la possibilit\u00e9 de venir gratuitement aux <strong>ateliers <strong>M\u00c9DITATION \/ RESPIRATION<\/strong> de 30 minutes<\/strong>)<\/li>\n\n\n\n<li><strong>Carte<\/strong> de 10 cours YOGA&nbsp;: <strong>160\u20ac<\/strong> &#8211; valable <strong>12 mois<\/strong>.<br> (inclut la possibilit\u00e9 de venir gratuitement aux ateliers de 30 minutes)<\/li>\n<\/ul>\n<\/li>\n\n\n\n<li><strong>Cours s\u00e9niors<\/strong> (Gym\/Yoga &#8211; 2\/semaine)&nbsp;: <strong>110\u20ac<\/strong> \/ trimestre.<\/li>\n\n\n\n<li>Cours \u00e0 l&rsquo;unit\u00e9&nbsp;: <strong>20\u20ac<\/strong><\/li>\n<\/ul>\n\n\n\n<p>\u2794 \u00c0 <strong>ANTIBES<\/strong> (Aqueduc) &#8211; Adultes \/ S\u00e9niors (Gym\/Yoga Chaise)<\/p>\n\n\n\n<ul class=\"wp-block-list\">\n<li><strong>1 cours \/ semaine<\/strong>&nbsp;: <strong>230\u20ac\/saison<\/strong> ou <strong>95\u20ac\/trimestre<\/strong><\/li>\n\n\n\n<li>2 cours \/ semaine&nbsp;: 320\u20ac\/saison ou 120\u20ac\/trimestre<\/li>\n\n\n\n<li><strong>Carte<\/strong> de 10 cours&nbsp;: <strong>120\u20ac<\/strong> &#8211; valable <strong>de septembre \u00e0 juin<\/strong>.<\/li>\n\n\n\n<li>Cours \u00e0 l&rsquo;unit\u00e9&nbsp;: 15\u20ac<\/li>\n<\/ul>\n\n\n\n<p>\u2794 Cours d&rsquo;Essai&nbsp;:<\/p>\n\n\n\n<ul class=\"wp-block-list\">\n<li>1 Cours d&rsquo;<strong>essai<\/strong>&nbsp;: <strong>10\u20ac<\/strong> <\/li>\n<\/ul>\n\n\n\n<h4 class=\"wp-block-heading\">R\u00e9ductions et facilit\u00e9 de paiement<\/h4>\n\n\n\n<ul class=\"wp-block-list\">\n<li>\ud83e\udd41R\u00e9duction famille&nbsp;: <strong>-50%<\/strong> (\u00e0 partir de la deuxi\u00e8me personne sur tarif le moins cher)<\/li>\n\n\n\n<li>\ud83e\udd41R\u00e9duction 2e discipline (Qi-Gong ou Aikido)&nbsp;: &#8211;<strong>30%<\/strong> sur l&rsquo;ensemble<\/li>\n\n\n\n<li>\ud83e\udd41Possibilit\u00e9 de paiement en <strong>2 ou 3 fois<\/strong>&nbsp;: <strong>+5\u20ac<\/strong> pour frais de dossiers<\/li>\n<\/ul>\n\n\n\n<h4 class=\"wp-block-heading\">\u00c0 noter&#8230;<\/h4>\n\n\n\n<ul class=\"wp-block-list\">\n<li>\ud83c\udf89 Une s\u00e9lection de <strong>cours en replay<\/strong> est propos\u00e9e gratuitement durant les <strong>p\u00e9riodes de vacances scolaires<\/strong>.<\/li>\n<\/ul>\n\n\n\n<ul class=\"wp-block-list\">\n<li>\ud83d\udd49 En aucun cas les difficult\u00e9s financi\u00e8res ne doivent \u00eatre un frein aux bienfaits Corps\/Esprit que peut vous apporter le yoga. Veuillez contacter l&rsquo;enseignant si n\u00e9cessaire.<\/li>\n<\/ul>\n\n\n\n<div class=\"wp-block-cover alignwide is-position-center-center\" style=\"min-height:225px;aspect-ratio:unset;\"><img alt=\"Planning des cours\" loading=\"lazy\" decoding=\"async\" width=\"1024\" height=\"819\" class=\"wp-block-cover__image-background wp-image-7629\" alt=\"\" src=\"https:\/\/equilibreazur.fr\/azur\/wp-content\/uploads\/2018\/08\/2018-09-planning-1.jpg\" style=\"object-position:52% 100%\" data-object-fit=\"cover\" data-object-position=\"52% 100%\" srcset=\"https:\/\/equilibreazur.fr\/azur\/wp-content\/uploads\/2018\/08\/2018-09-planning-1.jpg 1024w, https:\/\/equilibreazur.fr\/azur\/wp-content\/uploads\/2018\/08\/2018-09-planning-1-370x296.jpg 370w, https:\/\/equilibreazur.fr\/azur\/wp-content\/uploads\/2018\/08\/2018-09-planning-1-738x590.jpg 738w, https:\/\/equilibreazur.fr\/azur\/wp-content\/uploads\/2018\/08\/2018-09-planning-1-600x480.jpg 600w\" sizes=\"auto, (max-width: 1024px) 100vw, 1024px\" \/><span aria-hidden=\"true\" class=\"wp-block-cover__background has-background-dim-80 has-background-dim wp-block-cover__gradient-background has-background-gradient has-luminous-vivid-amber-to-luminous-vivid-orange-gradient-background\"><\/span><div class=\"wp-block-cover__inner-container is-layout-flow wp-block-cover-is-layout-flow\">\n<h2 class=\"wp-block-heading\"><strong><span class=\"has-inline-color has-white-color\">T\u00e9l\u00e9charger le<\/span><\/strong> <strong><span class=\"has-inline-color has-black-color\">Planning des cours <\/span><\/strong><\/h2>\n\n\n\n<div class=\"wp-block-buttons is-layout-flex wp-block-buttons-is-layout-flex\">\n<div class=\"wp-block-button is-style-fill\"><a class=\"wp-block-button__link has-luminous-vivid-amber-color has-black-background-color has-text-color has-background wp-element-button\" href=\"https:\/\/equilibreazur.fr\/azur\/wp-content\/uploads\/2025\/08\/2025-2026-planning-yogaazur-0105.png\">T\u00e9l\u00e9charger<\/a><\/div>\n<\/div>\n\n\n\n<p class=\"has-text-align-left has-text-color\" style=\"color:#fffffa;font-size:35px;line-height:1.1\"><br><\/p>\n<\/div><\/div>\n\n\n\n<h2 class=\"wp-block-heading\">\u00c9quipe enseignante<\/h2>\n\n\n\n<div class=\"su-quote su-quote-style-default\"><div class=\"su-quote-inner su-u-clearfix su-u-trim\">&nbsp;En Yoga, ne pas se complaire avec des postures trop faciles \u00e0 prendre, ni ne forcer dans des postures trop difficiles \u00e0 r\u00e9aliser ou maintenir\u2026&nbsp;Placez-vous dans l\u2019<strong>effort juste<\/strong> et sage, celui dont <strong>votre corps et votre mental a besoin<\/strong>. Vous pratiquez ainsi en intelligence, en sagesse et cultivez les valeurs de la tradition du yoga.<br>&#8211; Eric Savalli<\/div><\/div>\n\n\n\n<div class=\"wp-block-columns is-layout-flex wp-container-core-columns-is-layout-9d6595d7 wp-block-columns-is-layout-flex\">\n<div class=\"wp-block-column is-layout-flow wp-block-column-is-layout-flow\">\n<figure class=\"wp-block-image size-large\"><img alt=\"\" loading=\"lazy\" decoding=\"async\" width=\"675\" height=\"675\" src=\"https:\/\/equilibreazur.fr\/azur\/wp-content\/uploads\/2020\/08\/eric-savalli-yoga-675x675.jpg\" alt=\"\" class=\"wp-image-8319\" srcset=\"https:\/\/equilibreazur.fr\/azur\/wp-content\/uploads\/2020\/08\/eric-savalli-yoga-675x675.jpg 675w, https:\/\/equilibreazur.fr\/azur\/wp-content\/uploads\/2020\/08\/eric-savalli-yoga-370x370.jpg 370w, https:\/\/equilibreazur.fr\/azur\/wp-content\/uploads\/2020\/08\/eric-savalli-yoga-200x200.jpg 200w, https:\/\/equilibreazur.fr\/azur\/wp-content\/uploads\/2020\/08\/eric-savalli-yoga.jpg 960w\" sizes=\"auto, (max-width: 675px) 100vw, 675px\" \/><\/figure>\n\n\n\n<h3 class=\"wp-block-heading\">Eric Savalli<\/h3>\n\n\n\n<p class=\"has-drop-cap\">\u00c9ric assure les cours collectifs et individuels\/priv\u00e9s de Yoga pour adultes, pour adolescents et pour s\u00e9niors.<\/p>\n\n\n\n<div class=\"su-spoiler su-spoiler-style-default su-spoiler-icon-plus su-spoiler-closed\" data-scroll-offset=\"0\" data-anchor-in-url=\"no\"><div class=\"su-spoiler-title\" tabindex=\"0\" role=\"button\"><span class=\"su-spoiler-icon\"><\/span>Plus d'infos sur \u00c9ric<\/div><div class=\"su-spoiler-content su-u-clearfix su-u-trim\">\n\n\n\n<p>\u00c9ric enseigne au sein de diff\u00e9rentes associations, en particulier \u00e0 <a href=\"https:\/\/equilibreazur.fr\/azur\">Aiki Dojo Azur<\/a>, mais \u00e9galement en son nom propre. Il dispense ses cours en pr\u00e9sentiel, en groupe ou en individuel, mais \u00e9galement en ligne en t\u00e9l\u00e9conf\u00e9rence (en direct ou en replay).<\/p>\n\n\n\n<p>\u00c9ric a d\u00e9but\u00e9 le Yoga en 2006 avec&nbsp;<strong>Nathalie MOULIS<\/strong>&nbsp;[<a href=\"https:\/\/yoganath.net\/\" target=\"_blank\" rel=\"noreferrer noopener\">YogaNath.net<\/a>&nbsp;\u2013 Antibes\/Sophia-Antipolis] qu\u2019il suit depuis lors et la remplace pour certains de ses cours \u00e0 Antibes. Il est dipl\u00f4m\u00e9&nbsp;\u00ab\u00a0Professeur de Yoga&nbsp;\u00bb de l\u2019IFY \u2013Institut Fran\u00e7ais de Yoga\u2013 et de l\u2019UEY \u2013Union Europ\u00e9enne de Yoga\u2013. Il enseigne le Yoga&nbsp;\u00ab Viniyoga&nbsp;\u00bb de l\u2019\u00e9cole de Madras tel que perp\u00e9tu\u00e9 en Inde par le fils de KRISHNAMACHARYA, T.K.V. DESIKACHAR ainsi que le Yoga Tib\u00e9tain aupr\u00e8s de Lama Y\u00e9sh\u00e9 (OMT).<\/p>\n\n\n\n<p>Il donne \u00e9galement des cours de Yoga en ligne sp\u00e9cialement adapt\u00e9s pour la <strong>pr\u00e9vention des lombalgies<\/strong>.<\/p>\n\n\n\n<\/div><\/div>\n\n\n\n<p>Sur son site personnel <strong>Yoga Azur<\/strong>, il publie articles et vid\u00e9os r\u00e9guli\u00e8rement afin de mieux faire conna\u00eetre et promouvoir le Yoga&#8230;<\/p>\n\n\n\n<div class=\"wp-block-buttons is-layout-flex wp-block-buttons-is-layout-flex\">\n<div class=\"wp-block-button is-style-fill\"><a class=\"wp-block-button__link has-white-color has-text-color has-background wp-element-button\" href=\"https:\/\/yogaazur.fr\" style=\"background-color:#164a74\" target=\"_blank\" rel=\"noreferrer noopener\">Plus d&rsquo;infos&nbsp;: <strong>YogaAzur.fr<\/strong><\/a><\/div>\n<\/div>\n<\/div>\n\n\n\n<div class=\"wp-block-column is-layout-flow wp-block-column-is-layout-flow\">\n<figure class=\"wp-block-image size-large\"><img alt=\"\" loading=\"lazy\" decoding=\"async\" width=\"675\" height=\"675\" src=\"https:\/\/equilibreazur.fr\/azur\/wp-content\/uploads\/2020\/08\/caterina-suzzi-yoga-675x675.jpg\" alt=\"\" class=\"wp-image-8320\" srcset=\"https:\/\/equilibreazur.fr\/azur\/wp-content\/uploads\/2020\/08\/caterina-suzzi-yoga-675x675.jpg 675w, https:\/\/equilibreazur.fr\/azur\/wp-content\/uploads\/2020\/08\/caterina-suzzi-yoga-370x370.jpg 370w, https:\/\/equilibreazur.fr\/azur\/wp-content\/uploads\/2020\/08\/caterina-suzzi-yoga-200x200.jpg 200w, https:\/\/equilibreazur.fr\/azur\/wp-content\/uploads\/2020\/08\/caterina-suzzi-yoga.jpg 960w\" sizes=\"auto, (max-width: 675px) 100vw, 675px\" \/><\/figure>\n\n\n\n<h3 class=\"wp-block-heading\">Caterina Suzzi<\/h3>\n\n\n\n<p class=\"has-drop-cap\">Caterina assure les cours collectifs et individuels\/priv\u00e9s de Yoga pour adultes et les cours&nbsp;\u00ab&nbsp;Yoga Enfants&nbsp;\u00bb.<\/p>\n\n\n\n<div class=\"su-spoiler su-spoiler-style-default su-spoiler-icon-plus su-spoiler-closed\" data-scroll-offset=\"0\" data-anchor-in-url=\"no\"><div class=\"su-spoiler-title\" tabindex=\"0\" role=\"button\"><span class=\"su-spoiler-icon\"><\/span>Plus d'infos sur Caterina<\/div><div class=\"su-spoiler-content su-u-clearfix su-u-trim\">\n\n\n\n<p>Caterina commence la pratique du Yoga en 2004 \u00e0 Milan dans l\u2019actuel centre&nbsp;\u00ab Yoga Dharma&nbsp;\u00bb.<br>Elle d\u00e9m\u00e9nage ensuite \u00e0 Paris o\u00f9 elle d\u00e9couvre l\u2019Ashtanga Yoga au centre TriniYoga de 2005 \u00e0 2015 o\u00f9, en parall\u00e8le des cours, elle participe \u00e0 des stages avec le professeur Franco Senica.<\/p>\n\n\n\n<p>En 2007, elle a le privil\u00e8ge de suivre deux stages avec Shri Mataji.<\/p>\n\n\n\n<p>En 2008 elle part en Inde et elle reste pendant un mois dans le centre&nbsp;\u00abAshtanga Yoga\u00bb de Varkala, dans la r\u00e9gion du Kerala.<\/p>\n\n\n\n<p>En 2015 elle d\u00e9m\u00e9nage \u00e0 Rio de Janeiro o\u00f9 elle suit r\u00e9guli\u00e8rement les cours de la professeure Sheila Quintaneiro, aupr\u00e8s du Shiva Studio.<br>De retour en France, elle s\u2019initie \u00e0 la pratique du Viniyoga avec Nathalie Moulis et Eric Savalli.<\/p>\n\n\n\n<p>Elle est membre enseignante aupr\u00e8s de l\u2019<strong>Institut Fran\u00e7ais de Yoga<\/strong> (Formation 2019-2023 avec Nathalie Moulis) et de l\u2019Union Europ\u00e9enne de Yoga (EUY).<\/p>\n\n\n\n<\/div><\/div>\n\n\n\n<p>Retrouvez plus d&rsquo;information sur les cours enfants \u00e0 Chateauneuf de Grasse et ses environs sur la page d\u00e9di\u00e9e&#8230;<\/p>\n\n\n\n<div class=\"wp-block-buttons is-layout-flex wp-block-buttons-is-layout-flex\">\n<div class=\"wp-block-button is-style-fill\"><a class=\"wp-block-button__link has-black-color has-luminous-vivid-amber-background-color has-text-color has-background wp-element-button\" href=\"https:\/\/equilibreazur.fr\/azur\/yoga-enfants\/\">Plus d&rsquo;infos&nbsp;: <strong>Yoga Enfants <\/strong><\/a><\/div>\n<\/div>\n<\/div>\n<\/div>\n\n\n\n<div class=\"wp-block-columns is-layout-flex wp-container-core-columns-is-layout-9d6595d7 wp-block-columns-is-layout-flex\">\n<div class=\"wp-block-column is-layout-flow wp-block-column-is-layout-flow\">\n<figure class=\"wp-block-image size-full\"><img loading=\"lazy\" decoding=\"async\" width=\"555\" height=\"555\" src=\"https:\/\/equilibreazur.fr\/azur\/wp-content\/uploads\/2025\/04\/Melen-Steinbauer-Yoga-3.jpg\" alt=\"Melen Steinbauer (professeure de Yoga)\" class=\"wp-image-10125\" srcset=\"https:\/\/equilibreazur.fr\/azur\/wp-content\/uploads\/2025\/04\/Melen-Steinbauer-Yoga-3.jpg 555w, https:\/\/equilibreazur.fr\/azur\/wp-content\/uploads\/2025\/04\/Melen-Steinbauer-Yoga-3-370x370.jpg 370w, https:\/\/equilibreazur.fr\/azur\/wp-content\/uploads\/2025\/04\/Melen-Steinbauer-Yoga-3-200x200.jpg 200w\" sizes=\"auto, (max-width: 555px) 100vw, 555px\" \/><\/figure>\n\n\n\n<h3 class=\"wp-block-heading\">Melen Steinbauer<\/h3>\n\n\n\n<p class=\"has-drop-cap\">Melen assure des cours collectifs et individuels\/priv\u00e9s de Yoga pour adultes au sein de l&rsquo;association.<\/p>\n\n\n\n<div class=\"su-spoiler su-spoiler-style-default su-spoiler-icon-plus su-spoiler-closed\" data-scroll-offset=\"0\" data-anchor-in-url=\"no\"><div class=\"su-spoiler-title\" tabindex=\"0\" role=\"button\"><span class=\"su-spoiler-icon\"><\/span>Plus d'infos sur Melen<\/div><div class=\"su-spoiler-content su-u-clearfix su-u-trim\">\n\n\n\n<p>Passionn\u00e9e de yoga depuis 2 d\u00e9cennies, Melen a explor\u00e9 diff\u00e9rentes \u00e9coles avant de trouver sa voie dans la lign\u00e9e de l&rsquo;IFY et d&rsquo;avoir le privil\u00e8ge d&rsquo;\u00eatre form\u00e9e \u00e0 l&rsquo;enseignement par Nathalie Moulis.<\/p>\n\n\n\n<p>Elle appr\u00e9cie tout particuli\u00e8rement la richesse et la diversit\u00e9 de cette approche, offrant ainsi de transmettre le yoga \u00e0 chacun, quels que soient son \u00e2ge ou sa condition physique&#8230; Car comme le disait son fondateur Desikachar&nbsp;\u00ab\u00a0<em>Ce n&rsquo;est pas \u00e0 l&rsquo;\u00e9l\u00e8ve de s&rsquo;adapter au yoga, mais au yoga de s&rsquo;adapter \u00e0 l&rsquo;\u00e9l\u00e8ve<\/em>\u00ab\u00a0<\/p>\n\n\n\n<p>Curieuse de mythologie hindoue, de yoga nidr\u00e3, de philosophie indienne, d&rsquo;ayurveda&#8230; et de nature, vous retrouverez sans doute ces ingr\u00e9dients dans ses cours.<\/p>\n\n\n\n<\/div><\/div>\n<\/div>\n\n\n\n<div class=\"wp-block-column is-layout-flow wp-block-column-is-layout-flow\">\n<figure class=\"wp-block-image size-full\"><img loading=\"lazy\" decoding=\"async\" width=\"555\" height=\"555\" src=\"https:\/\/equilibreazur.fr\/azur\/wp-content\/uploads\/2025\/04\/Ji-hyun-Lee-Yoga.jpg\" alt=\"Ji-hyun Lee (professeure de Yoga)\" class=\"wp-image-10130\" srcset=\"https:\/\/equilibreazur.fr\/azur\/wp-content\/uploads\/2025\/04\/Ji-hyun-Lee-Yoga.jpg 555w, https:\/\/equilibreazur.fr\/azur\/wp-content\/uploads\/2025\/04\/Ji-hyun-Lee-Yoga-370x370.jpg 370w, https:\/\/equilibreazur.fr\/azur\/wp-content\/uploads\/2025\/04\/Ji-hyun-Lee-Yoga-200x200.jpg 200w\" sizes=\"auto, (max-width: 555px) 100vw, 555px\" \/><\/figure>\n\n\n\n<h3 class=\"wp-block-heading\">Ji-hyun Lee<\/h3>\n\n\n\n<p class=\"has-drop-cap\">Ji-hyun assure des cours collectifs et individuels\/priv\u00e9s de Yoga pour adultes au sein de l&rsquo;association.<\/p>\n\n\n\n<div class=\"su-spoiler su-spoiler-style-default su-spoiler-icon-plus su-spoiler-closed\" data-scroll-offset=\"0\" data-anchor-in-url=\"no\"><div class=\"su-spoiler-title\" tabindex=\"0\" role=\"button\"><span class=\"su-spoiler-icon\"><\/span>Plus d'infos sur Ji-hyun<\/div><div class=\"su-spoiler-content su-u-clearfix su-u-trim\">\n\n\n\n<p>N\u00e9e en Cor\u00e9e du Sud, Jihyun a d\u00e9but\u00e9 son chemin de yoga en 2000 en d\u00e9couvrant la pratique du Hatha yoga \u00e0 Hongik Yoga Institut \u00e0 S\u00e9oul.&nbsp;<\/p>\n\n\n\n<p>C\u2019est en France qu\u2019elle d\u00e9couvre le yoga enseign\u00e9 dans la tradition de T Krishnamacharya et TKV Desikachar en suivant les cours r\u00e9guliers avec Nathalie Moulis.&nbsp;<\/p>\n\n\n\n<p>De 2019 \u00e0 2023, elle effectue la formation de professeurs et enseignants de yoga aupr\u00e8s de Nathalie Moulis et continue \u00e0 approfondir son apprentissage aupr\u00e8s des enseignants du Krishnamacharya Yoga Mandiram \u00e0 Chennai en Inde.<\/p>\n\n\n\n<p>Psychologue de formation initiale, elle est passionn\u00e9e par les connaissances portant sur le lien corps-esprit et s\u2019int\u00e9resse aux vertus th\u00e9rapeutiques des pratiques de yoga et de m\u00e9ditation. En parall\u00e8le avec ses exp\u00e9riences cliniques dans l\u2019accompagnement des personnes \u00e2g\u00e9es en souffrance, elle a pu approfondir le sujet dans sa formation continue ( DU&nbsp;\u00ab&nbsp;M\u00e9ditation, Relation Th\u00e9rapeutique et Soins)).<\/p>\n\n\n\n<p>Dipl\u00f4m\u00e9e en 2023 de&nbsp;\u00ab&nbsp;<strong>Professeur de Yoga<\/strong>&nbsp;\u00bb de l\u2019<strong>Institut Fran\u00e7ais de Yoga<\/strong> (IFY) et de l\u2019Union Europ\u00e9enne de Yoga (EUY), elle souhaite partager cette pratique mill\u00e9naire qui nous am\u00e8ne naturellement vers un processus de transformation de soi propre \u00e0 chacun.<\/p>\n\n\n\n<\/div><\/div>\n<\/div>\n<\/div>\n\n\n\n<h2 class=\"wp-block-heading\">Horaires et lieux des cours<\/h2>\n\n\n\n<p class=\"has-drop-cap\">Les sessions <strong>ADULTES<\/strong> ont lieu&#8230;<\/p>\n\n\n\n<ul class=\"wp-block-list\">\n<li><strong>lundi<\/strong> midi au <strong>Rouret<\/strong> \u2014 <strong>12h15<\/strong><\/li>\n\n\n\n<li><strong>lundi<\/strong> soir \u00e0 <strong>Roquefort-les-pins<\/strong> (salle Charvet 1) \u2014&nbsp;<strong>19h30<\/strong><\/li>\n\n\n\n<li><strong>mardi<\/strong> soir \u00e0 la salle Yoga du complexe <strong>Plantier<\/strong> \u00e0 <strong>Ch\u00e2teauneuf<\/strong> <strong>\u2014 18h30&gt;19h<\/strong> et <strong>19h&gt;20h<\/strong><\/li>\n\n\n\n<li><strong>mercredi<\/strong> apr\u00e8s-midi \u00e0 <strong>Roquefort-les-pins<\/strong> (nouveau dojo &#8211; prox. fleuriste Roni) <strong>\u2014 14h30<\/strong><\/li>\n\n\n\n<li><strong>jeudi<\/strong> soir \u00e0 <strong>Roquefort-les-pins<\/strong> (nouveau dojo &#8211; prox. fleuriste Roni) \u2014 <strong>19h00<\/strong><\/li>\n\n\n\n<li><strong>vendredi<\/strong> matin \u00e0 <strong>Le Rouret<\/strong> \u2014 <strong>10h30<\/strong><\/li>\n\n\n\n<li><strong>vendredi<\/strong> soir \u00e0 la salle Yoga du complexe <strong>Plantier<\/strong> \u00e0 <strong>Ch\u00e2teauneuf<\/strong> \u2014 <strong>18h30&gt;19h<\/strong> et <strong>19h&gt;20h<\/strong><\/li>\n<\/ul>\n\n\n\n<p>Les cours sp\u00e9cifiques <strong>Gym\/Yoga S\u00c9NIORS<\/strong> ont lieu&#8230;<\/p>\n\n\n\n<ul class=\"wp-block-list\">\n<li><strong>lundi<\/strong> \u00e0 <strong>Roquefort-les-pins<\/strong> (nouveau dojo &#8211; prox. fleuriste Roni) \u2014 <strong>11h00<\/strong><\/li>\n\n\n\n<li><strong>mercredi<\/strong> \u00e0 <strong>Chateauneuf<\/strong> (Plantier) \u2014 <strong>16h00<\/strong> (horaire adaptable)<br><\/li>\n\n\n\n<li><strong>mardi<\/strong> \u00e0 <strong>Antibes<\/strong> (Aqueduc) \u2014 <strong>10h30<\/strong> (cours Gym\/Yoga avec ou sans chaise)<\/li>\n<\/ul>\n\n\n\n<p>Les cours&nbsp;<strong>ENFANTS (6-10 ans)<\/strong>&nbsp;les mercredis matins \u2014 <strong>11h00<\/strong> \u00e0 <strong>Chateauneuf de Grasse<\/strong> (salle Plantier).<\/p>\n\n\n  <!-- Feuille de style Leaflet -->\n  <link rel=\"stylesheet\" href=\"https:\/\/unpkg.com\/leaflet@1.9.4\/dist\/leaflet.css\" \/>\n  <script src=\"https:\/\/unpkg.com\/leaflet@1.9.4\/dist\/leaflet.js\"><\/script>\n\n  <div id=\"map-custom-69f517eb78317\" style=\"height: 450px; margin-bottom: 2em;\"><\/div>\n\n  <script>\n    document.addEventListener(\"DOMContentLoaded\", function () {\n      var map = L.map('map-custom-69f517eb78317').setView([43.6359115, 7.047621], 11);\n\n      L.tileLayer('https:\/\/server.arcgisonline.com\/ArcGIS\/rest\/services\/World_Street_Map\/MapServer\/tile\/{z}\/{y}\/{x}', {\n        attribution: '&copy; Esri &mdash; Sources: Esri, HERE, Garmin, FAO, NOAA, USGS',\n        maxZoom: 16\n      }).addTo(map);\n\n      \/\/ Liste des marqueurs selon la carte\n      var id = \"yoga\";\n\n      if (id === 'antibes') {\n        L.marker([43.564203, 7.124215]).addTo(map).bindPopup('ANTIBES - Villa Thuret');\n        L.marker([43.595980, 7.121480]).addTo(map).bindPopup('ANTIBES - Salle Aqueduc');\n      } else if (id === 'roquefort') {\n        L.marker([43.667963, 7.046836]).addTo(map).bindPopup('ROQUEFORT-LES-PINS - Dojo');\n        L.marker([43.666125, 7.049996]).addTo(map).bindPopup('ROQUEFORT-LES-PINS - Charvet 1');\n      } else if (id === 'rouret') {\n        L.marker([43.670801, 7.016611]).addTo(map).bindPopup('LE ROURET - Clamarquier');\n      } else if (id === 'chateauneuf') {\n        L.marker([43.675843, 6.973762]).addTo(map).bindPopup('CHATEAUNEUF - Plantier');\n      } else if (id === 'qigong') {\n\t\t L.marker([43.673742, 6.992787]).addTo(map).bindPopup('LE ROURET \/ CHATEAUNEUF - Gymnase\u00a0St\u00a0Jeaume');\n      } else if (id === 'aikido') {\n         L.marker([43.667963, 7.046836]).addTo(map).bindPopup('ROQUEFORT-LES-PINS - Dojo');\n\t\t L.marker([43.673742, 6.992787]).addTo(map).bindPopup('LE ROURET \/ CHATEAUNEUF - Gymnase\u00a0St\u00a0Jeaume');\n      } else if (id === 'yogaCH9LRTRLP') {\n        L.marker([43.675843, 6.973762]).addTo(map).bindPopup('CHATEAUNEUF - Plantier');\n        L.marker([43.670801, 7.016611]).addTo(map).bindPopup('LE ROURET - Clamarquier');\n        L.marker([43.667963, 7.046836]).addTo(map).bindPopup('ROQUEFORT-LES-PINS - Dojo');\n        L.marker([43.666125, 7.049996]).addTo(map).bindPopup('ROQUEFORT-LES-PINS - Charvet 1');\n      } else if (id === 'yoga') {\n        L.marker([43.675843, 6.973762]).addTo(map).bindPopup('CHATEAUNEUF - Plantier');\n        L.marker([43.670801, 7.016611]).addTo(map).bindPopup('LE ROURET - Clamarquier');\n        L.marker([43.667963, 7.046836]).addTo(map).bindPopup('ROQUEFORT-LES-PINS - Dojo');\n        L.marker([43.666125, 7.049996]).addTo(map).bindPopup('ROQUEFORT-LES-PINS - Charvet 1');\n        L.marker([43.564203, 7.124215]).addTo(map).bindPopup('ANTIBES - Villa Thuret');\n        L.marker([43.595980, 7.121480]).addTo(map).bindPopup('ANTIBES - Salle Aqueduc');\n\t  } else {\n        \/\/ Tous les marqueurs (par d\u00e9faut)\n        L.marker([43.675843, 6.973762]).addTo(map).bindPopup('CHATEAUNEUF - Plantier');\n        L.marker([43.670801, 7.016611]).addTo(map).bindPopup('LE ROURET - Clamarquier');\n        L.marker([43.667963, 7.046836]).addTo(map).bindPopup('ROQUEFORT-LES-PINS - Dojo');\n        L.marker([43.666125, 7.049996]).addTo(map).bindPopup('ROQUEFORT-LES-PINS - Charvet 1');\n        L.marker([43.564203, 7.124215]).addTo(map).bindPopup('ANTIBES - Villa Thuret');\n        L.marker([43.595980, 7.121480]).addTo(map).bindPopup('ANTIBES - Salle Aqueduc');\n      }\n    });\n  <\/script>\n  \n\n\n\n<p><\/p>\n\n\n\n<div class=\"wp-block-columns is-layout-flex wp-container-core-columns-is-layout-9d6595d7 wp-block-columns-is-layout-flex\">\n<div class=\"wp-block-column is-layout-flow wp-block-column-is-layout-flow\">\n<p>1) \u2192&nbsp;&nbsp;<strong>CHATEAUNEUF<\/strong><br>Dojo municipal \u2013&nbsp;<strong>Salle du Plantier<\/strong><br>Route du village \u2013 D203<br>(prox. terrain de tennis)<br>06740 CHATEAUNEUF de Grasse<\/p>\n\n\n\n<p>2) \u2192&nbsp;&nbsp;<strong>LE ROURET<\/strong><br>402, chemin de <strong>Clamarquier<\/strong><br>06650 Le Rouret<\/p>\n<\/div>\n\n\n\n<div class=\"wp-block-column is-layout-flow wp-block-column-is-layout-flow\">\n<p>(3) \u2192&nbsp;&nbsp;<strong>ROQUEFORT LES PINS<\/strong><br>Espace Georges<strong> Charvet<\/strong> 1<br>(prox. du Cin\u00e9ma)<br>Jardins des D\u00e9cades<br>06330 ROQUEFORT LES PINS<\/p>\n\n\n\n<p>(4) \u2192&nbsp;&nbsp;<strong>ROQUEFORT LES PINS<\/strong><br><strong>Nouveau dojo<\/strong> (prox. fleuriste Roni)<br>78, Traverse du Lavoir &#8211; Le Parc<br>06330 ROQUEFORT LES PINS<\/p>\n<\/div>\n\n\n\n<div class=\"wp-block-column is-layout-flow wp-block-column-is-layout-flow\">\n<p>(5) \u2192&nbsp;&nbsp;<strong>ANTIBES<\/strong><br><strong>Salle de l\u2019Aqueduc Romain<\/strong><br>\u2028180 avenue de l\u2019Aqueduc Romain<br>(quartier Val Claret \/ La fontonne)\u202806600 ANTIBES<\/p>\n\n\n\n<p>(6) \u2192&nbsp;&nbsp;<strong>ANTIBES<\/strong><br><strong>Villa Thuret<\/strong><br>90 Chem. Gustave Raymond<br>06160 ANTIBES<\/p>\n<\/div>\n<\/div>\n\n\n\n<div class=\"wp-block-columns is-layout-flex wp-container-core-columns-is-layout-9d6595d7 wp-block-columns-is-layout-flex\">\n<div class=\"wp-block-column is-layout-flow wp-block-column-is-layout-flow\">\n<p><strong>AUTRES LIEUX<\/strong> \u2192&nbsp;&nbsp;<strong>Chez vous<\/strong> via des cours en <a href=\"https:\/\/yogaazur.fr\/yoga\/zoom\/\" target=\"_blank\" rel=\"noreferrer noopener\"><strong>ligne en direct ou replay<\/strong><\/a> et\/ou en <a href=\"https:\/\/yogaazur.fr\/yoga\/cours-prives-individuel-groupe\/\" target=\"_blank\" rel=\"noreferrer noopener\"><strong>cours priv\u00e9s<\/strong><\/a>, dans <strong>votre entreprise<\/strong>, et aussi \u00e0 <strong>Magnagnosc<\/strong>, <strong>Sophia<\/strong>&#8230; (cliquez sur le bouton)<\/p>\n<\/div>\n\n\n\n<div class=\"wp-block-column is-layout-flow wp-block-column-is-layout-flow\">\n<div class=\"wp-block-buttons is-layout-flex wp-block-buttons-is-layout-flex\">\n<div class=\"wp-block-button is-style-fill\"><a class=\"wp-block-button__link has-white-color has-text-color has-background wp-element-button\" href=\"https:\/\/yogaazur.fr\" style=\"background-color:#164a74\" target=\"_blank\" rel=\"noreferrer noopener\">Autres lieux&nbsp;: <strong>YogaAzur.fr<\/strong> &#8211; \u00c9ric Savalli<\/a><\/div>\n<\/div>\n<\/div>\n<\/div>\n\n\n\n<h2 class=\"wp-block-heading\">Plus d&rsquo;infos&nbsp;?<\/h2>\n\n\n\n<div class=\"wp-block-columns is-layout-flex wp-container-core-columns-is-layout-9d6595d7 wp-block-columns-is-layout-flex\">\n<div class=\"wp-block-column is-layout-flow wp-block-column-is-layout-flow\">\n<p><strong>\u00c9ric<\/strong><br><strong><a href=\"tel:0660422632\">06 60 42 26 32<\/a><\/strong><br><a href=\"mailto:eric@yogaazur.fr\">eric@yogaazur.fr<\/a><\/p>\n\n\n\n<div class=\"wp-block-buttons is-layout-flex wp-block-buttons-is-layout-flex\">\n<div class=\"wp-block-button is-style-fill\"><a class=\"wp-block-button__link has-white-color has-text-color has-background wp-element-button\" href=\"https:\/\/yogaazur.fr\/yoga\/ou-et-quand-pratiquer-le-yoga\/roquefort-le-rouret-chateauneuf\/\" style=\"background-color:#164a74\" target=\"_blank\" rel=\"noreferrer noopener\"><strong>YogaAzur.fr<\/strong> &#8211; \u00c9ric Savalli<\/a><\/div>\n<\/div>\n<\/div>\n\n\n\n<div class=\"wp-block-column is-layout-flow wp-block-column-is-layout-flow\">\n<p><strong>Caterina<\/strong><br><a href=\"tel:+33-6-63-32-08-22\u202c\"><strong>06 63 32 08 22\u202c<\/strong><br><\/a><a href=\"mailto:caterinasuzzi@icloud.com\">caterinasuzzi@icloud.com<\/a><\/p>\n\n\n\n<div class=\"wp-block-buttons is-layout-flex wp-block-buttons-is-layout-flex\">\n<div class=\"wp-block-button\"><a class=\"wp-block-button__link has-black-color has-luminous-vivid-amber-background-color has-text-color has-background wp-element-button\"><strong>Yoga Enfants<\/strong> &#8211; Caterina Suzzi<\/a><\/div>\n<\/div>\n<\/div>\n<\/div>\n\n\n\n<h2 class=\"wp-block-heading\">Galerie photos<\/h2>\n\n\n\n<figure class=\"wp-block-gallery has-nested-images columns-default is-cropped wp-block-gallery-1 is-layout-flex wp-block-gallery-is-layout-flex\">\n<figure class=\"wp-block-image size-large\"><a href=\"https:\/\/equilibreazur.fr\/azur\/wp-content\/uploads\/2020\/08\/2019-Cours-Yoga-exterieur-20-06.jpg\"><img alt=\"\" loading=\"lazy\" decoding=\"async\" width=\"738\" height=\"415\" data-id=\"8345\" src=\"https:\/\/equilibreazur.fr\/azur\/wp-content\/uploads\/2020\/08\/2019-Cours-Yoga-exterieur-20-06-738x415.jpg\" alt=\"\" class=\"wp-image-8345\" srcset=\"https:\/\/equilibreazur.fr\/azur\/wp-content\/uploads\/2020\/08\/2019-Cours-Yoga-exterieur-20-06-738x415.jpg 738w, https:\/\/equilibreazur.fr\/azur\/wp-content\/uploads\/2020\/08\/2019-Cours-Yoga-exterieur-20-06-370x208.jpg 370w, https:\/\/equilibreazur.fr\/azur\/wp-content\/uploads\/2020\/08\/2019-Cours-Yoga-exterieur-20-06.jpg 1024w\" sizes=\"auto, (max-width: 738px) 100vw, 738px\" \/><\/a><\/figure>\n\n\n\n<figure class=\"wp-block-image size-large\"><a href=\"https:\/\/equilibreazur.fr\/azur\/wp-content\/uploads\/2020\/08\/2019-Yoga-Plantier-Chateauneuf-19-10-15.jpg\"><img alt=\"\" loading=\"lazy\" decoding=\"async\" width=\"738\" height=\"415\" data-id=\"8347\" src=\"https:\/\/equilibreazur.fr\/azur\/wp-content\/uploads\/2020\/08\/2019-Yoga-Plantier-Chateauneuf-19-10-15-738x415.jpg\" alt=\"\" class=\"wp-image-8347\" srcset=\"https:\/\/equilibreazur.fr\/azur\/wp-content\/uploads\/2020\/08\/2019-Yoga-Plantier-Chateauneuf-19-10-15-738x415.jpg 738w, https:\/\/equilibreazur.fr\/azur\/wp-content\/uploads\/2020\/08\/2019-Yoga-Plantier-Chateauneuf-19-10-15-370x208.jpg 370w, https:\/\/equilibreazur.fr\/azur\/wp-content\/uploads\/2020\/08\/2019-Yoga-Plantier-Chateauneuf-19-10-15.jpg 1024w\" sizes=\"auto, (max-width: 738px) 100vw, 738px\" \/><\/a><\/figure>\n\n\n\n<figure class=\"wp-block-image size-large\"><a href=\"https:\/\/equilibreazur.fr\/azur\/wp-content\/uploads\/2020\/08\/2019-Yoga-Galoubet-Le-Rouret.jpg\"><img alt=\"\" loading=\"lazy\" decoding=\"async\" width=\"738\" height=\"415\" data-id=\"8348\" src=\"https:\/\/equilibreazur.fr\/azur\/wp-content\/uploads\/2020\/08\/2019-Yoga-Galoubet-Le-Rouret-738x415.jpg\" alt=\"\" class=\"wp-image-8348\" srcset=\"https:\/\/equilibreazur.fr\/azur\/wp-content\/uploads\/2020\/08\/2019-Yoga-Galoubet-Le-Rouret-738x415.jpg 738w, https:\/\/equilibreazur.fr\/azur\/wp-content\/uploads\/2020\/08\/2019-Yoga-Galoubet-Le-Rouret-370x208.jpg 370w, https:\/\/equilibreazur.fr\/azur\/wp-content\/uploads\/2020\/08\/2019-Yoga-Galoubet-Le-Rouret.jpg 1024w\" sizes=\"auto, (max-width: 738px) 100vw, 738px\" \/><\/a><\/figure>\n\n\n\n<figure class=\"wp-block-image size-large\"><a href=\"https:\/\/equilibreazur.fr\/azur\/wp-content\/uploads\/2020\/08\/2019-Yoga-Galoubet-Le-Rouret-2.jpg\"><img alt=\"\" loading=\"lazy\" decoding=\"async\" width=\"738\" height=\"415\" data-id=\"8350\" src=\"https:\/\/equilibreazur.fr\/azur\/wp-content\/uploads\/2020\/08\/2019-Yoga-Galoubet-Le-Rouret-2-738x415.jpg\" alt=\"\" class=\"wp-image-8350\" srcset=\"https:\/\/equilibreazur.fr\/azur\/wp-content\/uploads\/2020\/08\/2019-Yoga-Galoubet-Le-Rouret-2-738x415.jpg 738w, https:\/\/equilibreazur.fr\/azur\/wp-content\/uploads\/2020\/08\/2019-Yoga-Galoubet-Le-Rouret-2-370x208.jpg 370w, https:\/\/equilibreazur.fr\/azur\/wp-content\/uploads\/2020\/08\/2019-Yoga-Galoubet-Le-Rouret-2.jpg 1024w\" sizes=\"auto, (max-width: 738px) 100vw, 738px\" \/><\/a><\/figure>\n\n\n\n<figure class=\"wp-block-image size-large\"><a href=\"https:\/\/equilibreazur.fr\/azur\/wp-content\/uploads\/2020\/08\/ADA-cours-YOGA.jpg\"><img alt=\"\" loading=\"lazy\" decoding=\"async\" width=\"738\" height=\"480\" data-id=\"8352\" src=\"https:\/\/equilibreazur.fr\/azur\/wp-content\/uploads\/2020\/08\/ADA-cours-YOGA-738x480.jpg\" alt=\"\" class=\"wp-image-8352\" srcset=\"https:\/\/equilibreazur.fr\/azur\/wp-content\/uploads\/2020\/08\/ADA-cours-YOGA-738x480.jpg 738w, https:\/\/equilibreazur.fr\/azur\/wp-content\/uploads\/2020\/08\/ADA-cours-YOGA-370x241.jpg 370w, https:\/\/equilibreazur.fr\/azur\/wp-content\/uploads\/2020\/08\/ADA-cours-YOGA.jpg 1280w\" sizes=\"auto, (max-width: 738px) 100vw, 738px\" \/><\/a><\/figure>\n<\/figure>\n\n\n\n<figure class=\"wp-block-gallery has-nested-images columns-default is-cropped wp-block-gallery-2 is-layout-flex wp-block-gallery-is-layout-flex\">\n<figure class=\"wp-block-image size-large\"><a href=\"https:\/\/equilibreazur.fr\/azur\/wp-content\/uploads\/2020\/08\/2019-cours-jeunes-aikido-yoga.jpg\"><img alt=\"\" loading=\"lazy\" decoding=\"async\" width=\"738\" height=\"415\" data-id=\"8410\" src=\"https:\/\/equilibreazur.fr\/azur\/wp-content\/uploads\/2020\/08\/2019-cours-jeunes-aikido-yoga-738x415.jpg\" alt=\"\" class=\"wp-image-8410\" srcset=\"https:\/\/equilibreazur.fr\/azur\/wp-content\/uploads\/2020\/08\/2019-cours-jeunes-aikido-yoga-738x415.jpg 738w, https:\/\/equilibreazur.fr\/azur\/wp-content\/uploads\/2020\/08\/2019-cours-jeunes-aikido-yoga-370x208.jpg 370w, https:\/\/equilibreazur.fr\/azur\/wp-content\/uploads\/2020\/08\/2019-cours-jeunes-aikido-yoga.jpg 1024w\" sizes=\"auto, (max-width: 738px) 100vw, 738px\" \/><\/a><figcaption class=\"wp-element-caption\">Yoga et Aikido-  Section cours enfants et Jeunes<\/figcaption><\/figure>\n\n\n\n<figure class=\"wp-block-image size-large\"><a href=\"https:\/\/equilibreazur.fr\/azur\/wp-content\/uploads\/2025\/08\/Yoga-Kids-scaled.jpg\"><img alt=\"\" loading=\"lazy\" decoding=\"async\" width=\"738\" height=\"433\" data-id=\"10304\" src=\"https:\/\/equilibreazur.fr\/azur\/wp-content\/uploads\/2025\/08\/Yoga-Kids-738x433.jpg\" alt=\"\" class=\"wp-image-10304\" srcset=\"https:\/\/equilibreazur.fr\/azur\/wp-content\/uploads\/2025\/08\/Yoga-Kids-738x433.jpg 738w, https:\/\/equilibreazur.fr\/azur\/wp-content\/uploads\/2025\/08\/Yoga-Kids-370x217.jpg 370w, https:\/\/equilibreazur.fr\/azur\/wp-content\/uploads\/2025\/08\/Yoga-Kids-1536x902.jpg 1536w, https:\/\/equilibreazur.fr\/azur\/wp-content\/uploads\/2025\/08\/Yoga-Kids-2048x1203.jpg 2048w\" sizes=\"auto, (max-width: 738px) 100vw, 738px\" \/><\/a><figcaption class=\"wp-element-caption\">Yoga Enfants<\/figcaption><\/figure>\n<\/figure>\n\n\n\n<h2 class=\"wp-block-heading wp-embed-aspect-16-9 wp-has-aspect-ratio\">Les stages et \u00e9v\u00e9nements de la saison<\/h2>\n\n\n\n<p class=\"wp-embed-aspect-16-9 wp-has-aspect-ratio\">Consulter cette page \u2794 <a href=\"https:\/\/www.yogaazur.fr\">YogaAzur.fr<\/a>. Nous vous conseillons de nous <a href=\"mail:contact@aikido-azur.net\">contacter<\/a> &#8211; afin d&rsquo;\u00eatre <strong>tenu au courant par email<\/strong> des \u00e9volutions des dates des stages<br>MERCI DE VOUS INSCRIRE A LA LETTRE D&rsquo;INFORMATION (NEWSLETTER) sur \u2794 <a href=\"https:\/\/www.YogaAzur.fr\">YogaAzur.fr<\/a> .<\/p>\n\n\n\n<figure class=\"wp-block-image alignwide size-large\"><img alt=\"\" loading=\"lazy\" decoding=\"async\" width=\"738\" height=\"387\" src=\"https:\/\/equilibreazur.fr\/azur\/wp-content\/uploads\/2023\/04\/2023-04-Equilibre-Azur-SocialMedia-738x387.jpg\" alt=\"\" class=\"wp-image-8814\" srcset=\"https:\/\/equilibreazur.fr\/azur\/wp-content\/uploads\/2023\/04\/2023-04-Equilibre-Azur-SocialMedia-738x387.jpg 738w, https:\/\/equilibreazur.fr\/azur\/wp-content\/uploads\/2023\/04\/2023-04-Equilibre-Azur-SocialMedia-370x194.jpg 370w, https:\/\/equilibreazur.fr\/azur\/wp-content\/uploads\/2023\/04\/2023-04-Equilibre-Azur-SocialMedia.jpg 1200w\" sizes=\"auto, (max-width: 738px) 100vw, 738px\" \/><figcaption class=\"wp-element-caption\">Qi-Gong \/ Yoga \/ Aikido avec EquilibreAzur.fr &#8211; \u00c9QUILIBRE AZUR \/ Aiki Dojo Azur \/ La voie du Qi<\/figcaption><\/figure>\n\n\n\n<p><\/p>\n","protected":false},"excerpt":{"rendered":"<p>\u00e0 LE ROURET \/ CHATEAUNEUF \/ ROQUEFORT-LES-PINSet \u00e0 ANTIBES Dans les communes situ\u00e9es dans le triangle Chateauneuf de Grasse, Roquefort-les-pins, Le Rouret, ou m\u00eame en ligne, d\u00e9couvrez une discipline ancestrale venue d&rsquo;Orient, aux multiples vertus, sous la direction d&rsquo;instructeurs passionn\u00e9s\u2026 &#8230; <a title=\"Cours de Yoga\" class=\"read-more\" href=\"https:\/\/equilibreazur.fr\/azur\/yoga\/\" aria-label=\"En savoir plus sur Cours de Yoga\">Voir plus&#8230;<\/a><\/p>\n","protected":false},"author":2,"featured_media":8352,"parent":0,"menu_order":0,"comment_status":"open","ping_status":"closed","template":"","meta":{"_acf_changed":false,"_seopress_robots_primary_cat":"","_seopress_titles_title":"%%title%% %%page%% %%sep%% Asso. \u00c9quilibre Azur - Yoga Azur","_seopress_titles_desc":"","_seopress_robots_index":"","generate_page_header":"","footnotes":""},"class_list":{"0":"post-7303","1":"page","2":"type-page","3":"status-publish","4":"has-post-thumbnail","6":"infinite-scroll-item"},"acf":[],"_links":{"self":[{"href":"https:\/\/equilibreazur.fr\/azur\/wp-json\/wp\/v2\/pages\/7303","targetHints":{"allow":["GET"]}}],"collection":[{"href":"https:\/\/equilibreazur.fr\/azur\/wp-json\/wp\/v2\/pages"}],"about":[{"href":"https:\/\/equilibreazur.fr\/azur\/wp-json\/wp\/v2\/types\/page"}],"author":[{"embeddable":true,"href":"https:\/\/equilibreazur.fr\/azur\/wp-json\/wp\/v2\/users\/2"}],"replies":[{"embeddable":true,"href":"https:\/\/equilibreazur.fr\/azur\/wp-json\/wp\/v2\/comments?post=7303"}],"version-history":[{"count":5,"href":"https:\/\/equilibreazur.fr\/azur\/wp-json\/wp\/v2\/pages\/7303\/revisions"}],"predecessor-version":[{"id":10390,"href":"https:\/\/equilibreazur.fr\/azur\/wp-json\/wp\/v2\/pages\/7303\/revisions\/10390"}],"wp:featuredmedia":[{"embeddable":true,"href":"https:\/\/equilibreazur.fr\/azur\/wp-json\/wp\/v2\/media\/8352"}],"wp:attachment":[{"href":"https:\/\/equilibreazur.fr\/azur\/wp-json\/wp\/v2\/media?parent=7303"}],"curies":[{"name":"wp","href":"https:\/\/api.w.org\/{rel}","templated":true}]}}