{"id":3974,"date":"2012-02-11T18:05:24","date_gmt":"2012-02-11T18:05:24","guid":{"rendered":"https:\/\/equilibreazur.fr\/azur\/?page_id=3974"},"modified":"2018-09-09T15:49:26","modified_gmt":"2018-09-09T15:49:26","slug":"videos","status":"publish","type":"page","link":"https:\/\/equilibreazur.fr\/azur\/videos\/","title":{"rendered":"Videos de d\u00e9monstration de l&rsquo;association"},"content":{"rendered":"<p>Voir ces vid\u00e9o sur\u00a0<a href=\"https:\/\/aikidoazur.fr\/#videos\">https:\/\/aikidoazur.fr\/#videos<\/a><\/p>\n<p>Voici quelques vid\u00e9os r\u00e9alis\u00e9es dans le cadre de l&rsquo;association <strong>Aiki\u00a0Dojo\u00a0Azur<\/strong> situ\u00e9e en Provence Alpes C\u00f4te d&rsquo;Azur \u00e0 c\u00f4t\u00e9 de Nice et de Grasse. Il s&rsquo;agit pour l&rsquo;essentiel de d\u00e9monstrations d&rsquo;Aikido r\u00e9alis\u00e9es lors des forums d&rsquo;associations annuels.<\/p>\n<h2><!--more--><\/h2>\n<h2>D\u00e9monstration Aikido &#8211; 09\/2014<\/h2>\n<p>Vid\u00e9o de d\u00e9monstration d&rsquo;Aikido r\u00e9alis\u00e9e par AIKI DOJO AZUR\u00a0lors du <a href=\"https:\/\/equilibreazur.fr\/azur\/news\/2014-forum-associations-le-rouret-opio\/\">forum des association<\/a> de Opio\u00a0(06) \u00e0 c\u00f4t\u00e9 de la ville de Grasse en Septembre\u00a02014.<br \/>\n<iframe loading=\"lazy\" width=\"1200\" height=\"675\" src=\"https:\/\/www.youtube.com\/embed\/aMLLfXXBD0Q?feature=oembed\" frameborder=\"0\" allow=\"autoplay; encrypted-media\" allowfullscreen><\/iframe><\/p>\n<h2>D\u00e9monstration Aikido &#8211; 06\/2012<\/h2>\n<p>Compilation de la d\u00e9monstration r\u00e9alis\u00e9e par les \u00e9l\u00e8ves d&rsquo;Eric SAVALLI, lors des <a title=\"7eme Olympiades \u00e0 Chateauneuf de Grasse\" href=\"https:\/\/equilibreazur.fr\/azur\/news\/2012-06-olympiade-chateauneuf\/\">Olympiades 2012<\/a> de Chateauneuf de Grasse\u00a0(06) en Juin 2012. Eric Savalli \u00e9tait alors en stage en Italie.<br \/>\n<iframe loading=\"lazy\" src=\"https:\/\/player.vimeo.com\/video\/48134141?app_id=122963\" width=\"1200\" height=\"675\" frameborder=\"0\" title=\"Olympiades 2012 - D&eacute;monstration Aikido\" webkitallowfullscreen mozallowfullscreen allowfullscreen><\/iframe><\/p>\n<h2>D\u00e9monstration Aikido &#8211; 09\/2011<\/h2>\n<p>Compilation de la d\u00e9monstration r\u00e9alis\u00e9e par Eric SAVALLI et ses \u00e9l\u00e8ves, lors du\u00a0<a title=\"Rendez-vous le 11-Sept 2011 au Forum des Associations\" href=\"https:\/\/equilibreazur.fr\/azur\/news\/2011-09-forum-associations-rdv\/\">forum des associations<\/a>\u00a0d&rsquo;Opio\u00a0(06) en septembre\u00a02011. Cette ann\u00e9e, quelques explications orales \u00e9taient donn\u00e9es pendant la d\u00e9monstration&#8230;<br \/>\n<iframe loading=\"lazy\" width=\"1200\" height=\"675\" src=\"https:\/\/www.youtube.com\/embed\/yPAwR-N69NM?feature=oembed\" frameborder=\"0\" allow=\"autoplay; encrypted-media\" allowfullscreen><\/iframe><\/p>\n<h2>D\u00e9monstration Aikido\u00a0&#8211; 09\/2010<\/h2>\n<p>Yoan CHATELAIN, ancien \u00e9l\u00e8ve de Yann\u00a0Besan\u00e7on, et St\u00e9phane\u00a0BRAVIN, \u00e9l\u00e8ve de Eric\u00a0Savalli, lors du forum des associations \u00e0 Chateauneuf\u00a0de Grasse\u00a0(06). (montage&nbsp;: Yoan\u00a0Chatelain)<br \/>\n<iframe loading=\"lazy\" width=\"1200\" height=\"675\" src=\"https:\/\/www.youtube.com\/embed\/vXSxRQrXRW4?feature=oembed\" frameborder=\"0\" allow=\"autoplay; encrypted-media\" allowfullscreen><\/iframe><\/p>\n<h2>D\u00e9monstration Aikido\u00a0&#8211; 09\/2009<\/h2>\n<p>D\u00e9monstration r\u00e9alis\u00e9e en septembre 2009 lors du forum des associations \u00e0 Le Bar Sur Loup\u00a0(06). Les tatamis \u00e9taient brulants en raison du plein soleil&nbsp;\ud83d\ude42<br \/>\n<iframe loading=\"lazy\" width=\"1200\" height=\"900\" src=\"https:\/\/www.youtube.com\/embed\/0ghzuHeA7QM?feature=oembed\" frameborder=\"0\" allow=\"autoplay; encrypted-media\" allowfullscreen><\/iframe><\/p>\n<h2><span class=\"Apple-style-span\" style=\"font-size: 20px;\">D\u00e9monstration Palais M\u00e9diterran\u00e9e &#8211; 2006<\/span><\/h2>\n<p>Eric SAVALLI et ses \u00e9l\u00e8ves lors d&rsquo;une d\u00e9monstration d&rsquo;Aikido au Palais de M\u00e9diterran\u00e9e \u00e0 Nice en 2006 pour une \u0153uvre caritative.<br \/>\n<iframe loading=\"lazy\" width=\"1200\" height=\"900\" src=\"https:\/\/www.youtube.com\/embed\/PIoxQUCsPGg?feature=oembed\" frameborder=\"0\" allow=\"autoplay; encrypted-media\" allowfullscreen><\/iframe><\/p>\n<p><span style=\"color: #888888;\"><span class=\"Apple-style-span\" style=\"color: #000000;\">Vous retrouvez plus de vid\u00e9os et d&rsquo;articles relatifs \u00e0 l&rsquo;Aikido en g\u00e9n\u00e9ral dans la <a href=\"http:\/\/aikidoblog.net\/fr\/videos\/\" target=\"_blank\" rel=\"noopener\">section Vid\u00e9o d&rsquo;Aikido<\/a>\u00a0sur AikidoBlog.net.<\/span><\/span><\/p>\n","protected":false},"excerpt":{"rendered":"<p>Voir ces vid\u00e9o sur\u00a0https:\/\/aikidoazur.fr\/#videos Voici quelques vid\u00e9os r\u00e9alis\u00e9es dans le cadre de l&rsquo;association Aiki\u00a0Dojo\u00a0Azur situ\u00e9e en Provence Alpes C\u00f4te d&rsquo;Azur \u00e0 c\u00f4t\u00e9 de Nice et de Grasse. Il s&rsquo;agit pour l&rsquo;essentiel de d\u00e9monstrations d&rsquo;Aikido r\u00e9alis\u00e9es lors des forums d&rsquo;associations annuels.<\/p>\n","protected":false},"author":2,"featured_media":6337,"parent":0,"menu_order":0,"comment_status":"closed","ping_status":"open","template":"","meta":{"_acf_changed":false,"_seopress_robots_primary_cat":"","_seopress_titles_title":"","_seopress_titles_desc":"","_seopress_robots_index":"","generate_page_header":"","footnotes":""},"class_list":{"0":"post-3974","1":"page","2":"type-page","3":"status-publish","4":"has-post-thumbnail","6":"infinite-scroll-item"},"acf":[],"_links":{"self":[{"href":"https:\/\/equilibreazur.fr\/azur\/wp-json\/wp\/v2\/pages\/3974","targetHints":{"allow":["GET"]}}],"collection":[{"href":"https:\/\/equilibreazur.fr\/azur\/wp-json\/wp\/v2\/pages"}],"about":[{"href":"https:\/\/equilibreazur.fr\/azur\/wp-json\/wp\/v2\/types\/page"}],"author":[{"embeddable":true,"href":"https:\/\/equilibreazur.fr\/azur\/wp-json\/wp\/v2\/users\/2"}],"replies":[{"embeddable":true,"href":"https:\/\/equilibreazur.fr\/azur\/wp-json\/wp\/v2\/comments?post=3974"}],"version-history":[{"count":6,"href":"https:\/\/equilibreazur.fr\/azur\/wp-json\/wp\/v2\/pages\/3974\/revisions"}],"predecessor-version":[{"id":7650,"href":"https:\/\/equilibreazur.fr\/azur\/wp-json\/wp\/v2\/pages\/3974\/revisions\/7650"}],"wp:featuredmedia":[{"embeddable":true,"href":"https:\/\/equilibreazur.fr\/azur\/wp-json\/wp\/v2\/media\/6337"}],"wp:attachment":[{"href":"https:\/\/equilibreazur.fr\/azur\/wp-json\/wp\/v2\/media?parent=3974"}],"curies":[{"name":"wp","href":"https:\/\/api.w.org\/{rel}","templated":true}]}}