{"id":3936,"date":"2012-02-11T17:31:36","date_gmt":"2012-02-11T17:31:36","guid":{"rendered":"https:\/\/equilibreazur.fr\/azur\/?page_id=3936"},"modified":"2020-09-01T07:30:15","modified_gmt":"2020-09-01T07:30:15","slug":"cours-aikido-horaires","status":"publish","type":"page","link":"https:\/\/equilibreazur.fr\/azur\/cours-aikido-horaires\/","title":{"rendered":"Cours Aikido \/ Yoga \/ Qi-Gong&nbsp;: Horaires&nbsp;et&nbsp;programmes"},"content":{"rendered":"<p style=\"text-align: center;\">\u00a0Les pratiquants b\u00e9n\u00e9ficient de cours d&rsquo;<a title=\"Aikido Traditionnel d'Iwama\" href=\"https:\/\/equilibreazur.fr\/azur\/aikido-iwama-ryu\/\"><strong>AIKIDO<\/strong>\u00a0traditionnel<\/a>, de <a href=\"https:\/\/equilibreazur.fr\/azur\/yoga\/\"><strong>YOGA<\/strong><\/a> et de <a href=\"https:\/\/equilibreazur.fr\/azur\/qi-gong\/\"><strong>QI-GONG<\/strong><\/a><br \/>\nles\u00a0<strong>midis et soirs<\/strong> ainsi que de <a title=\"Tous les stages d'Aikido de la saison\" href=\"https:\/\/equilibreazur.fr\/azur\/stages-aikido\/\">stages r\u00e9guliers<\/a>\u00a0tout au long de l&rsquo;ann\u00e9e.<\/p>\n<h3>Planning hebdomadaire<\/h3>\n<p>Voir le planning des cours sur les sites&#8230;<\/p>\n<p>\/1\/ WANOMICHI et AIKIDO<\/p>\n<p><span style=\"color: #000000;\"><strong>Wanomichi Aikido<\/strong> (discipline martiale originaire du <strong>Japon<\/strong>)<\/span><\/p>\n<p style=\"padding-left: 40px;\"><a href=\"https:\/\/aikidoazur.fr\"><img loading=\"lazy\" decoding=\"async\" class=\"wp-image-7645 size-full\" src=\"https:\/\/equilibreazur.fr\/azur\/wp-content\/uploads\/2020\/09\/logo-ADA-wanomichi-720.gif\" alt=\"Aikido Azur\" width=\"250\" height=\"188\" \/><\/a><\/p>\n<p style=\"padding-left: 40px;\"><a href=\"https:\/\/aikidoazur.fr\">Aikido Azur .fr<\/a><\/p>\n<p>\/2\/ YOGA<\/p>\n<p><span style=\"color: #000000;\"><strong>Yoga<\/strong> (discipline originaire de l&rsquo;<strong>Inde<\/strong> et de l&rsquo;Himalaya)<\/span><\/p>\n<p style=\"padding-left: 40px;\"><a href=\"https:\/\/YogaAzur.fr\"><img loading=\"lazy\" decoding=\"async\" class=\"alignnone wp-image-7647 size-full\" src=\"https:\/\/equilibreazur.fr\/azur\/wp-content\/uploads\/2020\/09\/logos-ADA-yoga-azur-720.gif\" alt=\"Yoga Azur\" width=\"250\" height=\"188\" \/><\/a><\/p>\n<p style=\"padding-left: 40px;\"><a href=\"https:\/\/YogaAzur.fr\">Yoga Azur .fr<\/a><\/p>\n<p>\/3\/ QI-GONG<\/p>\n<p><span style=\"color: #000000;\"><strong>Qi-Gong<\/strong> (discipline originaire de la <strong>Chine<\/strong>)<\/span><\/p>\n<p style=\"padding-left: 40px;\"><a href=\"https:\/\/qigongazur.fr\"><img loading=\"lazy\" decoding=\"async\" class=\"alignnone wp-image-7646 size-full\" src=\"https:\/\/equilibreazur.fr\/azur\/wp-content\/uploads\/2020\/09\/logo-ADA-qi-gong-720.gif\" alt=\"QI-GONG Azur - La voie du Qi\" width=\"250\" height=\"188\" \/><\/a><\/p>\n<p style=\"padding-left: 40px;\"><a href=\"https:\/\/qigongazur.fr\">QI-GONG Azur .fr<\/a> &#8211; La voie du Qi<\/p>\n<h3>Stages<\/h3>\n<table class=\"zebra\" border=\"0\" cellspacing=\"0\" cellpadding=\"2\">\n<tbody style=\"text-align: left;\">\n<tr style=\"background-color: #efefef; text-align: left;\">\n<td style=\"text-align: left;\" colspan=\"4\"><strong><span style=\"background-color: #ccccff;\">DIMANCHE <\/span>\u00a0 Chateauneuf de Grasse<\/strong><\/td>\n<\/tr>\n<tr style=\"background-color: #efefef; text-align: left;\">\n<td style=\"text-align: left;\" colspan=\"4\">Tous les mois, des stages sont organis\u00e9s au sein du dojo ou en relation avec d&rsquo;autres dojos.<br \/>\nConsulter le <a title=\"Tous les stages d'Aikido de la saison\" href=\"https:\/\/equilibreazur.fr\/azur\/stages-evenements\/\">calendrier annuel<\/a>\u00a0pour conna\u00eetre les dates et les horaires<\/td>\n<\/tr>\n<\/tbody>\n<\/table>\n<p>Les cours sont ouverts aux&nbsp;\u00a0<strong>enfants<\/strong>\u00a0(\u00e0 partir de 8 ans) et aux<strong>\u00a0ADULTES<\/strong>. Ces entra\u00eenements\u00a0permettent donc aux adolescents de travailler entre eux, mais aussi avec les adultes les aidant \u00e0 se pr\u00e9parer \u00e0 leur avenir.<\/p>\n<h3>Lieux<\/h3>\n<ul>\n<li><span style=\"color: #000000;\"><strong>Sophia-Antipolis<\/strong> &#8211; Entra\u00eenement de tenue de ville en <strong>plein-air<\/strong><\/span><\/li>\n<li><span style=\"color: #000000;\"><strong>Chateauneuf de Grasse<\/strong> &#8211;\u00a0Salle <strong>Gymnase<\/strong> du coll\u00e8ge du Rouret (tatamis)<\/span><\/li>\n<li><span style=\"color: #000000;\"><strong>Chateauneuf de Grasse<\/strong> &#8211;\u00a0Salle <strong>Plantier<\/strong> (parquet)<\/span><\/li>\n<li><span style=\"color: #000000;\"><strong>Roquefort-les-pins<\/strong> &#8211; Salle <strong>Charvet<\/strong> (tatamis)<\/span><\/li>\n<\/ul>\n<p>Voir les adresses exactes et la carte des lieux de pratique&nbsp;:\u00a0<a href=\"https:\/\/equilibreazur.fr\/azur\/plans-acces-cours-aikido\/\">Plans d&rsquo;acc\u00e8s aux cours<\/a><\/p>\n","protected":false},"excerpt":{"rendered":"<p>\u00a0Les pratiquants b\u00e9n\u00e9ficient de cours d&rsquo;AIKIDO\u00a0traditionnel, de YOGA et de QI-GONG les\u00a0midis et soirs ainsi que de stages r\u00e9guliers\u00a0tout au long de l&rsquo;ann\u00e9e. Planning hebdomadaire Voir le planning des cours sur les sites&#8230; \/1\/ WANOMICHI et AIKIDO Wanomichi Aikido (discipline &#8230; <a title=\"Cours Aikido \/ Yoga \/ Qi-Gong&nbsp;: Horaires&nbsp;et&nbsp;programmes\" class=\"read-more\" href=\"https:\/\/equilibreazur.fr\/azur\/cours-aikido-horaires\/\" aria-label=\"En savoir plus sur Cours Aikido \/ Yoga \/ Qi-Gong&nbsp;: Horaires&nbsp;et&nbsp;programmes\">Voir plus&#8230;<\/a><\/p>\n","protected":false},"author":2,"featured_media":7322,"parent":0,"menu_order":0,"comment_status":"open","ping_status":"open","template":"","meta":{"_acf_changed":false,"_seopress_robots_primary_cat":"","_seopress_titles_title":"","_seopress_titles_desc":"Tous les horaires des cours d&#039;Aikido, de Yoga et de QI-Gong dans les communes de Chateauneuf de Grasse, Roquefort les pins, Le Rouet, Opio","_seopress_robots_index":"","generate_page_header":"","footnotes":""},"class_list":{"0":"post-3936","1":"page","2":"type-page","3":"status-publish","4":"has-post-thumbnail","6":"infinite-scroll-item"},"acf":[],"_links":{"self":[{"href":"https:\/\/equilibreazur.fr\/azur\/wp-json\/wp\/v2\/pages\/3936","targetHints":{"allow":["GET"]}}],"collection":[{"href":"https:\/\/equilibreazur.fr\/azur\/wp-json\/wp\/v2\/pages"}],"about":[{"href":"https:\/\/equilibreazur.fr\/azur\/wp-json\/wp\/v2\/types\/page"}],"author":[{"embeddable":true,"href":"https:\/\/equilibreazur.fr\/azur\/wp-json\/wp\/v2\/users\/2"}],"replies":[{"embeddable":true,"href":"https:\/\/equilibreazur.fr\/azur\/wp-json\/wp\/v2\/comments?post=3936"}],"version-history":[{"count":6,"href":"https:\/\/equilibreazur.fr\/azur\/wp-json\/wp\/v2\/pages\/3936\/revisions"}],"predecessor-version":[{"id":8595,"href":"https:\/\/equilibreazur.fr\/azur\/wp-json\/wp\/v2\/pages\/3936\/revisions\/8595"}],"wp:featuredmedia":[{"embeddable":true,"href":"https:\/\/equilibreazur.fr\/azur\/wp-json\/wp\/v2\/media\/7322"}],"wp:attachment":[{"href":"https:\/\/equilibreazur.fr\/azur\/wp-json\/wp\/v2\/media?parent=3936"}],"curies":[{"name":"wp","href":"https:\/\/api.w.org\/{rel}","templated":true}]}}