{"id":3879,"date":"2012-02-11T17:16:09","date_gmt":"2012-02-11T17:16:09","guid":{"rendered":"https:\/\/equilibreazur.fr\/azur\/?page_id=3879"},"modified":"2017-09-02T13:39:13","modified_gmt":"2017-09-02T13:39:13","slug":"association-aikido-azur","status":"publish","type":"page","link":"https:\/\/equilibreazur.fr\/azur\/association-aikido-azur\/","title":{"rendered":"Aiki Dojo Azur<br \/>\u5408\u6c23 \u9053\u5834 \u30a2\u30ba\u2212\u30eb"},"content":{"rendered":"<p><img alt=\"\" loading=\"lazy\" decoding=\"async\" class=\"alignright size-full wp-image-4479\" title=\"aikido-saito-osensei-iwama\" src=\"https:\/\/equilibreazur.fr\/azur\/wp-content\/uploads\/2012\/02\/aikido-saito-osensei-iwama.jpg\" alt=\"\" width=\"250\" height=\"188\" srcset=\"https:\/\/equilibreazur.fr\/azur\/wp-content\/uploads\/2012\/02\/aikido-saito-osensei-iwama.jpg 250w, https:\/\/equilibreazur.fr\/azur\/wp-content\/uploads\/2012\/02\/aikido-saito-osensei-iwama-150x112.jpg 150w\" sizes=\"auto, (max-width: 250px) 100vw, 250px\" \/>Association de type loi 1901, cr\u00e9\u00e9e en 2002 sur la c\u00f4te d&rsquo;azur, <strong><span class=\"x\">AIKI DOJO AZUR<\/span><\/strong> a pour vocation l&rsquo;enseignement et la pratique de l<strong>&lsquo;Aikido traditionnel<\/strong> du <strong>Ma\u00eetre fondateur UESHIBA<\/strong><strong> Morihei <\/strong> tel qu&rsquo;il l&rsquo;\u00e9labora jusqu&rsquo;\u00e0 la fin de sa vie \u00e0 <strong>Iwama au Japon<\/strong>.<\/p>\n<p>L&rsquo;Aikido est un art martial pacifique efficace. Il s&rsquo;adresse \u00e0 tous, jeunes et adultes, hommes et femmes, de tous \u00e2ges.<\/p>\n<p>Le club d&rsquo;Aikido dispense des cours dans le 06 Alpes Maritimes &#8211; entre Nice et Cannes -, sur les communes suivantes&#8230; \u00e0 1\/4 d&rsquo;heure de Grasse et \u00e0 deux pas de Roquefort les pins, Opio, Le Rouret, Magagnosc&nbsp;:<\/p>\n<blockquote><p><span class=\"number\">1. <\/span><strong>SOPHIA-ANTIPOLIS \/ VALBONNE<\/strong><br \/>\n&#8211; cours en plein air (Parc de la Valmasque)<\/p>\n<p><span class=\"number\">2. <\/span><strong>CHATEAUNEUF de GRASSE <\/strong>\/ <strong>Le Rouret <\/strong>\/ <strong>Opio<\/strong><br \/>\n&#8211; Salle du Bois de Saint Jeaume au Gymnase du coll\u00e8ge,<br \/>\n&#8211; Salle MASET<\/p><\/blockquote>\n<p>L&rsquo;<strong>Aiki Dojo <\/strong>et son <strong><em>dojocho <\/em><\/strong>sont affili\u00e9s \u00e0&nbsp;:<\/p>\n<blockquote>\n<table style=\"width: 100%;\" border=\"0\" cellspacing=\"3\" cellpadding=\"0\">\n<tbody>\n<tr>\n<td style=\"width: 33%;\" valign=\"top\"><img loading=\"lazy\" decoding=\"async\" class=\"alignnone\" title=\"Iwama Ryu International Academy\" src=\"https:\/\/equilibreazur.fr\/azur\/images\/stories\/logo\/logo_DToutain-56.png\" alt=\"logo_DToutain-56\" width=\"56\" height=\"56\" \/><br \/>\n<strong>FAA Fundamental Aikido Association<\/strong><br \/>\nDaniel TOUTAIN Sensei<\/td>\n<td style=\"width: 33%;\" valign=\"top\"><img loading=\"lazy\" decoding=\"async\" class=\"alignnone\" style=\"border: 0px;\" title=\"Iwama Shin Shin Aiki Shuren Kai\" src=\"https:\/\/equilibreazur.fr\/azur\/images\/stories\/logo\/iwama-shin-shin-aikishuren56.gif\" alt=\"Iwama Shin Shin Aiki Shuren Kai\" width=\"56\" height=\"56\" border=\"0\" \/><br \/>\n<strong>Iwama Shin Shin Aiki Shurenkai<br \/>\n<\/strong>Dento Iwama Ryu France<br \/>\nSAITO Hitohiro Sensei<\/td>\n<td style=\"width: 34%;\" valign=\"top\"><img loading=\"lazy\" decoding=\"async\" class=\"alignnone size-full wp-image-6607\" src=\"https:\/\/equilibreazur.fr\/azur\/wp-content\/uploads\/2012\/02\/Logo-FFAB-56.png\" alt=\"Logo-FFAB-56\" width=\"56\" height=\"56\" \/><br \/>\n<strong>FFAB<\/strong><br \/>\nF\u00e9d\u00e9ration\u00a0Fran\u00e7aise d&rsquo;Aikido et de Budo<br \/>\nLigue\u00a0C\u00f4te d&rsquo;Azur<\/td>\n<\/tr>\n<\/tbody>\n<\/table>\n<\/blockquote>\n<p>Par ailleurs, l&rsquo;enseignant et des \u00e9l\u00e8ves du dojo poss\u00e8dent\u00a0\u00e9galement une licence <strong>FFAAA<\/strong>.<\/p>\n<p>Pour nous contacter &#8211; <em>English Spoken<\/em>&nbsp;:<\/p>\n<blockquote>\n<p style=\"font-size: large;\"><a href=\"mailto:azur@aikidojo.fr\">azur@aikidojo.fr<\/a><\/p>\n<p style=\"font-size: large;\">+33 (0)6.60.42.26.32<\/p>\n<\/blockquote>\n","protected":false},"excerpt":{"rendered":"<p>Association de type loi 1901, cr\u00e9\u00e9e en 2002 sur la c\u00f4te d&rsquo;azur, AIKI DOJO AZUR a pour vocation l&rsquo;enseignement et la pratique de l&lsquo;Aikido traditionnel du Ma\u00eetre fondateur UESHIBA Morihei tel qu&rsquo;il l&rsquo;\u00e9labora jusqu&rsquo;\u00e0 la fin de sa vie \u00e0 &#8230; <a title=\"Aiki Dojo Azur\u5408\u6c23 \u9053\u5834 \u30a2\u30ba\u2212\u30eb\" class=\"read-more\" href=\"https:\/\/equilibreazur.fr\/azur\/association-aikido-azur\/\" aria-label=\"En savoir plus sur Aiki Dojo Azur\u5408\u6c23 \u9053\u5834 \u30a2\u30ba\u2212\u30eb\">Voir plus&#8230;<\/a><\/p>\n","protected":false},"author":2,"featured_media":7322,"parent":0,"menu_order":0,"comment_status":"closed","ping_status":"open","template":"","meta":{"_acf_changed":false,"_seopress_robots_primary_cat":"","_seopress_titles_title":"","_seopress_titles_desc":"","_seopress_robots_index":"","generate_page_header":"","footnotes":""},"class_list":{"0":"post-3879","1":"page","2":"type-page","3":"status-publish","4":"has-post-thumbnail","6":"infinite-scroll-item"},"acf":[],"_links":{"self":[{"href":"https:\/\/equilibreazur.fr\/azur\/wp-json\/wp\/v2\/pages\/3879","targetHints":{"allow":["GET"]}}],"collection":[{"href":"https:\/\/equilibreazur.fr\/azur\/wp-json\/wp\/v2\/pages"}],"about":[{"href":"https:\/\/equilibreazur.fr\/azur\/wp-json\/wp\/v2\/types\/page"}],"author":[{"embeddable":true,"href":"https:\/\/equilibreazur.fr\/azur\/wp-json\/wp\/v2\/users\/2"}],"replies":[{"embeddable":true,"href":"https:\/\/equilibreazur.fr\/azur\/wp-json\/wp\/v2\/comments?post=3879"}],"version-history":[{"count":5,"href":"https:\/\/equilibreazur.fr\/azur\/wp-json\/wp\/v2\/pages\/3879\/revisions"}],"predecessor-version":[{"id":6630,"href":"https:\/\/equilibreazur.fr\/azur\/wp-json\/wp\/v2\/pages\/3879\/revisions\/6630"}],"wp:featuredmedia":[{"embeddable":true,"href":"https:\/\/equilibreazur.fr\/azur\/wp-json\/wp\/v2\/media\/7322"}],"wp:attachment":[{"href":"https:\/\/equilibreazur.fr\/azur\/wp-json\/wp\/v2\/media?parent=3879"}],"curies":[{"name":"wp","href":"https:\/\/api.w.org\/{rel}","templated":true}]}}